{"id":54,"date":"2022-07-27T14:40:50","date_gmt":"2022-07-27T12:40:50","guid":{"rendered":"https:\/\/15francoallemandeoccitanie.fr\/?page_id=54"},"modified":"2022-09-13T15:08:04","modified_gmt":"2022-09-13T13:08:04","slug":"deutsch-okzitanische-festwochen","status":"publish","type":"page","link":"https:\/\/15francoallemandeoccitanie.fr\/de\/deutsch-okzitanische-festwochen\/","title":{"rendered":"Deutsch-Okzitanische Festwochen"},"content":{"rendered":"\n\t<section class=\"section\" id=\"section_1214747645\">\n\t\t<div class=\"section-bg fill\" >\n\t\t\t\t\t\t\t\t\t\n\t\t\t\n\n\t\t<\/div>\n\n\t\t\n\n\t\t<div class=\"section-content relative\">\n\t\t\t\n<div class=\"row\"  id=\"row-1992644090\">\n\n\t<div id=\"col-1640766178\" class=\"col medium-5 small-12 large-5\"  >\n\t\t\t\t<div class=\"col-inner\"  >\n\t\t\t\n\t\t\t\n\t<div id=\"text-1612950277\" class=\"text\">\n\t\t\n<h1>Eine Freundschaft mit Zukunft<\/h1>\n\t\t\n<style>\n#text-1612950277 {\n  font-size: 1.7rem;\n  text-align: left;\n}\n<\/style>\n\t<\/div>\n\t\n\t\t<\/div>\n\t\t\t\t\n<style>\n#col-1640766178 > .col-inner {\n  padding: 100px 19px 0px 20px;\n}\n@media (min-width:550px) {\n  #col-1640766178 > .col-inner {\n    padding: 100px 0px 0px 0px;\n  }\n}\n<\/style>\n\t<\/div>\n\n\t\n<\/div>\n<div class=\"row\"  id=\"row-1241788499\">\n\n\t<div id=\"col-2032879848\" class=\"col medium-7 small-12 large-7\"  >\n\t\t\t\t<div class=\"col-inner text-left\"  >\n\t\t\t\n\t\t\t\n\t<div id=\"text-1443215255\" class=\"text\">\n\t\t\n<p>Die Konturen des Projekts der ersten Deutsch-Okzitanischen Festwochen wurden auf Initiative der Stiftung der Mediengruppe La D\u00e9p\u00eache, des deutschen Botschafters und der Pr\u00e4sidentin der Region Okzitanien\/Pyr\u00e9n\u00e9es-M\u00e9diterran\u00e9e im Februar 2017 gemeinsam umrissen. Jedes Jahr wird abwechselnd in Deutschland und Okzitanien ein Projektaufruf ver\u00f6ffentlicht, der sich sowohl an die B\u00fcrgerinnen und B\u00fcrger als auch an Vereine und lokale Gebietsk\u00f6rperschaften richtet.<\/p>\n<p>Vier Themenbereiche werden behandelt:<br \/>\n\t\t\n<style>\n#text-1443215255 {\n  text-align: left;\n}\n<\/style>\n\t<\/div>\n\t\n\t<div id=\"gap-1467600375\" class=\"gap-element clearfix\" style=\"display:block; height:auto;\">\n\t\t\n<style>\n#gap-1467600375 {\n  padding-top: 30px;\n}\n<\/style>\n\t<\/div>\n\t\n<div class=\"row\"  id=\"row-967798681\">\n\n\t<div id=\"col-370181614\" class=\"col medium-3 small-6 large-3\"  >\n\t\t\t\t<div class=\"col-inner text-center\"  >\n\t\t\t\n\t\t\t\n\t<div class=\"img has-hover x md-x lg-x y md-y lg-y\" id=\"image_555564878\">\n\t\t\t\t\t\t\t\t<div class=\"img-inner dark\" >\n\t\t\t<img loading=\"lazy\" decoding=\"async\" width=\"50\" height=\"50\" src=\"https:\/\/15francoallemandeoccitanie.fr\/wp-content\/uploads\/2022\/02\/ICONE_Citoyennete.svg\" class=\"attachment-large size-large\" alt=\"\" \/>\t\t\t\t\t\t\n\t\t\t\t\t<\/div>\n\t\t\t\t\t\t\t\t\n<style>\n#image_555564878 {\n  width: 50%;\n}\n<\/style>\n\t<\/div>\n\t\n\t<div id=\"text-385643445\" class=\"text\">\n\t\t\n<h3>B\u00fcrgerschaft<\/h3>\n\t\t\n<style>\n#text-385643445 {\n  color: rgb(0,0,0);\n}\n#text-385643445 > * {\n  color: rgb(0,0,0);\n}\n<\/style>\n\t<\/div>\n\t\n\t\t<\/div>\n\t\t\t\t\n<style>\n#col-370181614 > .col-inner {\n  border-radius: 10px;\n}\n<\/style>\n\t<\/div>\n\n\t\n\n\t<div id=\"col-1595191718\" class=\"col medium-3 small-6 large-3\"  >\n\t\t\t\t<div class=\"col-inner text-center\"  >\n\t\t\t\n\t\t\t\n\t<div class=\"img has-hover x md-x lg-x y md-y lg-y\" id=\"image_1124102844\">\n\t\t\t\t\t\t\t\t<div class=\"img-inner dark\" >\n\t\t\t<img loading=\"lazy\" decoding=\"async\" width=\"50\" height=\"50\" src=\"https:\/\/15francoallemandeoccitanie.fr\/wp-content\/uploads\/2022\/02\/ICONE_Education.svg\" class=\"attachment-large size-large\" alt=\"\" \/>\t\t\t\t\t\t\n\t\t\t\t\t<\/div>\n\t\t\t\t\t\t\t\t\n<style>\n#image_1124102844 {\n  width: 50%;\n}\n<\/style>\n\t<\/div>\n\t\n\t<div id=\"text-3289469713\" class=\"text\">\n\t\t\n<h3>Bildung<\/h3>\n\t\t\n<style>\n#text-3289469713 {\n  color: rgb(0,0,0);\n}\n#text-3289469713 > * {\n  color: rgb(0,0,0);\n}\n<\/style>\n\t<\/div>\n\t\n\t\t<\/div>\n\t\t\t\t\n<style>\n#col-1595191718 > .col-inner {\n  border-radius: 10px;\n}\n<\/style>\n\t<\/div>\n\n\t\n\n\t<div id=\"col-859382655\" class=\"col medium-3 small-6 large-3\"  >\n\t\t\t\t<div class=\"col-inner text-center\"  >\n\t\t\t\n\t\t\t\n\t<div class=\"img has-hover x md-x lg-x y md-y lg-y\" id=\"image_1511476052\">\n\t\t\t\t\t\t\t\t<div class=\"img-inner dark\" >\n\t\t\t<img loading=\"lazy\" decoding=\"async\" width=\"50\" height=\"50\" src=\"https:\/\/15francoallemandeoccitanie.fr\/wp-content\/uploads\/2022\/02\/ICONE_Culture.svg\" class=\"attachment-large size-large\" alt=\"\" \/>\t\t\t\t\t\t\n\t\t\t\t\t<\/div>\n\t\t\t\t\t\t\t\t\n<style>\n#image_1511476052 {\n  width: 50%;\n}\n<\/style>\n\t<\/div>\n\t\n\t<div id=\"text-354637666\" class=\"text\">\n\t\t\n<h3>Kultur<\/h3>\n\t\t\n<style>\n#text-354637666 {\n  color: rgb(0,0,0);\n}\n#text-354637666 > * {\n  color: rgb(0,0,0);\n}\n<\/style>\n\t<\/div>\n\t\n\t\t<\/div>\n\t\t\t\t\n<style>\n#col-859382655 > .col-inner {\n  border-radius: 10px;\n}\n<\/style>\n\t<\/div>\n\n\t\n\n\t<div id=\"col-222469009\" class=\"col medium-3 small-6 large-3\"  >\n\t\t\t\t<div class=\"col-inner text-center\"  >\n\t\t\t\n\t\t\t\n\t<div class=\"img has-hover x md-x lg-x y md-y lg-y\" id=\"image_2125507172\">\n\t\t\t\t\t\t\t\t<div class=\"img-inner dark\" >\n\t\t\t<img loading=\"lazy\" decoding=\"async\" width=\"50\" height=\"50\" src=\"https:\/\/15francoallemandeoccitanie.fr\/wp-content\/uploads\/2022\/02\/ICONE_Economie.svg\" class=\"attachment-large size-large\" alt=\"\" \/>\t\t\t\t\t\t\n\t\t\t\t\t<\/div>\n\t\t\t\t\t\t\t\t\n<style>\n#image_2125507172 {\n  width: 50%;\n}\n<\/style>\n\t<\/div>\n\t\n\t<div id=\"text-1284733866\" class=\"text\">\n\t\t\n<h3>Wirtschaft<\/h3>\n\t\t\n<style>\n#text-1284733866 {\n  color: rgb(0,0,0);\n}\n#text-1284733866 > * {\n  color: rgb(0,0,0);\n}\n<\/style>\n\t<\/div>\n\t\n\t\t<\/div>\n\t\t\t\t\t<\/div>\n\n\t\n<\/div>\n\t\t<\/div>\n\t\t\t\t\n<style>\n#col-2032879848 > .col-inner {\n  padding: 0px 20px 0px 20px;\n}\n@media (min-width:550px) {\n  #col-2032879848 > .col-inner {\n    padding: 0px 60px 0px 0px;\n  }\n}\n<\/style>\n\t<\/div>\n\n\t\n\n\t<div id=\"col-812274607\" class=\"col medium-4 small-12 large-4\"  >\n\t\t\t\t<div class=\"col-inner\"  >\n\t\t\t\n\t\t\t\n\t<div class=\"img has-hover x md-x lg-x y md-y lg-y\" id=\"image_935563995\">\n\t\t\t\t\t\t\t\t<div class=\"img-inner dark\" >\n\t\t\t<img loading=\"lazy\" decoding=\"async\" width=\"391\" height=\"524\" src=\"https:\/\/15francoallemandeoccitanie.fr\/wp-content\/uploads\/2022\/05\/ROLL-UP-QUINZAINE-FRANCO-ALLEMANDE1024_1-1.jpg\" class=\"attachment-large size-large\" alt=\"\" srcset=\"https:\/\/15francoallemandeoccitanie.fr\/wp-content\/uploads\/2022\/05\/ROLL-UP-QUINZAINE-FRANCO-ALLEMANDE1024_1-1.jpg 391w, https:\/\/15francoallemandeoccitanie.fr\/wp-content\/uploads\/2022\/05\/ROLL-UP-QUINZAINE-FRANCO-ALLEMANDE1024_1-1-224x300.jpg 224w\" sizes=\"auto, (max-width: 391px) 100vw, 391px\" \/>\t\t\t\t\t\t\n\t\t\t\t\t<\/div>\n\t\t\t\t\t\t\t\t\n<style>\n#image_935563995 {\n  width: 75%;\n}\n<\/style>\n\t<\/div>\n\t\n\t\t<\/div>\n\t\t\t\t\t<\/div>\n\n\t\n<\/div>\n\t\t<\/div>\n\n\t\t\n<style>\n#section_1214747645 {\n  padding-top: 30px;\n  padding-bottom: 30px;\n}\n<\/style>\n\t<\/section>\n\t\n\n\t<section class=\"section\" id=\"section_1986819381\">\n\t\t<div class=\"section-bg fill\" >\n\t\t\t\t\t\t\t\t\t\n\t\t\t\n\n\t\t<\/div>\n\n\t\t\n\n\t\t<div class=\"section-content relative\">\n\t\t\t\n<div class=\"row\"  id=\"row-1207401816\">\n\n\t<div id=\"col-1635065668\" class=\"col medium-7 small-12 large-7\"  >\n\t\t\t\t<div class=\"col-inner\"  >\n\t\t\t\n\t\t\t\n\t<div id=\"text-1220653538\" class=\"text\">\n\t\t\n<h2 class=\"uppercase\"><span style=\"font-size: 75%;\">DIE ORGANISATOREN<\/span><\/h2>\n\t\t\n<style>\n#text-1220653538 {\n  font-size: 0.75rem;\n  text-align: left;\n}\n<\/style>\n\t<\/div>\n\t\n\t<div id=\"text-3576670716\" class=\"text\">\n\t\t\n<h2>Vier bedeutende Akteure der Region haben zusammengefunden<\/h2>\n\t\t\n<style>\n#text-3576670716 {\n  font-size: 1.7rem;\n  text-align: left;\n}\n<\/style>\n\t<\/div>\n\t\n\t\t<\/div>\n\t\t\t\t\n<style>\n#col-1635065668 > .col-inner {\n  padding: 0px 20px 0px 20px;\n}\n<\/style>\n\t<\/div>\n\n\t\n<\/div>\n<div class=\"row\"  id=\"row-259657721\">\n\n\t<div id=\"col-2128492274\" class=\"col medium-3 small-12 large-3\"  >\n\t\t\t\t<div class=\"col-inner text-left\"  >\n\t\t\t\n\t\t\t\n\t<div class=\"img has-hover x md-x lg-x y md-y lg-y\" id=\"image_488891817\">\n\t\t\t\t\t\t\t\t<div class=\"img-inner dark\" style=\"margin:0px 0px 26px 0px;\">\n\t\t\t<img loading=\"lazy\" decoding=\"async\" width=\"800\" height=\"800\" src=\"https:\/\/15francoallemandeoccitanie.fr\/wp-content\/uploads\/2022\/02\/Logo_Occitanie_2017.svg\" class=\"attachment-large size-large\" alt=\"\" \/>\t\t\t\t\t\t\n\t\t\t\t\t<\/div>\n\t\t\t\t\t\t\t\t\n<style>\n#image_488891817 {\n  width: 32%;\n}\n<\/style>\n\t<\/div>\n\t\n<p><em>\u201eMit dieser in Frankreich noch nie dagewesenen Veranstaltung wollen wir zeigen, dass Europa nicht nur eine Realit\u00e4t, sondern vor allem eine Chance ist, insbesondere f\u00fcr junge Menschen \u2026 Die Zukunft Europas wird vor allem in den Regionen geschrieben und von der Energie der Menschen getragen, die dort leben, arbeiten und investieren. Mit diesen Festwochen bietet Okzitanien ein perfektes Beispiel f\u00fcr die deutsch-franz\u00f6sische Zusammenarbeit.\u201c <\/em><\/p>\n\t<div id=\"gap-1017115515\" class=\"gap-element clearfix\" style=\"display:block; height:auto;\">\n\t\t\n<style>\n#gap-1017115515 {\n  padding-top: 30px;\n}\n<\/style>\n\t<\/div>\n\t\n<div class=\"row\"  id=\"row-1206984731\">\n\n\t<div id=\"col-1430830136\" class=\"col medium-4 small-12 large-4\"  >\n\t\t\t\t<div class=\"col-inner\"  >\n\t\t\t\n\t\t\t\n\t<div class=\"img has-hover x md-x lg-x y md-y lg-y\" id=\"image_1603323746\">\n\t\t\t\t\t\t\t\t<div class=\"img-inner dark\" >\n\t\t\t<img loading=\"lazy\" decoding=\"async\" width=\"150\" height=\"150\" src=\"https:\/\/15francoallemandeoccitanie.fr\/wp-content\/uploads\/2022\/02\/rmp0088786-grollier-philippe-region-occitanie--150x150.jpg\" class=\"attachment-thumbnail size-thumbnail\" alt=\"\" \/>\t\t\t\t\t\t\n\t\t\t\t\t<\/div>\n\t\t\t\t\t\t\t\t\n<style>\n#image_1603323746 {\n  width: 100%;\n}\n<\/style>\n\t<\/div>\n\t\n\t\t<\/div>\n\t\t\t\t\t<\/div>\n\n\t\n\n\t<div id=\"col-729929901\" class=\"col medium-8 small-12 large-8\"  >\n\t\t\t\t<div class=\"col-inner\"  >\n\t\t\t\n\t\t\t\n\t<div id=\"text-2757300365\" class=\"text\">\n\t\t\n<p><strong>Carole DELGA<\/strong><\/p>\n<p>Pr\u00e4sidentin des Regionalrates von Okzitanien<br \/>\n\t\t\n<style>\n#text-2757300365 {\n  font-size: 0.75rem;\n}\n<\/style>\n\t<\/div>\n\t\n\t\t<\/div>\n\t\t\t\t\t<\/div>\n\n\t\n<\/div>\n\t\t<\/div>\n\t\t\t\t\n<style>\n#col-2128492274 > .col-inner {\n  padding: 0px 20px 0px 20px;\n}\n<\/style>\n\t<\/div>\n\n\t\n\n\t<div id=\"col-142286787\" class=\"col medium-3 small-12 large-3\"  >\n\t\t\t\t<div class=\"col-inner text-left\"  >\n\t\t\t\n\t\t\t\n\t<div class=\"img has-hover x md-x lg-x y md-y lg-y\" id=\"image_1142241230\">\n\t\t\t\t\t\t\t\t<div class=\"img-inner dark\" style=\"margin:0px 0px 25px 0px;\">\n\t\t\t<img loading=\"lazy\" decoding=\"async\" width=\"167\" height=\"53\" src=\"https:\/\/15francoallemandeoccitanie.fr\/wp-content\/uploads\/2022\/02\/LOGO_Ambassade-Allemagne.svg\" class=\"attachment-large size-large\" alt=\"\" \/>\t\t\t\t\t\t\n\t\t\t\t\t<\/div>\n\t\t\t\t\t\t\t\t\n<style>\n#image_1142241230 {\n  width: 100%;\n}\n<\/style>\n\t<\/div>\n\t\n<p><em>\u201eIch freue mich sehr \u00fcber die Fortsetzung dieser Projektreihe, die bereits zu zahlreichen kulturellen, wirtschaftlichen und bildungspolitischen Veranstaltungen gef\u00fchrt hat und auf gro\u00dfen Erfolg gesto\u00dfen ist. Die Vielfalt der vorgestellten Initiativen bietet eine einzigartige Gelegenheit, sich ein Bild von dem Potenzial zu machen, das die Zusammenarbeit zwischen deutschen und franz\u00f6sischen Akteuren auf allen Ebenen birgt. Auf diese Weise k\u00f6nnen wertvolle, langfristig angelegte Partnerschaften entstehen, die dem Vertrag von Aachen Gestalt verleihen.\u201c<\/em><\/p>\n\t<div id=\"gap-776354263\" class=\"gap-element clearfix\" style=\"display:block; height:auto;\">\n\t\t\n<style>\n#gap-776354263 {\n  padding-top: 30px;\n}\n<\/style>\n\t<\/div>\n\t\n<div class=\"row\"  id=\"row-2129924089\">\n\n\t<div id=\"col-1616073168\" class=\"col medium-4 small-12 large-4\"  >\n\t\t\t\t<div class=\"col-inner\"  >\n\t\t\t\n\t\t\t\n\t<div class=\"img has-hover x md-x lg-x y md-y lg-y\" id=\"image_538120250\">\n\t\t\t\t\t\t\t\t<div class=\"img-inner dark\" >\n\t\t\t<img loading=\"lazy\" decoding=\"async\" width=\"150\" height=\"150\" src=\"https:\/\/15francoallemandeoccitanie.fr\/wp-content\/uploads\/2022\/02\/hans-dieter-lukas-150x150.jpg\" class=\"attachment-thumbnail size-thumbnail\" alt=\"\" \/>\t\t\t\t\t\t\n\t\t\t\t\t<\/div>\n\t\t\t\t\t\t\t\t\n<style>\n#image_538120250 {\n  width: 100%;\n}\n<\/style>\n\t<\/div>\n\t\n\t\t<\/div>\n\t\t\t\t\t<\/div>\n\n\t\n\n\t<div id=\"col-1418820695\" class=\"col medium-8 small-12 large-8\"  >\n\t\t\t\t<div class=\"col-inner\"  >\n\t\t\t\n\t\t\t\n\t<div id=\"text-2525584233\" class=\"text\">\n\t\t\n<p><strong>Dr. Hans-Dieter LUCAS<\/strong><\/p>\n<p>Deutscher Botschafter in Frankreich<br \/>\n\t\t\n<style>\n#text-2525584233 {\n  font-size: 0.75rem;\n}\n<\/style>\n\t<\/div>\n\t\n\t\t<\/div>\n\t\t\t\t\t<\/div>\n\n\t\n<\/div>\n\t\t<\/div>\n\t\t\t\t\n<style>\n#col-142286787 > .col-inner {\n  padding: 0px 20px 0px 20px;\n}\n<\/style>\n\t<\/div>\n\n\t\n\n\t<div id=\"col-1372910821\" class=\"col medium-3 small-12 large-3\"  >\n\t\t\t\t<div class=\"col-inner text-left\"  >\n\t\t\t\n\t\t\t\n\t<div class=\"img has-hover x md-x lg-x y md-y lg-y\" id=\"image_1951788936\">\n\t\t\t\t\t\t\t\t<div class=\"img-inner dark\" style=\"margin:0px 0px 25px 0px;\">\n\t\t\t<img loading=\"lazy\" decoding=\"async\" width=\"214\" height=\"110\" src=\"https:\/\/15francoallemandeoccitanie.fr\/wp-content\/uploads\/2022\/02\/LOGO_Fondation-Groupe-depeche.svg\" class=\"attachment-large size-large\" alt=\"\" \/>\t\t\t\t\t\t\n\t\t\t\t\t<\/div>\n\t\t\t\t\t\t\t\t\n<style>\n#image_1951788936 {\n  width: 61%;\n}\n<\/style>\n\t<\/div>\n\t\n<p><em>\u201eIn unserem Austausch finde ich die Grundwerte unserer Zeitung wieder: Humanismus, gesellschaftliche Verantwortung und Offenheit gegen\u00fcber anderen Kulturen [&#8230;] Es ist Aufgabe jeder B\u00fcrgerin und jedes B\u00fcrgers, Europa aufzubauen. Europa sch\u00fctzt uns und erm\u00f6glicht uns, in Frieden zu leben. Wir schulden es unseren Kindern und auch wenn Europa derzeit von vielen Unruhen ersch\u00fcttert wird, ist diese Gemeinschaft eine der sch\u00f6nsten und gro\u00dfartigsten Ideen des 20. Jahrhunderts&#8220;<\/em><\/p>\n\t<div id=\"gap-647071235\" class=\"gap-element clearfix\" style=\"display:block; height:auto;\">\n\t\t\n<style>\n#gap-647071235 {\n  padding-top: 30px;\n}\n<\/style>\n\t<\/div>\n\t\n<div class=\"row\"  id=\"row-230125100\">\n\n\t<div id=\"col-893414735\" class=\"col medium-4 small-12 large-4\"  >\n\t\t\t\t<div class=\"col-inner\"  >\n\t\t\t\n\t\t\t\n\t<div class=\"img has-hover x md-x lg-x y md-y lg-y\" id=\"image_232958182\">\n\t\t\t\t\t\t\t\t<div class=\"img-inner dark\" >\n\t\t\t<img loading=\"lazy\" decoding=\"async\" width=\"150\" height=\"150\" src=\"https:\/\/15francoallemandeoccitanie.fr\/wp-content\/uploads\/2022\/02\/photo-mfmb4-150x150.jpg\" class=\"attachment-thumbnail size-thumbnail\" alt=\"\" \/>\t\t\t\t\t\t\n\t\t\t\t\t<\/div>\n\t\t\t\t\t\t\t\t\n<style>\n#image_232958182 {\n  width: 100%;\n}\n<\/style>\n\t<\/div>\n\t\n\t\t<\/div>\n\t\t\t\t\t<\/div>\n\n\t\n\n\t<div id=\"col-853031430\" class=\"col medium-8 small-12 large-8\"  >\n\t\t\t\t<div class=\"col-inner\"  >\n\t\t\t\n\t\t\t\n\t<div id=\"text-3458932725\" class=\"text\">\n\t\t\n<p><strong>Marie-France MARCHAND-BAYLET<\/strong><\/p>\n<p>Vorsitzende der Stiftung der Mediengruppe La D\u00e9p\u00e8che<br \/>\n\t\t\n<style>\n#text-3458932725 {\n  font-size: 0.75rem;\n}\n<\/style>\n\t<\/div>\n\t\n\t\t<\/div>\n\t\t\t\t\t<\/div>\n\n\t\n<\/div>\n\t\t<\/div>\n\t\t\t\t\n<style>\n#col-1372910821 > .col-inner {\n  padding: 0px 20px 0px 20px;\n}\n<\/style>\n\t<\/div>\n\n\t\n\n\t<div id=\"col-1303054393\" class=\"col medium-3 small-12 large-3\"  >\n\t\t\t\t<div class=\"col-inner text-left\"  >\n\t\t\t\n\t\t\t\n\t<div class=\"img has-hover x md-x lg-x y md-y lg-y\" id=\"image_1787251096\">\n\t\t\t\t\t\t\t\t<div class=\"img-inner dark\" style=\"margin:0px 0px 35px 0px;\">\n\t\t\t<img loading=\"lazy\" decoding=\"async\" width=\"255\" height=\"74\" src=\"https:\/\/15francoallemandeoccitanie.fr\/wp-content\/uploads\/2022\/03\/LOGO_Allemagne-Occitanie.svg\" class=\"attachment-large size-large\" alt=\"\" \/>\t\t\t\t\t\t\n\t\t\t\t\t<\/div>\n\t\t\t\t\t\t\t\t\n<style>\n#image_1787251096 {\n  width: 94%;\n}\n<\/style>\n\t<\/div>\n\t\n<p><em>\u201eDas Wunder der deutsch-franz\u00f6sischen Beziehungen besteht darin, dass wir aus manchmal tiefgreifenden Meinungsverschiedenheiten nach einer Phase der fruchtbaren Auseinandersetzung immer einen Kompromiss finden. [\u2026] Angesichts der Solidarit\u00e4t, die unsere beiden L\u00e4nder w\u00e4hrend dieser schmerzhaften Zeit an den Tag legten, waren wir es uns schuldig, das Feld nicht dem Schicksal zu \u00fcberlassen. Es war f\u00fcr alle Partner eine Selbstverst\u00e4ndlichkeit, den Deutsch-Okzitanischen Festwochen neues Leben einzuhauchen, sobald dies wieder m\u00f6glich wurde.\u201c<\/em><\/p>\n\t<div id=\"gap-28968439\" class=\"gap-element clearfix\" style=\"display:block; height:auto;\">\n\t\t\n<style>\n#gap-28968439 {\n  padding-top: 30px;\n}\n<\/style>\n\t<\/div>\n\t\n<div class=\"row\"  id=\"row-1704613393\">\n\n\t<div id=\"col-730576787\" class=\"col medium-4 small-12 large-4\"  >\n\t\t\t\t<div class=\"col-inner\"  >\n\t\t\t\n\t\t\t\n\t<div class=\"img has-hover x md-x lg-x y md-y lg-y\" id=\"image_1140195366\">\n\t\t\t\t\t\t\t\t<div class=\"img-inner dark\" >\n\t\t\t<img loading=\"lazy\" decoding=\"async\" width=\"150\" height=\"150\" src=\"https:\/\/15francoallemandeoccitanie.fr\/wp-content\/uploads\/2022\/02\/photo-m-jarry-1-150x150.jpg\" class=\"attachment-thumbnail size-thumbnail\" alt=\"\" srcset=\"https:\/\/15francoallemandeoccitanie.fr\/wp-content\/uploads\/2022\/02\/photo-m-jarry-1-150x150.jpg 150w, https:\/\/15francoallemandeoccitanie.fr\/wp-content\/uploads\/2022\/02\/photo-m-jarry-1.jpg 254w\" sizes=\"auto, (max-width: 150px) 100vw, 150px\" \/>\t\t\t\t\t\t\n\t\t\t\t\t<\/div>\n\t\t\t\t\t\t\t\t\n<style>\n#image_1140195366 {\n  width: 100%;\n}\n<\/style>\n\t<\/div>\n\t\n\t\t<\/div>\n\t\t\t\t\t<\/div>\n\n\t\n\n\t<div id=\"col-1094568461\" class=\"col medium-8 small-12 large-8\"  >\n\t\t\t\t<div class=\"col-inner\"  >\n\t\t\t\n\t\t\t\n\t<div id=\"text-2492627025\" class=\"text\">\n\t\t\n<p><strong>Richard JARRY<\/strong><\/p>\n<p>Vorsitzender des Vereins Allemagne-Occitanie l\u2019Europe au Coeur<br \/>\n\t\t\n<style>\n#text-2492627025 {\n  font-size: 0.75rem;\n}\n<\/style>\n\t<\/div>\n\t\n\t\t<\/div>\n\t\t\t\t\t<\/div>\n\n\t\n<\/div>\n\t\t<\/div>\n\t\t\t\t\n<style>\n#col-1303054393 > .col-inner {\n  padding: 0px 20px 0px 20px;\n}\n<\/style>\n\t<\/div>\n\n\t\n<\/div>\n\t\t<\/div>\n\n\t\t\n<style>\n#section_1986819381 {\n  padding-top: 110px;\n  padding-bottom: 110px;\n}\n<\/style>\n\t<\/section>\n\t\n\n\t<section class=\"section dark\" id=\"section_1748552060\">\n\t\t<div class=\"section-bg fill\" >\n\t\t\t\t\t\t\t\t\t\n\t\t\t\n\n\t\t<\/div>\n\n\t\t\n\n\t\t<div class=\"section-content relative\">\n\t\t\t\n<div class=\"row row-collapse row-full-width align-middle\"  id=\"row-832593156\">\n\n\t<div id=\"col-1297236738\" class=\"col medium-6 small-12 large-6\"  >\n\t\t\t\t<div class=\"col-inner\"  >\n\t\t\t\n\t\t\t\n<div class=\"slider-wrapper relative\" id=\"slider-580890573\" >\n    <div class=\"slider slider-nav-simple slider-nav-normal slider-nav-light slider-nav-outside slider-style-normal\"\n        data-flickity-options='{\n            \"cellAlign\": \"center\",\n            \"imagesLoaded\": true,\n            \"lazyLoad\": 1,\n            \"freeScroll\": false,\n            \"wrapAround\": true,\n            \"autoPlay\": 4000,\n            \"pauseAutoPlayOnHover\" : true,\n            \"prevNextButtons\": true,\n            \"contain\" : true,\n            \"adaptiveHeight\" : true,\n            \"dragThreshold\" : 10,\n            \"percentPosition\": true,\n            \"pageDots\": false,\n            \"rightToLeft\": false,\n            \"draggable\": true,\n            \"selectedAttraction\": 0.1,\n            \"parallax\" : 0,\n            \"friction\": 0.6        }'\n        >\n        \n\n  <div class=\"banner has-hover has-parallax\" id=\"banner-1779437067\">\n          <div class=\"banner-inner fill\">\n        <div class=\"banner-bg fill\" data-parallax=\"-2\" data-parallax-container=\".banner\" data-parallax-background>\n            <img loading=\"lazy\" decoding=\"async\" width=\"800\" height=\"600\" src=\"https:\/\/15francoallemandeoccitanie.fr\/wp-content\/uploads\/2022\/03\/Nadia-Pellfigues-cloture.jpg\" class=\"bg attachment-large size-large\" alt=\"\" \/>                                    \n                    <\/div>\n\t\t\n        <div class=\"banner-layers container\">\n            <div class=\"fill banner-link\"><\/div>            \n   <div id=\"text-box-1613628441\" class=\"text-box banner-layer x50 md-x50 lg-x50 y50 md-y50 lg-y50 res-text\">\n                                <div class=\"text-box-content text dark\">\n              \n              <div class=\"text-inner text-center\">\n                  \n              <\/div>\n           <\/div>\n                            \n<style>\n#text-box-1613628441 {\n  width: 60%;\n}\n#text-box-1613628441 .text-box-content {\n  font-size: 100%;\n}\n<\/style>\n    <\/div>\n \n        <\/div>\n      <\/div>\n\n            \n<style>\n#banner-1779437067 {\n  padding-top: 278px;\n}\n@media (min-width:550px) {\n  #banner-1779437067 {\n    padding-top: 600px;\n  }\n}\n<\/style>\n  <\/div>\n\n\n\n  <div class=\"banner has-hover has-parallax\" id=\"banner-1125898006\">\n          <div class=\"banner-inner fill\">\n        <div class=\"banner-bg fill\" data-parallax=\"-2\" data-parallax-container=\".banner\" data-parallax-background>\n            <img loading=\"lazy\" decoding=\"async\" width=\"800\" height=\"600\" src=\"https:\/\/15francoallemandeoccitanie.fr\/wp-content\/uploads\/2022\/02\/Clo\u0302ture-Toulouse-mairie.jpg\" class=\"bg attachment-large size-large\" alt=\"\" \/>                                    \n                    <\/div>\n\t\t\n        <div class=\"banner-layers container\">\n            <div class=\"fill banner-link\"><\/div>            \n   <div id=\"text-box-1046466687\" class=\"text-box banner-layer x50 md-x50 lg-x50 y50 md-y50 lg-y50 res-text\">\n                                <div class=\"text-box-content text dark\">\n              \n              <div class=\"text-inner text-center\">\n                  \n              <\/div>\n           <\/div>\n                            \n<style>\n#text-box-1046466687 {\n  width: 60%;\n}\n#text-box-1046466687 .text-box-content {\n  font-size: 100%;\n}\n<\/style>\n    <\/div>\n \n        <\/div>\n      <\/div>\n\n            \n<style>\n#banner-1125898006 {\n  padding-top: 600px;\n}\n<\/style>\n  <\/div>\n\n\n\n  <div class=\"banner has-hover has-parallax\" id=\"banner-907949798\">\n          <div class=\"banner-inner fill\">\n        <div class=\"banner-bg fill\" data-parallax=\"-2\" data-parallax-container=\".banner\" data-parallax-background>\n            <img loading=\"lazy\" decoding=\"async\" width=\"768\" height=\"1024\" src=\"https:\/\/15francoallemandeoccitanie.fr\/wp-content\/uploads\/2022\/05\/15aine-768x1024.jpg\" class=\"bg attachment-large size-large\" alt=\"\" \/>                                    \n                    <\/div>\n\t\t\n        <div class=\"banner-layers container\">\n            <div class=\"fill banner-link\"><\/div>            \n   <div id=\"text-box-1724159647\" class=\"text-box banner-layer x50 md-x50 lg-x50 y50 md-y50 lg-y50 res-text\">\n                                <div class=\"text-box-content text dark\">\n              \n              <div class=\"text-inner text-center\">\n                  \n              <\/div>\n           <\/div>\n                            \n<style>\n#text-box-1724159647 {\n  width: 60%;\n}\n#text-box-1724159647 .text-box-content {\n  font-size: 100%;\n}\n<\/style>\n    <\/div>\n \n        <\/div>\n      <\/div>\n\n            \n<style>\n#banner-907949798 {\n  padding-top: 600px;\n}\n<\/style>\n  <\/div>\n\n\n\n  <div class=\"banner has-hover has-parallax\" id=\"banner-734730369\">\n          <div class=\"banner-inner fill\">\n        <div class=\"banner-bg fill\" data-parallax=\"-2\" data-parallax-container=\".banner\" data-parallax-background>\n            <img loading=\"lazy\" decoding=\"async\" width=\"768\" height=\"1024\" src=\"https:\/\/15francoallemandeoccitanie.fr\/wp-content\/uploads\/2022\/05\/inauguration-maison-de-lEurope-1-768x1024.jpg\" class=\"bg attachment-large size-large\" alt=\"\" \/>                                    \n                    <\/div>\n\t\t\n        <div class=\"banner-layers container\">\n            <div class=\"fill banner-link\"><\/div>            \n   <div id=\"text-box-1809762624\" class=\"text-box banner-layer x50 md-x50 lg-x50 y50 md-y50 lg-y50 res-text\">\n                                <div class=\"text-box-content text dark\">\n              \n              <div class=\"text-inner text-center\">\n                  \n              <\/div>\n           <\/div>\n                            \n<style>\n#text-box-1809762624 {\n  width: 60%;\n}\n#text-box-1809762624 .text-box-content {\n  font-size: 100%;\n}\n<\/style>\n    <\/div>\n \n        <\/div>\n      <\/div>\n\n            \n<style>\n#banner-734730369 {\n  padding-top: 600px;\n}\n<\/style>\n  <\/div>\n\n\n     <\/div>\n\n     <div class=\"loading-spin dark large centered\"><\/div>\n\n\t<\/div>\n\n\n\t\t<\/div>\n\t\t\t\t\n<style>\n#col-1297236738 > .col-inner {\n  padding: 0px 0 0px 0px;\n  margin: 0px 0px 0 0px;\n}\n@media (min-width:550px) {\n  #col-1297236738 > .col-inner {\n    padding: 0px 100px 0px 0px;\n  }\n}\n<\/style>\n\t<\/div>\n\n\t\n\n\t<div id=\"col-1607744769\" class=\"col medium-6 small-12 large-6\"  >\n\t\t\t\t<div class=\"col-inner text-left\"  >\n\t\t\t\n\t\t\t\n\t<div id=\"text-4105707133\" class=\"text\">\n\t\t\n<h2 class=\"uppercase\"><span style=\"font-size: 75%;\">EIN WILLE ZUR AUFGESCHLOSSENHEIT<\/span><\/h2>\n\t\t\n<style>\n#text-4105707133 {\n  font-size: 0.75rem;\n  text-align: left;\n}\n<\/style>\n\t<\/div>\n\t\n\t<div id=\"text-2876964546\" class=\"text\">\n\t\t\n<h3>Europa \u2013 in Okzitanien eine lebendige Realit\u00e4t<\/h3>\n\t\t\n<style>\n#text-2876964546 {\n  font-size: 1.7rem;\n  text-align: left;\n}\n<\/style>\n\t<\/div>\n\t\n<p>Wir sind tief davon \u00fcberzeugt, den Aufbau Europas durch dieses einzigartige Beispiel der dezentralisierten Zusammenarbeit zwischen einer europ\u00e4ischen Region und einem Staat vorantreiben zu k\u00f6nnen. Unsere Arbeit zielt darauf ab, die bilateralen Beziehungen sowie die Herausforderungen, vor denen Europa steht, in den Vordergrund zu stellen.<\/p>\n<p>Die Tatsache, dass wir die Deutsch-Okzitanischen Festwochen in einem regionalen Rahmen veranstalten, zeigt unser Bestreben, diese Freundschaft so b\u00fcrgernah wie m\u00f6glich umzusetzen.<\/p>\n\t\t<\/div>\n\t\t\t\t\n<style>\n#col-1607744769 > .col-inner {\n  padding: 34px 35px 0px 35px;\n  margin: 0px 0px 0 0px;\n}\n@media (min-width:550px) {\n  #col-1607744769 > .col-inner {\n    padding: 0 100px 0px 0px;\n  }\n}\n<\/style>\n\t<\/div>\n\n\t\n<\/div>\n\t\t<\/div>\n\n\t\t\n<style>\n#section_1748552060 {\n  padding-top: 0px;\n  padding-bottom: 0px;\n  background-color: #c90c0f;\n}\n<\/style>\n\t<\/section>\n\t\n\n\t<section class=\"section\" id=\"section_845386329\">\n\t\t<div class=\"section-bg fill\" >\n\t\t\t\t\t\t\t\t\t\n\t\t\t\n\n\t\t<\/div>\n\n\t\t\n\n\t\t<div class=\"section-content relative\">\n\t\t\t\n<div class=\"row\"  id=\"row-1453021608\">\n\n\t<div id=\"col-2082416654\" class=\"col medium-6 small-12 large-6\"  >\n\t\t\t\t<div class=\"col-inner\"  >\n\t\t\t\n\t\t\t\n\t<div class=\"img has-hover x md-x lg-x y md-y lg-y\" id=\"image_1843443231\">\n\t\t\t\t\t\t\t\t<div class=\"img-inner dark\" style=\"margin:0px 0px 0px 24px;\">\n\t\t\t<img loading=\"lazy\" decoding=\"async\" width=\"600\" height=\"681\" src=\"https:\/\/15francoallemandeoccitanie.fr\/wp-content\/uploads\/2022\/09\/AM-Descotes.jpg\" class=\"attachment-large size-large\" alt=\"\" srcset=\"https:\/\/15francoallemandeoccitanie.fr\/wp-content\/uploads\/2022\/09\/AM-Descotes.jpg 600w, https:\/\/15francoallemandeoccitanie.fr\/wp-content\/uploads\/2022\/09\/AM-Descotes-264x300.jpg 264w\" sizes=\"auto, (max-width: 600px) 100vw, 600px\" \/>\t\t\t\t\t\t\n\t\t\t\t\t<\/div>\n\t\t\t\t\t\t\t\t\n<style>\n#image_1843443231 {\n  width: 50%;\n}\n<\/style>\n\t<\/div>\n\t\n\t<div class=\"img has-hover x md-x lg-x y md-y lg-y\" id=\"image_1582932692\">\n\t\t\t\t\t\t\t\t<div class=\"img-inner dark\" style=\"margin:-74px 0px 0px 0px;\">\n\t\t\t<img loading=\"lazy\" decoding=\"async\" width=\"36\" height=\"43\" src=\"https:\/\/15francoallemandeoccitanie.fr\/wp-content\/uploads\/2022\/03\/ICON_quote-1.svg\" class=\"attachment-large size-large\" alt=\"\" \/>\t\t\t\t\t\t\n\t\t\t\t\t<\/div>\n\t\t\t\t\t\t\t\t\n<style>\n#image_1582932692 {\n  width: 10%;\n}\n<\/style>\n\t<\/div>\n\t\n<p><em>La Quinzaine franco-allemande d\u2019Occitanie, c\u2019est depuis cinq ans l\u2019histoire d\u2019un succ\u00e8s. La Quinzaine mobilise les acteurs institutionnels, les forces vives et la soci\u00e9t\u00e9 civile de toute une r\u00e9gion riche et dynamique autour d\u2019un projet ambitieux et coh\u00e9rent. Elle consolide les partenariats historiques et cr\u00e9e de nouveaux rapprochements entre la France et l\u2019Allemagne, dans des domaines novateurs et particuli\u00e8rement pertinents pour l\u2019avenir.<\/em><\/p>\n<p><em><br \/>\nJe salue l\u2019action d\u00e9termin\u00e9e de la R\u00e9gion Occitanie, du groupe La D\u00e9p\u00eache, de l\u2019association Allemagne-Occitanie et de toutes les parties prenantes, qui a permis \u00e0 la Quinzaine de s\u2019\u00e9tablir comme un rendez-vous attendu en Allemagne en mati\u00e8re \u00e9conomique, en mati\u00e8re culturelle, et d\u2019\u00e9ducation et de citoyennet\u00e9. C\u2019est une occasion d\u2019explorer de nouveaux territoires, d\u2019ouvrir de nouvelles portes et de mieux faire conna\u00eetre les atouts de la France et de l\u2019Allemagne afin de r\u00e9pondre ensemble aux grands d\u00e9fis du moment.<\/em><\/p>\n<p><em><br \/>\nCar l\u2019ampleur des d\u00e9fis, en mati\u00e8re climatique, \u00e9conomique, \u00e9nergique et sociale est telle que les synergies franco-allemandes sont indispensables. C\u2019est par la coop\u00e9ration que nos deux pays trouveront des solutions d\u2019avenir. Et ces solutions passent souvent par des projets concrets port\u00e9s par les acteurs du terrain, au sein des territoires. C\u2019est toute la d\u00e9marche de la Quinzaine.<br \/>\nL\u2019ambassade de France \u00e0 Berlin accompagne r\u00e9solument la Quinzaine depuis sa premi\u00e8re \u00e9dition et la voit grandir avec satisfaction. Le 17 novembre, nous en accueillerons \u00e0 nouveau l\u2019\u00e9v\u00e9nement de lancement et nous continuerons \u00e0 \u00eatre \u00e0 ses c\u00f4t\u00e9s pour d\u00e9fricher de nouveaux champs de coop\u00e9ration. A toutes et tous, je souhaite une excellente \u00e9dition 2022.<br \/>\n<\/em><\/p>\n<p style=\"text-align: right;\"><span data-text-color=\"primary\"><strong>Anne-Marie DESC\u00d4TES<br \/>\n<\/strong><\/span><br \/>\n<strong>Ambassadrice de France \u00e0 Berlin<br \/>\n<\/strong><\/p>\n\t\t<\/div>\n\t\t\t\t\n<style>\n#col-2082416654 > .col-inner {\n  padding: 52px 20px 40px 20px;\n}\n@media (min-width:550px) {\n  #col-2082416654 > .col-inner {\n    padding: 97px 0px 42px 0px;\n  }\n}\n<\/style>\n\t<\/div>\n\n\t\n\n\t<div id=\"col-1700298461\" class=\"col medium-6 small-12 large-6\"  >\n\t\t\t\t<div class=\"col-inner\"  >\n\t\t\t\n\t\t\t\n\t<div class=\"img has-hover x md-x lg-x y md-y lg-y\" id=\"image_250246234\">\n\t\t\t\t\t\t\t\t<div class=\"img-inner dark\" style=\"margin:0px 0px 0px 24px;\">\n\t\t\t<img loading=\"lazy\" decoding=\"async\" width=\"600\" height=\"681\" src=\"https:\/\/15francoallemandeoccitanie.fr\/wp-content\/uploads\/2022\/09\/Hans-Dieter-Lucas.jpg\" class=\"attachment-large size-large\" alt=\"\" srcset=\"https:\/\/15francoallemandeoccitanie.fr\/wp-content\/uploads\/2022\/09\/Hans-Dieter-Lucas.jpg 600w, https:\/\/15francoallemandeoccitanie.fr\/wp-content\/uploads\/2022\/09\/Hans-Dieter-Lucas-264x300.jpg 264w\" sizes=\"auto, (max-width: 600px) 100vw, 600px\" \/>\t\t\t\t\t\t\n\t\t\t\t\t<\/div>\n\t\t\t\t\t\t\t\t\n<style>\n#image_250246234 {\n  width: 50%;\n}\n<\/style>\n\t<\/div>\n\t\n\t<div class=\"img has-hover x md-x lg-x y md-y lg-y\" id=\"image_294385771\">\n\t\t\t\t\t\t\t\t<div class=\"img-inner dark\" style=\"margin:-74px 0px 0px 0px;\">\n\t\t\t<img loading=\"lazy\" decoding=\"async\" width=\"36\" height=\"43\" src=\"https:\/\/15francoallemandeoccitanie.fr\/wp-content\/uploads\/2022\/03\/ICON_quote-1.svg\" class=\"attachment-large size-large\" alt=\"\" \/>\t\t\t\t\t\t\n\t\t\t\t\t<\/div>\n\t\t\t\t\t\t\t\t\n<style>\n#image_294385771 {\n  width: 10%;\n}\n<\/style>\n\t<\/div>\n\t\n<p><em>Wir freuen uns sehr, dass die Deutsche Botschaft in Paris mit Unterst\u00fctzung des Ausw\u00e4rtigen Amtes Teil des Gemeinschaftsprojekts \u201eDeutsch-Okzitanische Festwochen\u201c ist, und danken unseren franz\u00f6sischen Partnern in der Region Okzitanien\/Pyr\u00e9n\u00e9es-M\u00e9diterran\u00e9e f\u00fcr diesen wertvollen Beitrag zur Vertiefung der deutsch-franz\u00f6sischen Beziehungen.<\/p>\n<p>Initiativen wie die Deutsch-Okzitanischen Festwochen sind unerl\u00e4sslich, um den Austausch zwischen Frankreich und Deutschland zu f\u00f6rdern und die Vielzahl der existierenden deutsch-franz\u00f6sischen Projekte widerzuspiegeln, insbesondere in einer Region, die nicht an den Landesgrenzen liegt.<\/p>\n<p>Dank der ausgesprochen b\u00fcrgernahen Organisation in Verbindung mit dem einzigartig breit gef\u00e4cherten Veranstaltungsprogramm k\u00f6nnen neue Perspektiven er\u00f6ffnet und das Potenzial aufgezeigt bzw. gest\u00e4rkt werden, welches auf allen Ebenen in der Zusammenarbeit zwischen deutschen und franz\u00f6sischen Akteuren steckt.<\/p>\n<p>Wir freuen uns darauf, auch an den kommenden Wochen der deutsch-franz\u00f6sischen Freundschaft teilzunehmen und sie mit Hilfe zahlreicher deutscher Kultureinrichtungen weiterhin zu unterst\u00fctzen.<\/em><\/p>\n<p style=\"text-align: right;\"><span data-text-color=\"primary\"><strong>Hans Dieter-Lucas<\/strong><\/span><br \/>\n<strong>Ambassadeur d\u2019Allemagne<\/strong><\/p>\n\t\t<\/div>\n\t\t\t\t\n<style>\n#col-1700298461 > .col-inner {\n  padding: 52px 20px 40px 20px;\n}\n@media (min-width:550px) {\n  #col-1700298461 > .col-inner {\n    padding: 97px 0px 42px 0;\n  }\n}\n<\/style>\n\t<\/div>\n\n\t\n<\/div>\n\t\t<\/div>\n\n\t\t\n<style>\n#section_845386329 {\n  padding-top: 0px;\n  padding-bottom: 0px;\n}\n<\/style>\n\t<\/section>\n\t\n\n\t<section class=\"section\" id=\"section_280054932\">\n\t\t<div class=\"section-bg fill\" >\n\t\t\t<img loading=\"lazy\" decoding=\"async\" width=\"1612\" height=\"3541\" src=\"https:\/\/15francoallemandeoccitanie.fr\/wp-content\/uploads\/2022\/02\/BG_Histoire-quinzaine-franco-allemande-1.svg\" class=\"bg attachment- size-\" alt=\"\" \/>\t\t\t\t\t\t\n\t\t\t\n\n\t\t<\/div>\n\n\t\t\n\n\t\t<div class=\"section-content relative\">\n\t\t\t\n<div class=\"row\"  id=\"row-785500544\">\n\n\t<div id=\"col-1735170362\" class=\"col medium-3 small-12 large-3\"  >\n\t\t\t\t<div class=\"col-inner\"  >\n\t\t\t\n\t\t\t\n\t<div id=\"text-360083080\" class=\"text\">\n\t\t\n<h2 class=\"uppercase\"><span style=\"font-size: 75%;\"><br \/>\nENTSTEHUNGSGESCHICHTE<br \/>\n<\/span><\/h2>\n\t\t\n<style>\n#text-360083080 {\n  font-size: 0.75rem;\n  text-align: left;\n}\n<\/style>\n\t<\/div>\n\t\n\t<div id=\"text-3904247073\" class=\"text\">\n\t\t\n<h2>Von der ersten Idee bis heute<\/h2>\n\t\t\n<style>\n#text-3904247073 {\n  font-size: 1.7rem;\n  text-align: left;\n}\n<\/style>\n\t<\/div>\n\t\n\t\t<\/div>\n\t\t\t\t\n<style>\n#col-1735170362 > .col-inner {\n  padding: 100px 20px 0px 20px;\n}\n@media (min-width:550px) {\n  #col-1735170362 > .col-inner {\n    padding: 100px 0px 0px 0px;\n  }\n}\n<\/style>\n\t<\/div>\n\n\t\n\n\t<div id=\"col-729520908\" class=\"col medium-9 small-12 large-9\"  >\n\t\t\t\t<div class=\"col-inner\"  >\n\t\t\t\n\t\t\t\n\n\t\t\t<!-- Cool Timeline Free V3.3.1 -->\n\t\t\t<div class=\"ctl-wrapper\" role=\"region\" aria-label=\"Timeline\">\n\t\t\t\t\t\t\t\t<div id=\"cool_timeline_1\" class=\"cool-timeline-wrapper ctl-both-sided ctl-vertical-wrapper\" >\n\t\t\t\t\t<div class=\"ctl-start\"><\/div>\n\t\t\t\t\t<!-- Timeline Container -->\n\t\t\t\t\t<div class=\"ctl-timeline ctl-timeline-container\" data-animation=\"none\">\n\t\t\t\t\t\t<!-- Center Line -->\n\t\t\t\t\t\t<div class=\"ctl-inner-line\" role=\"presentation\"><\/div>\n\t\t\t\t\t\t\t\t\t\t\t\t<!-- Timeline Content --><div  id=\"ctl-story-1123\" class=\"ctl-story ctl-story-icon odd ctl-story-right\" data-aos=\"none\"   data-story-index=\"1\" role=\"article\"><!-- Story Icon --><div class=\"ctl-icon\"><i class=\"fa fa-clock-o\" aria-hidden=\"true\"><\/i><\/div> <!-- Story Arrow --><div class=\"ctl-arrow\"><\/div><!-- Story Content --><div class=\"ctl-content\"><!-- Story Title --><div class=\"ctl-title story-1123\" aria-label=\"2\">DE &#8211; La Quinzaine en Allemagne !<\/div><!-- Story Description --><div class=\"ctl-description\"><p>Die Deutsch-Okzitanischen Festwochen finden wieder in Deutschland statt!<\/p>\n<\/div><\/div><\/div><!-- Timeline Content --><div  id=\"ctl-story-1124\" class=\"ctl-story ctl-story-icon even ctl-story-left\" data-aos=\"none\"   data-story-index=\"2\" role=\"article\"><!-- Story Icon --><div class=\"ctl-icon\"><i class=\"fa fa-clock-o\" aria-hidden=\"true\"><\/i><\/div> <!-- Story Arrow --><div class=\"ctl-arrow\"><\/div><!-- Story Content --><div class=\"ctl-content\"><!-- Story Title --><div class=\"ctl-title story-1124\" aria-label=\"2\">DE &#8211; Une ann\u00e9e blanche COVID<\/div><!-- Story Media --><div class=\"ctl-media full\"><a data-glightbox=\"DE &#8211; Une ann\u00e9e blanche COVID\" href=\"https:\/\/15francoallemandeoccitanie.fr\/wp-content\/uploads\/2022\/02\/\u00a9la-de\u0301pe\u0302che-du-midi.jpg\" class=\"ctl_glightbox\"><img loading=\"lazy\" decoding=\"async\" width=\"362\" height=\"241\" src=\"https:\/\/15francoallemandeoccitanie.fr\/wp-content\/uploads\/2022\/02\/\u00a9la-de\u0301pe\u0302che-du-midi.jpg\" class=\"story-img wp-post-image\" alt=\"DE &#8211; Une ann\u00e9e blanche COVID\" srcset=\"https:\/\/15francoallemandeoccitanie.fr\/wp-content\/uploads\/2022\/02\/\u00a9la-de\u0301pe\u0302che-du-midi.jpg 362w, https:\/\/15francoallemandeoccitanie.fr\/wp-content\/uploads\/2022\/02\/\u00a9la-de\u0301pe\u0302che-du-midi-300x200.jpg 300w\" sizes=\"auto, (max-width: 362px) 100vw, 362px\" \/><\/a><\/div><!-- Story Description --><div class=\"ctl-description\"><p>Nach einem Jahr unfreiwilliger Pause aufgrund der Coronapandemie wurden im Rahmen der Deutsch-Okzitanischen Festwochen vom 3. bis zum 22.10.2021 mehr als 170 Projekte umgesetzt. Die Er\u00f6ffnungsfeier fand am 03.10.2021 in den R\u00e4umlichkeiten der Oper und des Staatsorchesters in Montpellier statt.<\/p>\n<\/div><\/div><\/div><!-- Timeline Content --><div  id=\"ctl-story-1125\" class=\"ctl-story ctl-story-icon odd ctl-story-right\" data-aos=\"none\"   data-story-index=\"3\" role=\"article\"><!-- Story Icon --><div class=\"ctl-icon\"><i class=\"fa fa-clock-o\" aria-hidden=\"true\"><\/i><\/div> <!-- Story Arrow --><div class=\"ctl-arrow\"><\/div><!-- Story Content --><div class=\"ctl-content\"><!-- Story Title --><div class=\"ctl-title story-1125\" aria-label=\"2\">DE &#8211; Prix de l&#8217;initiative europ\u00e9enne<\/div><!-- Story Media --><div class=\"ctl-media full\"><a data-glightbox=\"DE &#8211; Prix de l&#8217;initiative europ\u00e9enne\" href=\"https:\/\/15francoallemandeoccitanie.fr\/wp-content\/uploads\/2022\/02\/\u00a9Maison-de-lEurope-de-Paris.jpg\" class=\"ctl_glightbox\"><img loading=\"lazy\" decoding=\"async\" width=\"566\" height=\"283\" src=\"https:\/\/15francoallemandeoccitanie.fr\/wp-content\/uploads\/2022\/02\/\u00a9Maison-de-lEurope-de-Paris.jpg\" class=\"story-img wp-post-image\" alt=\"DE &#8211; Prix de l&#8217;initiative europ\u00e9enne\" srcset=\"https:\/\/15francoallemandeoccitanie.fr\/wp-content\/uploads\/2022\/02\/\u00a9Maison-de-lEurope-de-Paris.jpg 566w, https:\/\/15francoallemandeoccitanie.fr\/wp-content\/uploads\/2022\/02\/\u00a9Maison-de-lEurope-de-Paris-300x150.jpg 300w\" sizes=\"auto, (max-width: 566px) 100vw, 566px\" \/><\/a><\/div><!-- Story Description --><div class=\"ctl-description\"><p>Marie-France Marchand-Baylet wird mit dem Journalisten- und Medienpreis \u201ePrix de l\u2019initiative europ\u00e9enne\u201c ausgezeichnet. \u201e\u00dcber Europa zu sprechen ist kein militanter Akt, sondern eine demokratische Initiative!\u00a0\u201c<\/p>\n<\/div><\/div><\/div><!-- Timeline Content --><div  id=\"ctl-story-1126\" class=\"ctl-story ctl-story-icon even ctl-story-left\" data-aos=\"none\"   data-story-index=\"4\" role=\"article\"><!-- Story Icon --><div class=\"ctl-icon\"><i class=\"fa fa-clock-o\" aria-hidden=\"true\"><\/i><\/div> <!-- Story Arrow --><div class=\"ctl-arrow\"><\/div><!-- Story Content --><div class=\"ctl-content\"><!-- Story Title --><div class=\"ctl-title story-1126\" aria-label=\"2\">DE &#8211; Lancement officiel<\/div><!-- Story Description --><div class=\"ctl-description\"><p>Am 8. Oktober werden die Deutsch-Okzitanischen Festwochen in der Franz\u00f6sischen Botschaft in Berlin in Begleitung des Orchesters offiziell er\u00f6ffnet.<\/p>\n<\/div><\/div><\/div><!-- Timeline Content --><div  id=\"ctl-story-1127\" class=\"ctl-story ctl-story-icon odd ctl-story-right\" data-aos=\"none\"   data-story-index=\"5\" role=\"article\"><!-- Story Icon --><div class=\"ctl-icon\"><i class= \"fa fas fa-check\" aria-hidden =\"true\"><\/i><\/div> <!-- Story Arrow --><div class=\"ctl-arrow\"><\/div><!-- Story Content --><div class=\"ctl-content\"><!-- Story Title --><div class=\"ctl-title story-1127\" aria-label=\"2\">DE &#8211; Grande soir\u00e9e de cl\u00f4ture<\/div><!-- Story Description --><div class=\"ctl-description\"><p>Gro\u00dfer geselliger Abschlussabend anl\u00e4sslich des deutschen Nationalfeiertags (Tag der Deutschen Einheit) auf dem Vorplatz des H\u00f4tel de R\u00e9gion in Montpellier<\/p>\n<\/div><\/div><\/div><!-- Timeline Content --><div  id=\"ctl-story-1128\" class=\"ctl-story ctl-story-icon even ctl-story-left\" data-aos=\"none\"   data-story-index=\"6\" role=\"article\"><!-- Story Icon --><div class=\"ctl-icon\"><i class= \"fa fas fa-check\" aria-hidden =\"true\"><\/i><\/div> <!-- Story Arrow --><div class=\"ctl-arrow\"><\/div><!-- Story Content --><div class=\"ctl-content\"><!-- Story Title --><div class=\"ctl-title story-1128\" aria-label=\"2\">DE &#8211; C\u00e9r\u00e9monie d\u2019ouverture<\/div><!-- Story Media --><div class=\"ctl-media full\"><a data-glightbox=\"DE &#8211; C\u00e9r\u00e9monie d\u2019ouverture\" href=\"https:\/\/15francoallemandeoccitanie.fr\/wp-content\/uploads\/2022\/02\/Ceremonie-ouverture.jpg\" class=\"ctl_glightbox\"><img loading=\"lazy\" decoding=\"async\" width=\"573\" height=\"324\" src=\"https:\/\/15francoallemandeoccitanie.fr\/wp-content\/uploads\/2022\/02\/Ceremonie-ouverture.jpg\" class=\"story-img wp-post-image\" alt=\"DE &#8211; C\u00e9r\u00e9monie d\u2019ouverture\" srcset=\"https:\/\/15francoallemandeoccitanie.fr\/wp-content\/uploads\/2022\/02\/Ceremonie-ouverture.jpg 573w, https:\/\/15francoallemandeoccitanie.fr\/wp-content\/uploads\/2022\/02\/Ceremonie-ouverture-300x170.jpg 300w\" sizes=\"auto, (max-width: 573px) 100vw, 573px\" \/><\/a><\/div><!-- Story Description --><div class=\"ctl-description\"><p>Er\u00f6ffnungsfeier der Deutsch-Okzitanischen Festwochen in den R\u00e4umlichkeiten des Airbus-Konzerns in Blagnac<\/p>\n<\/div><\/div><\/div><!-- Timeline Content --><div  id=\"ctl-story-1129\" class=\"ctl-story ctl-story-icon odd ctl-story-right\" data-aos=\"none\"   data-story-index=\"7\" role=\"article\"><!-- Story Icon --><div class=\"ctl-icon\"><i class= \"fa fas fa-check\" aria-hidden =\"true\"><\/i><\/div> <!-- Story Arrow --><div class=\"ctl-arrow\"><\/div><!-- Story Content --><div class=\"ctl-content\"><!-- Story Title --><div class=\"ctl-title story-1129\" aria-label=\"2\">DE &#8211; Cr\u00e9ation<\/div><!-- Story Description --><div class=\"ctl-description\"><p>Die Deutsch-Okzitanischen Festwochen werden anl\u00e4sslich eines Abendessens in Anwesenheit des deutschen Botschafters in Paris, Nikolaus Meyer-Landrut, der Pr\u00e4sidentin der Region Okzitanien, Carole Delga, und der Pr\u00e4sidentin der Stiftung der Gruppe La D\u00e9p\u00eache du Midi, Marie-France Marchand Baylet, ins Leben gerufen.<\/p>\n<\/div><\/div><\/div>\t\t\t\t\t<\/div>\n\t\t\t\t\t<div class=\"ctl-end\"><\/div>\n\t\t\t\t\t\t\t\t\t<\/div>\n\t\t\t<\/div>\n\t\t\t\n\n\t\t<\/div>\n\t\t\t\t\n<style>\n#col-729520908 > .col-inner {\n  padding: 0px 19px 0px 20px;\n}\n<\/style>\n\t<\/div>\n\n\t\n<\/div>\n\t\t<\/div>\n\n\t\t\n<style>\n#section_280054932 {\n  padding-top: 30px;\n  padding-bottom: 30px;\n}\n<\/style>\n\t<\/section>\n\t\n","protected":false},"excerpt":{"rendered":"","protected":false},"author":1,"featured_media":0,"parent":0,"menu_order":0,"comment_status":"closed","ping_status":"closed","template":"page-blank.php","meta":{"_price":"","_stock":"","_tribe_ticket_header":"","_tribe_default_ticket_provider":"","_tribe_ticket_capacity":"0","_ticket_start_date":"","_ticket_end_date":"","_tribe_ticket_show_description":"","_tribe_ticket_show_not_going":false,"_tribe_ticket_use_global_stock":"","_tribe_ticket_global_stock_level":"","_global_stock_mode":"","_global_stock_cap":"","_tribe_rsvp_for_event":"","_tribe_ticket_going_count":"","_tribe_ticket_not_going_count":"","_tribe_tickets_list":"[]","_tribe_ticket_has_attendee_info_fields":false,"footnotes":"","_tec_slr_enabled":"","_tec_slr_layout":""},"class_list":["post-54","page","type-page","status-publish","hentry"],"ticketed":false,"_links":{"self":[{"href":"https:\/\/15francoallemandeoccitanie.fr\/de\/wp-json\/wp\/v2\/pages\/54","targetHints":{"allow":["GET"]}}],"collection":[{"href":"https:\/\/15francoallemandeoccitanie.fr\/de\/wp-json\/wp\/v2\/pages"}],"about":[{"href":"https:\/\/15francoallemandeoccitanie.fr\/de\/wp-json\/wp\/v2\/types\/page"}],"author":[{"embeddable":true,"href":"https:\/\/15francoallemandeoccitanie.fr\/de\/wp-json\/wp\/v2\/users\/1"}],"replies":[{"embeddable":true,"href":"https:\/\/15francoallemandeoccitanie.fr\/de\/wp-json\/wp\/v2\/comments?post=54"}],"version-history":[{"count":37,"href":"https:\/\/15francoallemandeoccitanie.fr\/de\/wp-json\/wp\/v2\/pages\/54\/revisions"}],"predecessor-version":[{"id":1132,"href":"https:\/\/15francoallemandeoccitanie.fr\/de\/wp-json\/wp\/v2\/pages\/54\/revisions\/1132"}],"wp:attachment":[{"href":"https:\/\/15francoallemandeoccitanie.fr\/de\/wp-json\/wp\/v2\/media?parent=54"}],"curies":[{"name":"wp","href":"https:\/\/api.w.org\/{rel}","templated":true}]}}