{"id":1141,"date":"2022-09-15T15:57:01","date_gmt":"2022-09-15T13:57:01","guid":{"rendered":"https:\/\/15francoallemandeoccitanie.fr\/?post_type=tribe_events&#038;p=1141"},"modified":"2022-09-15T16:04:36","modified_gmt":"2022-09-15T14:04:36","slug":"les-chemins-de-compostelle-au-coeur-de-lamitie-franco-allemande","status":"publish","type":"tribe_events","link":"https:\/\/15francoallemandeoccitanie.fr\/de\/evenement\/les-chemins-de-compostelle-au-coeur-de-lamitie-franco-allemande\/","title":{"rendered":"Les chemins de Compostelle au c\u0153ur de l\u2019amiti\u00e9 franco-allemande"},"content":{"rendered":"<p><strong>L\u2019Agence fran\u00e7aise des chemins de Compostelle<\/strong> avait organis\u00e9 les 18 et 19 octobre 2021 une rencontre entre les associations des amis de Saint-Jacques en Occitanie et une association jacquaire venue d\u2019Allemagne. Nous avions dans ce cadre accueilli M. Dominioni, directeur de l\u2019Institut europ\u00e9en des itin\u00e9raires culturels. Le chemin de Compostelle est le premier itin\u00e9raire \u00e0 avoir re\u00e7u la certification d\u2019itin\u00e9raire culturel du conseil de l\u2019Europe en 1987.<\/p>\n<p>Cette ann\u00e9e, ce sont nos amis allemands qui accueillent l\u2019Agence fran\u00e7aise des chemins de Compostelle \u00e0 l\u2019occasion de l\u2019Assembl\u00e9e G\u00e9n\u00e9rale des associations jacquaires allemandes.<\/p>\n<p>L\u2019objectif est de pr\u00e9senter les activit\u00e9s de l\u2019Agence et les modes de gestion, de gouvernance et de valorisation des chemins en France, et de renforcer les liens de coop\u00e9ration, les \u00e9changes de bonnes pratiques avec les acteurs allemands, qu\u2019ils soient associatifs mais \u00e9galement culturels ou institutionnels.<\/p>\n<ul>\n<li><strong>Le jeudi 10 novembre<\/strong> est planifi\u00e9 une excursion sur le chemin St. Jacques W\u00fcrzburg &#8211; Rothenburg avec visites des installations : auberge P\u00e8lerins, balisages etc.<\/li>\n<li><strong>Le vendredi 11 novembre <\/strong>matin\u00a0 nous visiterons les vestiges du culte saint Jacques \u00e0 W\u00fcrzburg.\u00a0 L&#8217;assembl\u00e9e g\u00e9n\u00e9rale des associations jacquaires allemandes est pr\u00e9vue dans l&#8217;apr\u00e8s-midi. Un temps de parole sera donn\u00e9 \u00e0 l\u2019Agence des chemins de Compostelle pour pr\u00e9senter des initiatives de valorisation culturelle et touristique des chemins en France.<\/li>\n<\/ul>\n<p>Si vous d\u00e9sirez plus d&#8217;informations, n&#8217;h\u00e9sitez pas \u00e0 cliquer <a href=\"https:\/\/www.jakobus-franken.de\/\">ici<\/a><\/p>\n","protected":false},"excerpt":{"rendered":"<p>L\u2019Agence fran\u00e7aise des chemins de Compostelle avait organis\u00e9 les 18 et 19 octobre 2021 une rencontre entre les associations des amis de Saint-Jacques en Occitanie et une association jacquaire venue [&#8230;]\n","protected":false},"author":5,"featured_media":1146,"template":"","meta":{"_price":"","_stock":"","_tribe_ticket_header":"","_tribe_default_ticket_provider":"","_tribe_ticket_capacity":"0","_ticket_start_date":"","_ticket_end_date":"","_tribe_ticket_show_description":"","_tribe_ticket_show_not_going":false,"_tribe_ticket_use_global_stock":"","_tribe_ticket_global_stock_level":"","_global_stock_mode":"","_global_stock_cap":"","_tribe_rsvp_for_event":"","_tribe_ticket_going_count":"","_tribe_ticket_not_going_count":"","_tribe_tickets_list":"[]","_tribe_ticket_has_attendee_info_fields":false,"_tribe_events_status":"","_tribe_events_status_reason":"","_tribe_events_is_hybrid":"","_tribe_events_is_virtual":"","_tribe_events_virtual_video_source":"","_tribe_events_virtual_embed_video":"","_tribe_events_virtual_linked_button_text":"","_tribe_events_virtual_linked_button":"","_tribe_events_virtual_show_embed_at":"","_tribe_events_virtual_show_embed_to":[],"_tribe_events_virtual_show_on_event":"","_tribe_events_virtual_show_on_views":"","_tribe_events_virtual_url":"","footnotes":"","_tec_slr_enabled":"","_tec_slr_layout":""},"tags":[],"tribe_events_cat":[],"class_list":["post-1141","tribe_events","type-tribe_events","status-publish","has-post-thumbnail","hentry"],"ticketed":false,"_links":{"self":[{"href":"https:\/\/15francoallemandeoccitanie.fr\/de\/wp-json\/wp\/v2\/tribe_events\/1141","targetHints":{"allow":["GET"]}}],"collection":[{"href":"https:\/\/15francoallemandeoccitanie.fr\/de\/wp-json\/wp\/v2\/tribe_events"}],"about":[{"href":"https:\/\/15francoallemandeoccitanie.fr\/de\/wp-json\/wp\/v2\/types\/tribe_events"}],"author":[{"embeddable":true,"href":"https:\/\/15francoallemandeoccitanie.fr\/de\/wp-json\/wp\/v2\/users\/5"}],"version-history":[{"count":1,"href":"https:\/\/15francoallemandeoccitanie.fr\/de\/wp-json\/wp\/v2\/tribe_events\/1141\/revisions"}],"predecessor-version":[{"id":1142,"href":"https:\/\/15francoallemandeoccitanie.fr\/de\/wp-json\/wp\/v2\/tribe_events\/1141\/revisions\/1142"}],"wp:featuredmedia":[{"embeddable":true,"href":"https:\/\/15francoallemandeoccitanie.fr\/de\/wp-json\/wp\/v2\/media\/1146"}],"wp:attachment":[{"href":"https:\/\/15francoallemandeoccitanie.fr\/de\/wp-json\/wp\/v2\/media?parent=1141"}],"wp:term":[{"taxonomy":"post_tag","embeddable":true,"href":"https:\/\/15francoallemandeoccitanie.fr\/de\/wp-json\/wp\/v2\/tags?post=1141"},{"taxonomy":"tribe_events_cat","embeddable":true,"href":"https:\/\/15francoallemandeoccitanie.fr\/de\/wp-json\/wp\/v2\/tribe_events_cat?post=1141"}],"curies":[{"name":"wp","href":"https:\/\/api.w.org\/{rel}","templated":true}]}}