{"id":17107,"date":"2025-03-05T22:41:02","date_gmt":"2025-03-05T21:41:02","guid":{"rendered":"https:\/\/15francoallemandeoccitanie.fr\/?post_type=tribe_events&#038;p=17107"},"modified":"2025-03-14T13:55:52","modified_gmt":"2025-03-14T12:55:52","slug":"visite-du-musee-soulages-en-allemand","status":"publish","type":"tribe_events","link":"https:\/\/15francoallemandeoccitanie.fr\/de\/evenement\/visite-du-musee-soulages-en-allemand\/","title":{"rendered":"Visite du Mus\u00e9e Soulages en allemand et en fran\u00e7ais"},"content":{"rendered":"<p>Le Mus\u00e9e Soulages \u00e0 l\u2019architecture contemporaine exceptionnelle a \u00e9t\u00e9 inaugur\u00e9 en mai 2014 dans la ville natale du grand artiste fran\u00e7ais. Les g\u00e9n\u00e9reuses donations de Pierre Soulages et son \u00e9pouse permettent de d\u00e9couvrir une collection riche et diverse dans un lieu con\u00e7u pour elle ! Cette visite guid\u00e9e sera l\u2019occasion d\u2019aborder \u00e9galement les liens particuliers entre Pierre Soulages et l\u2019Allemagne. Avec C\u00e9line Lauri\u00e8re, guide-conf\u00e9renci\u00e8re.<br \/>\nR\u00e9servation obligatoire avant le 30\/03: accueil-toulouse@goethe.de &#8211; Entr\u00e9e payante.<br \/>\nRendez-vous \u00e0 10h45 au Mus\u00e9e, entr\u00e9e payante.<br \/>\nCr\u00e9dit photo: \u00a9 C\u00e9line Lauri\u00e8re<\/p>\n","protected":false},"excerpt":{"rendered":"<p>Le Mus\u00e9e Soulages \u00e0 l\u2019architecture contemporaine exceptionnelle a \u00e9t\u00e9 inaugur\u00e9 en mai 2014 dans la ville natale du grand artiste fran\u00e7ais. Les g\u00e9n\u00e9reuses donations de Pierre Soulages et son \u00e9pouse [&#8230;]\n","protected":false},"author":1,"featured_media":16703,"template":"","meta":{"_price":"","_stock":"","_tribe_ticket_header":"","_tribe_default_ticket_provider":"","_tribe_ticket_capacity":"0","_ticket_start_date":"","_ticket_end_date":"","_tribe_ticket_show_description":"","_tribe_ticket_show_not_going":false,"_tribe_ticket_use_global_stock":"","_tribe_ticket_global_stock_level":"","_global_stock_mode":"","_global_stock_cap":"","_tribe_rsvp_for_event":"","_tribe_ticket_going_count":"","_tribe_ticket_not_going_count":"","_tribe_tickets_list":"[]","_tribe_ticket_has_attendee_info_fields":false,"_tribe_events_status":"","_tribe_events_status_reason":"","_tribe_events_is_hybrid":"","_tribe_events_is_virtual":"","_tribe_events_virtual_video_source":"","_tribe_events_virtual_embed_video":"","_tribe_events_virtual_linked_button_text":"","_tribe_events_virtual_linked_button":"","_tribe_events_virtual_show_embed_at":"","_tribe_events_virtual_show_embed_to":[],"_tribe_events_virtual_show_on_event":"","_tribe_events_virtual_show_on_views":"","_tribe_events_virtual_url":"","footnotes":"","_tec_slr_enabled":"","_tec_slr_layout":""},"tags":[],"tribe_events_cat":[16,17],"class_list":["post-17107","tribe_events","type-tribe_events","status-publish","has-post-thumbnail","hentry","tribe_events_cat-culture","tribe_events_cat-presentiel-culture","cat_culture","cat_presentiel-culture"],"ticketed":false,"_links":{"self":[{"href":"https:\/\/15francoallemandeoccitanie.fr\/de\/wp-json\/wp\/v2\/tribe_events\/17107","targetHints":{"allow":["GET"]}}],"collection":[{"href":"https:\/\/15francoallemandeoccitanie.fr\/de\/wp-json\/wp\/v2\/tribe_events"}],"about":[{"href":"https:\/\/15francoallemandeoccitanie.fr\/de\/wp-json\/wp\/v2\/types\/tribe_events"}],"author":[{"embeddable":true,"href":"https:\/\/15francoallemandeoccitanie.fr\/de\/wp-json\/wp\/v2\/users\/1"}],"version-history":[{"count":6,"href":"https:\/\/15francoallemandeoccitanie.fr\/de\/wp-json\/wp\/v2\/tribe_events\/17107\/revisions"}],"predecessor-version":[{"id":17611,"href":"https:\/\/15francoallemandeoccitanie.fr\/de\/wp-json\/wp\/v2\/tribe_events\/17107\/revisions\/17611"}],"wp:featuredmedia":[{"embeddable":true,"href":"https:\/\/15francoallemandeoccitanie.fr\/de\/wp-json\/wp\/v2\/media\/16703"}],"wp:attachment":[{"href":"https:\/\/15francoallemandeoccitanie.fr\/de\/wp-json\/wp\/v2\/media?parent=17107"}],"wp:term":[{"taxonomy":"post_tag","embeddable":true,"href":"https:\/\/15francoallemandeoccitanie.fr\/de\/wp-json\/wp\/v2\/tags?post=17107"},{"taxonomy":"tribe_events_cat","embeddable":true,"href":"https:\/\/15francoallemandeoccitanie.fr\/de\/wp-json\/wp\/v2\/tribe_events_cat?post=17107"}],"curies":[{"name":"wp","href":"https:\/\/api.w.org\/{rel}","templated":true}]}}