{"id":17443,"date":"2025-03-09T02:47:53","date_gmt":"2025-03-09T01:47:53","guid":{"rendered":"https:\/\/15francoallemandeoccitanie.fr\/?post_type=tribe_events&#038;p=17443"},"modified":"2025-03-17T10:31:52","modified_gmt":"2025-03-17T09:31:52","slug":"projet-franco-allemand-autour-de-leau","status":"publish","type":"tribe_events","link":"https:\/\/15francoallemandeoccitanie.fr\/de\/evenement\/projet-franco-allemand-autour-de-leau\/","title":{"rendered":"Projet franco-allemand autour de l&#8217;eau"},"content":{"rendered":"<p>Depuis 20 ans d\u00e9j\u00e0, les \u00e9l\u00e8ves et leurs enseignants du coll\u00e8ge Florian d\u2019Anduze font vivre l\u2019amiti\u00e9 franco-allemande dans l\u2019\u00e9change biannuel avec la Rudolf-Koch-Schule d\u2019Offenbach sur le Main et remettent cela en mars dans le Gard et l\u2019H\u00e9rault et en mai 2025 dans le land de Hesse. Plus sp\u00e9cifiquement, les rencontres et excursions porteront sur le th\u00e8me de l\u2019eau : Explorer l\u2019eau dans des contextes naturels et architecturaux vari\u00e9s comme la grotte des Demoiselles, le chemin de l\u2019eau du Pont du Gard \u00e0 N\u00eemes, les effets de l\u2019\u00e9rosion sur les dunes de la Camargue lors des ateliers p\u00e9dagogiques \u00e0 la plage de l\u2019Espiguette. La production de sel \u00e0 Aigues Mortes compar\u00e9e \u00e0 une saline tr\u00e8s ancienne et thermes de style Art Nouveau \u00e0 Bad Nauheim et bien s\u00fbr les villes au bord du Main, affluent du Rhin laisseront certainement de bons souvenirs aux 57 participants&#8230;<\/p>\n","protected":false},"excerpt":{"rendered":"<p>Depuis 20 ans d\u00e9j\u00e0, les \u00e9l\u00e8ves et leurs enseignants du coll\u00e8ge Florian d\u2019Anduze font vivre l\u2019amiti\u00e9 franco-allemande dans l\u2019\u00e9change biannuel avec la Rudolf-Koch-Schule d\u2019Offenbach sur le Main et remettent cela [&#8230;]\n","protected":false},"author":1,"featured_media":0,"template":"","meta":{"_price":"","_stock":"","_tribe_ticket_header":"","_tribe_default_ticket_provider":"","_tribe_ticket_capacity":"0","_ticket_start_date":"","_ticket_end_date":"","_tribe_ticket_show_description":"","_tribe_ticket_show_not_going":false,"_tribe_ticket_use_global_stock":"","_tribe_ticket_global_stock_level":"","_global_stock_mode":"","_global_stock_cap":"","_tribe_rsvp_for_event":"","_tribe_ticket_going_count":"","_tribe_ticket_not_going_count":"","_tribe_tickets_list":"[]","_tribe_ticket_has_attendee_info_fields":false,"_tribe_events_status":"","_tribe_events_status_reason":"","_tribe_events_is_hybrid":"","_tribe_events_is_virtual":"","_tribe_events_virtual_video_source":"","_tribe_events_virtual_embed_video":"","_tribe_events_virtual_linked_button_text":"","_tribe_events_virtual_linked_button":"","_tribe_events_virtual_show_embed_at":"","_tribe_events_virtual_show_embed_to":[],"_tribe_events_virtual_show_on_event":"","_tribe_events_virtual_show_on_views":"","_tribe_events_virtual_url":"","footnotes":"","_tec_slr_enabled":"","_tec_slr_layout":""},"tags":[],"tribe_events_cat":[19,10,127,11,20],"class_list":["post-17443","tribe_events","type-tribe_events","status-publish","hentry","tribe_events_cat-citoyennete","tribe_events_cat-education","tribe_events_cat-jeunesse","tribe_events_cat-presentiel-education","tribe_events_cat-presentiel-citoyennete","cat_citoyennete","cat_education","cat_jeunesse","cat_presentiel-education","cat_presentiel-citoyennete"],"ticketed":false,"_links":{"self":[{"href":"https:\/\/15francoallemandeoccitanie.fr\/de\/wp-json\/wp\/v2\/tribe_events\/17443","targetHints":{"allow":["GET"]}}],"collection":[{"href":"https:\/\/15francoallemandeoccitanie.fr\/de\/wp-json\/wp\/v2\/tribe_events"}],"about":[{"href":"https:\/\/15francoallemandeoccitanie.fr\/de\/wp-json\/wp\/v2\/types\/tribe_events"}],"author":[{"embeddable":true,"href":"https:\/\/15francoallemandeoccitanie.fr\/de\/wp-json\/wp\/v2\/users\/1"}],"version-history":[{"count":1,"href":"https:\/\/15francoallemandeoccitanie.fr\/de\/wp-json\/wp\/v2\/tribe_events\/17443\/revisions"}],"predecessor-version":[{"id":17446,"href":"https:\/\/15francoallemandeoccitanie.fr\/de\/wp-json\/wp\/v2\/tribe_events\/17443\/revisions\/17446"}],"wp:attachment":[{"href":"https:\/\/15francoallemandeoccitanie.fr\/de\/wp-json\/wp\/v2\/media?parent=17443"}],"wp:term":[{"taxonomy":"post_tag","embeddable":true,"href":"https:\/\/15francoallemandeoccitanie.fr\/de\/wp-json\/wp\/v2\/tags?post=17443"},{"taxonomy":"tribe_events_cat","embeddable":true,"href":"https:\/\/15francoallemandeoccitanie.fr\/de\/wp-json\/wp\/v2\/tribe_events_cat?post=17443"}],"curies":[{"name":"wp","href":"https:\/\/api.w.org\/{rel}","templated":true}]}}