{"id":1904,"date":"2023-01-12T12:48:18","date_gmt":"2023-01-12T11:48:18","guid":{"rendered":"https:\/\/15francoallemandeoccitanie.fr\/?post_type=tribe_events&#038;p=1904"},"modified":"2023-01-12T12:48:18","modified_gmt":"2023-01-12T11:48:18","slug":"60-ieme-anniversaire-du-traite-de-lelysee-lycee-international-jules-guesde","status":"publish","type":"tribe_events","link":"https:\/\/15francoallemandeoccitanie.fr\/de\/evenement\/60-ieme-anniversaire-du-traite-de-lelysee-lycee-international-jules-guesde\/","title":{"rendered":"60 i\u00e8me anniversaire du Trait\u00e9 de l&#8217;Elys\u00e9e &#8211; Lyc\u00e9e International Jules Guesde"},"content":{"rendered":"<p>Le Lyc\u00e9e International Jules Guesde organise \u00e0 l&#8217;occasion du 60 i\u00e8me anniversaire du Trait\u00e9 de l&#8217;Elys\u00e9e un programme autour de l&#8217;amiti\u00e9 franco-allemande.<\/p>\n<p>A cette occasion diff\u00e9rents partenaires se sont r\u00e9unis afin de t\u00e9moigner du dynamisme occitan-allemand &amp; de leurs engagements pour la jeunesse.<\/p>\n<p>Pour consulter le programme, cliquez ici: <a href=\"https:\/\/15francoallemandeoccitanie.fr\/wp-content\/uploads\/2023\/01\/programme-60-ans-traite-de-lElysee.pdf\">programme 60 ans trait\u00e9 de l&#8217;Elys\u00e9e<\/a><\/p>\n<p>&nbsp;<\/p>\n<p>\ud83d\udce2 <span style=\"color: #333333;\">A savoir sur le &#8222;Trait\u00e9 de l&#8217;Elysee&#8220;<\/span><\/p>\n<ul>\n<li><span style=\"color: #333333;\">Le renforcement de la compr\u00e9hension mutuelle par le biais de l\u2019enseignement de la langue du partenaire fut l\u2019enjeu principal du troisi\u00e8me et dernier volet du programme de coop\u00e9ration du trait\u00e9 intitul\u00e9 \u00ab \u00c9ducation et Jeunesse \u00bb.<\/span><\/li>\n<\/ul>\n","protected":false},"excerpt":{"rendered":"<p>Le Lyc\u00e9e International Jules Guesde organise \u00e0 l&#8217;occasion du 60 i\u00e8me anniversaire du Trait\u00e9 de l&#8217;Elys\u00e9e un programme autour de l&#8217;amiti\u00e9 franco-allemande. A cette occasion diff\u00e9rents partenaires se sont r\u00e9unis [&#8230;]\n","protected":false},"author":5,"featured_media":1903,"template":"","meta":{"_price":"","_stock":"","_tribe_ticket_header":"","_tribe_default_ticket_provider":"","_tribe_ticket_capacity":"0","_ticket_start_date":"","_ticket_end_date":"","_tribe_ticket_show_description":"","_tribe_ticket_show_not_going":false,"_tribe_ticket_use_global_stock":"","_tribe_ticket_global_stock_level":"","_global_stock_mode":"","_global_stock_cap":"","_tribe_rsvp_for_event":"","_tribe_ticket_going_count":"","_tribe_ticket_not_going_count":"","_tribe_tickets_list":"[]","_tribe_ticket_has_attendee_info_fields":false,"_tribe_events_status":"","_tribe_events_status_reason":"","_tribe_events_is_hybrid":"","_tribe_events_is_virtual":"","_tribe_events_virtual_video_source":"","_tribe_events_virtual_embed_video":"","_tribe_events_virtual_linked_button_text":"","_tribe_events_virtual_linked_button":"","_tribe_events_virtual_show_embed_at":"","_tribe_events_virtual_show_embed_to":[],"_tribe_events_virtual_show_on_event":"","_tribe_events_virtual_show_on_views":"","_tribe_events_virtual_url":"","footnotes":"","_tec_slr_enabled":"","_tec_slr_layout":""},"tags":[],"tribe_events_cat":[19,10,11,20],"class_list":["post-1904","tribe_events","type-tribe_events","status-publish","has-post-thumbnail","hentry","tribe_events_cat-citoyennete","tribe_events_cat-education","tribe_events_cat-presentiel-education","tribe_events_cat-presentiel-citoyennete","cat_citoyennete","cat_education","cat_presentiel-education","cat_presentiel-citoyennete"],"ticketed":false,"_links":{"self":[{"href":"https:\/\/15francoallemandeoccitanie.fr\/de\/wp-json\/wp\/v2\/tribe_events\/1904","targetHints":{"allow":["GET"]}}],"collection":[{"href":"https:\/\/15francoallemandeoccitanie.fr\/de\/wp-json\/wp\/v2\/tribe_events"}],"about":[{"href":"https:\/\/15francoallemandeoccitanie.fr\/de\/wp-json\/wp\/v2\/types\/tribe_events"}],"author":[{"embeddable":true,"href":"https:\/\/15francoallemandeoccitanie.fr\/de\/wp-json\/wp\/v2\/users\/5"}],"version-history":[{"count":1,"href":"https:\/\/15francoallemandeoccitanie.fr\/de\/wp-json\/wp\/v2\/tribe_events\/1904\/revisions"}],"predecessor-version":[{"id":1907,"href":"https:\/\/15francoallemandeoccitanie.fr\/de\/wp-json\/wp\/v2\/tribe_events\/1904\/revisions\/1907"}],"wp:featuredmedia":[{"embeddable":true,"href":"https:\/\/15francoallemandeoccitanie.fr\/de\/wp-json\/wp\/v2\/media\/1903"}],"wp:attachment":[{"href":"https:\/\/15francoallemandeoccitanie.fr\/de\/wp-json\/wp\/v2\/media?parent=1904"}],"wp:term":[{"taxonomy":"post_tag","embeddable":true,"href":"https:\/\/15francoallemandeoccitanie.fr\/de\/wp-json\/wp\/v2\/tags?post=1904"},{"taxonomy":"tribe_events_cat","embeddable":true,"href":"https:\/\/15francoallemandeoccitanie.fr\/de\/wp-json\/wp\/v2\/tribe_events_cat?post=1904"}],"curies":[{"name":"wp","href":"https:\/\/api.w.org\/{rel}","templated":true}]}}