{"id":20044,"date":"2026-03-02T19:43:39","date_gmt":"2026-03-02T18:43:39","guid":{"rendered":"https:\/\/15francoallemandeoccitanie.fr\/evenement\/echange-scolaire-franco-allemand-dans-le-cadre-du-jumelage-des-villes-de-mende-lozere-et-wunsiedel-baviere-2\/"},"modified":"2026-03-23T10:04:30","modified_gmt":"2026-03-23T09:04:30","slug":"echange-scolaire-franco-allemand-dans-le-cadre-du-jumelage-des-villes-de-mende-lozere-et-wunsiedel-baviere-2","status":"publish","type":"tribe_events","link":"https:\/\/15francoallemandeoccitanie.fr\/de\/evenement\/echange-scolaire-franco-allemand-dans-le-cadre-du-jumelage-des-villes-de-mende-lozere-et-wunsiedel-baviere-2\/","title":{"rendered":"\u00c9change scolaire franco-allemand dans le cadre du jumelage des villes de Mende (Loz\u00e8re) et Wunsiedel (Bavi\u00e8re)"},"content":{"rendered":"<p>Le Lyc\u00e9e Chaptal b\u00e9n\u00e9ficie du label Eduscol et d&#8217;un programme Erasmus + qui lui permettent de s&#8217;ouvrir r\u00e9solument sur le monde. Deux sections europ\u00e9ennes, une Bachibac et un BTS Tourisme favorisent l&#8217;app\u00e9tence des \u00e9l\u00e8ves aux \u00e9changes internationaux. Parmi les nombreux \u00e9changes qu&#8217;initie l&#8217;\u00e9quipe du lyc\u00e9e Chaptal avec des partenaires \u00e0 travers le monde , l&#8217;\u00e9change scolaire franco-allemand inter-\u00e9tablissements constitue l&#8217;un des mod\u00e8les et s&#8217;inscrit dans le cadre du jumelage des villes de Mende et Wunsiedel.<br \/>\nLes familles fran\u00e7aises accueilleront et h\u00e9bergeront comme chaque ann\u00e9e les jeunes Allemands, les correspondants pourront d\u00e9couvrir les cours en France et b\u00e9n\u00e9ficieront de visites culturelles scolaires et avec les familles. Ce projet est le fruit de l&#8217;implication et de la collaboration r\u00e9ussie des deux comit\u00e9s de jumelage, des mairies et des \u00e9tablissements scolaires et b\u00e9n\u00e9ficie pour le lyc\u00e9e d&#8217;un financement Erasmus + et pour le coll\u00e9ge d&#8217;une subvention de l&#8217;OFAJ.<br \/>\nClasses concern\u00e9es : 8 \u00e9l\u00e8ves de 2de et 15 \u00e9l\u00e8ves de 3e germanistes<\/p>\n","protected":false},"excerpt":{"rendered":"<p>Le Lyc\u00e9e Chaptal b\u00e9n\u00e9ficie du label Eduscol et d&#8217;un programme Erasmus + qui lui permettent de s&#8217;ouvrir r\u00e9solument sur le monde. Deux sections europ\u00e9ennes, une Bachibac et un BTS Tourisme [&#8230;]\n","protected":false},"author":1,"featured_media":20878,"template":"","meta":{"_price":"","_stock":"","_tribe_ticket_header":"","_tribe_default_ticket_provider":"","_tribe_ticket_capacity":"0","_ticket_start_date":"","_ticket_end_date":"","_tribe_ticket_show_description":"","_tribe_ticket_show_not_going":false,"_tribe_ticket_use_global_stock":"","_tribe_ticket_global_stock_level":"","_global_stock_mode":"","_global_stock_cap":"","_tribe_rsvp_for_event":"","_tribe_ticket_going_count":"","_tribe_ticket_not_going_count":"","_tribe_tickets_list":"[]","_tribe_ticket_has_attendee_info_fields":false,"_tribe_events_status":"","_tribe_events_status_reason":"","_tribe_events_is_hybrid":"","_tribe_events_is_virtual":"","_tribe_events_virtual_video_source":"","_tribe_events_virtual_embed_video":"","_tribe_events_virtual_linked_button_text":"","_tribe_events_virtual_linked_button":"","_tribe_events_virtual_show_embed_at":"","_tribe_events_virtual_show_embed_to":[],"_tribe_events_virtual_show_on_event":"","_tribe_events_virtual_show_on_views":"","_tribe_events_virtual_url":"","footnotes":"","_tec_slr_enabled":"","_tec_slr_layout":""},"tags":[],"tribe_events_cat":[19,16,10,130,127,20,11,17],"class_list":["post-20044","tribe_events","type-tribe_events","status-publish","has-post-thumbnail","hentry","tribe_events_cat-citoyennete","tribe_events_cat-culture","tribe_events_cat-education","tribe_events_cat-education-jeunesse","tribe_events_cat-jeunesse","tribe_events_cat-presentiel-citoyennete","tribe_events_cat-presentiel-education","tribe_events_cat-presentiel-culture","cat_citoyennete","cat_culture","cat_education","cat_education-jeunesse","cat_jeunesse","cat_presentiel-citoyennete","cat_presentiel-education","cat_presentiel-culture"],"ticketed":false,"_links":{"self":[{"href":"https:\/\/15francoallemandeoccitanie.fr\/de\/wp-json\/wp\/v2\/tribe_events\/20044","targetHints":{"allow":["GET"]}}],"collection":[{"href":"https:\/\/15francoallemandeoccitanie.fr\/de\/wp-json\/wp\/v2\/tribe_events"}],"about":[{"href":"https:\/\/15francoallemandeoccitanie.fr\/de\/wp-json\/wp\/v2\/types\/tribe_events"}],"author":[{"embeddable":true,"href":"https:\/\/15francoallemandeoccitanie.fr\/de\/wp-json\/wp\/v2\/users\/1"}],"version-history":[{"count":1,"href":"https:\/\/15francoallemandeoccitanie.fr\/de\/wp-json\/wp\/v2\/tribe_events\/20044\/revisions"}],"predecessor-version":[{"id":20880,"href":"https:\/\/15francoallemandeoccitanie.fr\/de\/wp-json\/wp\/v2\/tribe_events\/20044\/revisions\/20880"}],"wp:featuredmedia":[{"embeddable":true,"href":"https:\/\/15francoallemandeoccitanie.fr\/de\/wp-json\/wp\/v2\/media\/20878"}],"wp:attachment":[{"href":"https:\/\/15francoallemandeoccitanie.fr\/de\/wp-json\/wp\/v2\/media?parent=20044"}],"wp:term":[{"taxonomy":"post_tag","embeddable":true,"href":"https:\/\/15francoallemandeoccitanie.fr\/de\/wp-json\/wp\/v2\/tags?post=20044"},{"taxonomy":"tribe_events_cat","embeddable":true,"href":"https:\/\/15francoallemandeoccitanie.fr\/de\/wp-json\/wp\/v2\/tribe_events_cat?post=20044"}],"curies":[{"name":"wp","href":"https:\/\/api.w.org\/{rel}","templated":true}]}}