{"id":20081,"date":"2026-03-02T19:45:27","date_gmt":"2026-03-02T18:45:27","guid":{"rendered":"https:\/\/15francoallemandeoccitanie.fr\/evenement\/rencontre-economique-economie-circulaire-2\/"},"modified":"2026-03-06T12:47:12","modified_gmt":"2026-03-06T11:47:12","slug":"rencontre-economique-economie-circulaire-2","status":"publish","type":"tribe_events","link":"https:\/\/15francoallemandeoccitanie.fr\/de\/evenement\/rencontre-economique-economie-circulaire-2\/","title":{"rendered":"Rencontre \u00e9conomique: \u00c9conomie circulaire"},"content":{"rendered":"<h2 data-end=\"106\" data-start=\"94\">PROGRAMME<\/h2>\n<p data-end=\"210\" data-start=\"108\"><strong data-end=\"131\" data-start=\"108\">\u00c9conomie Circulaire<\/strong><br data-end=\"134\" data-start=\"131\" \/><em data-end=\"210\" data-start=\"134\">Quels leviers communs entre action publique, entreprises et coop\u00e9rations ?<\/em><\/p>\n<p data-end=\"238\" data-start=\"212\"><strong data-end=\"221\" data-start=\"212\">08h30<\/strong>\u00a0Caf\u00e9 d\u2019accueil<\/p>\n<p data-end=\"274\" data-start=\"240\"><strong data-end=\"257\" data-start=\"240\">09h00 \u2013 09h15<\/strong>\u00a0Mots d\u2019accueil<\/p>\n<p data-end=\"340\" data-start=\"276\"><strong data-end=\"293\" data-start=\"276\">09h15 \u2013 09h45<\/strong>\u00a0Propos introductifs \u2013 \u00c9tude &amp; note technique<\/p>\n<p data-end=\"599\" data-start=\"342\"><strong data-end=\"359\" data-start=\"342\">09h45 \u2013 11h15<\/strong><br data-end=\"362\" data-start=\"359\" \/><strong data-end=\"444\" data-start=\"362\">TR1 \u2013 Politiques publiques et strat\u00e9gies r\u00e9gionales pour l\u2019\u00e9conomie circulaire<\/strong><br data-end=\"447\" data-start=\"444\" \/>Objectif : Comparer les strat\u00e9gies r\u00e9gionales d\u2019Occitanie, Saxe et Bade-Wurtemberg, analyser leurs priorit\u00e9s, leurs ambitions et les leviers politiques.<\/p>\n<p data-end=\"626\" data-start=\"601\"><strong data-end=\"618\" data-start=\"601\">11h15 \u2013 11h30<\/strong>\u00a0Pause<\/p>\n<p data-end=\"964\" data-start=\"628\"><strong data-end=\"645\" data-start=\"628\">11h30 \u2013 13h00<\/strong><br data-end=\"648\" data-start=\"645\" \/><strong data-end=\"791\" data-start=\"648\">TR2 \u2013 Innovation industrielle et \u00e9conomie circulaire : opportunit\u00e9s pour les entreprises (PME, ETI, grands groupes) et les fili\u00e8res locales<\/strong><br data-end=\"794\" data-start=\"791\" \/>Objectif : explorer les bonnes pratiques industrielles et les innovations en mati\u00e8re de recyclage, d\u2019\u00e9co-conception et de r\u00e9emploi dans les entreprises des trois r\u00e9gions.<\/p>\n<p data-end=\"992\" data-start=\"966\"><strong data-end=\"983\" data-start=\"966\">13h00 \u2013 14h00<\/strong>\u00a0Buffet<\/p>\n<p data-end=\"1304\" data-start=\"994\"><strong data-end=\"1011\" data-start=\"994\">14h00 \u2013 15h30<\/strong><br data-end=\"1014\" data-start=\"1011\" \/><strong data-end=\"1111\" data-start=\"1014\">TR3 \u2013 Coop\u00e9ration transfrontali\u00e8re et projets communs pour acc\u00e9l\u00e9rer la transition circulaire<\/strong><br data-end=\"1114\" data-start=\"1111\" \/>Objectif : mettre en lumi\u00e8re les initiatives franco-allemandes entre Occitanie, Saxe et Bade-Wurtemberg, les freins \u00e0 lever, les leviers de financement europ\u00e9en (ex : FIOST, Horizon Europe).<\/p>\n<p data-end=\"1347\" data-start=\"1306\"><strong data-end=\"1323\" data-start=\"1306\">15h30 \u2013 15h45<\/strong>\u00a0Conclusion \u2013 Synth\u00e8se<\/p>\n<p><img loading=\"lazy\" decoding=\"async\" class=\"alignnone size-full wp-image-20304\" src=\"https:\/\/15francoallemandeoccitanie.fr\/wp-content\/uploads\/2026\/03\/rencontre-eco.png\" alt=\"\" width=\"819\" height=\"1024\" srcset=\"https:\/\/15francoallemandeoccitanie.fr\/wp-content\/uploads\/2026\/03\/rencontre-eco.png 819w, https:\/\/15francoallemandeoccitanie.fr\/wp-content\/uploads\/2026\/03\/rencontre-eco-240x300.png 240w, https:\/\/15francoallemandeoccitanie.fr\/wp-content\/uploads\/2026\/03\/rencontre-eco-768x960.png 768w\" sizes=\"auto, (max-width: 819px) 100vw, 819px\" \/><\/p>\n<div style=\"text-align: center; margin: 30px 0;\"><a style=\"display: inline-block; background: linear-gradient(180deg,#c52b23 0%, #a91f18 100%); color: #ffffff; text-decoration: none; font-weight: bold; font-size: 16px; letter-spacing: 0.5px; padding: 16px 36px; border-radius: 40px; text-transform: uppercase;\" href=\"https:\/\/my.weezevent.com\/rencontres-economiques-1\" target=\"_blank\" rel=\"noopener\"><br \/>\nACC\u00c9DER \u00c0 L\u2019INSCRIPTION<br \/>\n<\/a><\/div>\n","protected":false},"excerpt":{"rendered":"<p>PROGRAMME \u00c9conomie CirculaireQuels leviers communs entre action publique, entreprises et coop\u00e9rations ? 08h30\u00a0Caf\u00e9 d\u2019accueil 09h00 \u2013 09h15\u00a0Mots d\u2019accueil 09h15 \u2013 09h45\u00a0Propos introductifs \u2013 \u00c9tude &amp; note technique 09h45 \u2013 11h15TR1 [&#8230;]\n","protected":false},"author":1,"featured_media":0,"template":"","meta":{"_price":"","_stock":"","_tribe_ticket_header":"","_tribe_default_ticket_provider":"","_tribe_ticket_capacity":"0","_ticket_start_date":"","_ticket_end_date":"","_tribe_ticket_show_description":"","_tribe_ticket_show_not_going":false,"_tribe_ticket_use_global_stock":"","_tribe_ticket_global_stock_level":"","_global_stock_mode":"","_global_stock_cap":"","_tribe_rsvp_for_event":"","_tribe_ticket_going_count":"","_tribe_ticket_not_going_count":"","_tribe_tickets_list":"[]","_tribe_ticket_has_attendee_info_fields":false,"_tribe_events_status":"","_tribe_events_status_reason":"","_tribe_events_is_hybrid":"","_tribe_events_is_virtual":"","_tribe_events_virtual_video_source":"","_tribe_events_virtual_embed_video":"","_tribe_events_virtual_linked_button_text":"","_tribe_events_virtual_linked_button":"","_tribe_events_virtual_show_embed_at":"","_tribe_events_virtual_show_embed_to":[],"_tribe_events_virtual_show_on_event":"","_tribe_events_virtual_show_on_views":"","_tribe_events_virtual_url":"","footnotes":"","_tec_slr_enabled":"","_tec_slr_layout":""},"tags":[],"tribe_events_cat":[13],"class_list":["post-20081","tribe_events","type-tribe_events","status-publish","hentry","tribe_events_cat-economie","cat_economie"],"ticketed":false,"_links":{"self":[{"href":"https:\/\/15francoallemandeoccitanie.fr\/de\/wp-json\/wp\/v2\/tribe_events\/20081","targetHints":{"allow":["GET"]}}],"collection":[{"href":"https:\/\/15francoallemandeoccitanie.fr\/de\/wp-json\/wp\/v2\/tribe_events"}],"about":[{"href":"https:\/\/15francoallemandeoccitanie.fr\/de\/wp-json\/wp\/v2\/types\/tribe_events"}],"author":[{"embeddable":true,"href":"https:\/\/15francoallemandeoccitanie.fr\/de\/wp-json\/wp\/v2\/users\/1"}],"version-history":[{"count":5,"href":"https:\/\/15francoallemandeoccitanie.fr\/de\/wp-json\/wp\/v2\/tribe_events\/20081\/revisions"}],"predecessor-version":[{"id":20306,"href":"https:\/\/15francoallemandeoccitanie.fr\/de\/wp-json\/wp\/v2\/tribe_events\/20081\/revisions\/20306"}],"wp:attachment":[{"href":"https:\/\/15francoallemandeoccitanie.fr\/de\/wp-json\/wp\/v2\/media?parent=20081"}],"wp:term":[{"taxonomy":"post_tag","embeddable":true,"href":"https:\/\/15francoallemandeoccitanie.fr\/de\/wp-json\/wp\/v2\/tags?post=20081"},{"taxonomy":"tribe_events_cat","embeddable":true,"href":"https:\/\/15francoallemandeoccitanie.fr\/de\/wp-json\/wp\/v2\/tribe_events_cat?post=20081"}],"curies":[{"name":"wp","href":"https:\/\/api.w.org\/{rel}","templated":true}]}}