{"id":20091,"date":"2026-03-16T19:45:56","date_gmt":"2026-03-16T18:45:56","guid":{"rendered":"https:\/\/15francoallemandeoccitanie.fr\/evenement\/francais-et-allemands-pas-si-differents-2\/"},"modified":"2026-03-09T08:28:05","modified_gmt":"2026-03-09T07:28:05","slug":"francais-et-allemands-pas-si-differents-2","status":"publish","type":"tribe_events","link":"https:\/\/15francoallemandeoccitanie.fr\/de\/evenement\/francais-et-allemands-pas-si-differents-2\/","title":{"rendered":"Fran\u00e7ais et allemands \u2013 pas si diff\u00e9rents ?"},"content":{"rendered":"<p>23 \u00e9l\u00e8ves de C\u00e9ret (2des et 1\u00e8res) qui apprennent l\u2019allemand en troisi\u00e8me langue iront \u00e0 la rencontre de leurs correspondants en Allemagne (Basse-Saxe) du 16 au 23 mars avant de les accueillir \u00e0 C\u00e9ret du 9 au 16 avril. Ils \u00e9changent avec eux depuis le mois de d\u00e9cembre, par voie postale, par mail ou sur les r\u00e9seaux sociaux. \u00c0 pr\u00e9sent, il s\u2019agira de faire connaissance sans \u00e9cran ou papier interpos\u00e9! Ils logeront dans les familles, viendront participer aux cours de leurs corres au Gymnasium, mais aussi \u00e0 leurs activit\u00e9s de loisir et leur vie de famille pendant les soir\u00e9es et les week-ends. De nombreuses activit\u00e9s communes sont programm\u00e9es, telles que faire du cano\u00eb sur une base de loisir en \u00e9quipes franco-allemandes, du bowling, la visite guid\u00e9e de la ville m\u00e9di\u00e9vale de L\u00fcneburg (assortie d\u2019un jeu de piste bilingue) et une soir\u00e9e avec musique et plats typiques dans les locaux du lyc\u00e9e allemand. Au mois d\u2019avril, ce sera notre tour de les accueillir et de leur faire d\u00e9couvrir notre culture franco-catalane !<\/p>\n","protected":false},"excerpt":{"rendered":"<p>23 \u00e9l\u00e8ves de C\u00e9ret (2des et 1\u00e8res) qui apprennent l\u2019allemand en troisi\u00e8me langue iront \u00e0 la rencontre de leurs correspondants en Allemagne (Basse-Saxe) du 16 au 23 mars avant de [&#8230;]\n","protected":false},"author":1,"featured_media":0,"template":"","meta":{"_price":"","_stock":"","_tribe_ticket_header":"","_tribe_default_ticket_provider":"","_tribe_ticket_capacity":"0","_ticket_start_date":"","_ticket_end_date":"","_tribe_ticket_show_description":"","_tribe_ticket_show_not_going":false,"_tribe_ticket_use_global_stock":"","_tribe_ticket_global_stock_level":"","_global_stock_mode":"","_global_stock_cap":"","_tribe_rsvp_for_event":"","_tribe_ticket_going_count":"","_tribe_ticket_not_going_count":"","_tribe_tickets_list":"[]","_tribe_ticket_has_attendee_info_fields":false,"_tribe_events_status":"","_tribe_events_status_reason":"","_tribe_events_is_hybrid":"","_tribe_events_is_virtual":"","_tribe_events_virtual_video_source":"","_tribe_events_virtual_embed_video":"","_tribe_events_virtual_linked_button_text":"","_tribe_events_virtual_linked_button":"","_tribe_events_virtual_show_embed_at":"","_tribe_events_virtual_show_embed_to":[],"_tribe_events_virtual_show_on_event":"","_tribe_events_virtual_show_on_views":"","_tribe_events_virtual_url":"","footnotes":"","_tec_slr_enabled":"","_tec_slr_layout":""},"tags":[],"tribe_events_cat":[19,16,130],"class_list":["post-20091","tribe_events","type-tribe_events","status-publish","hentry","tribe_events_cat-citoyennete","tribe_events_cat-culture","tribe_events_cat-education-jeunesse","cat_citoyennete","cat_culture","cat_education-jeunesse"],"ticketed":false,"_links":{"self":[{"href":"https:\/\/15francoallemandeoccitanie.fr\/de\/wp-json\/wp\/v2\/tribe_events\/20091","targetHints":{"allow":["GET"]}}],"collection":[{"href":"https:\/\/15francoallemandeoccitanie.fr\/de\/wp-json\/wp\/v2\/tribe_events"}],"about":[{"href":"https:\/\/15francoallemandeoccitanie.fr\/de\/wp-json\/wp\/v2\/types\/tribe_events"}],"author":[{"embeddable":true,"href":"https:\/\/15francoallemandeoccitanie.fr\/de\/wp-json\/wp\/v2\/users\/1"}],"version-history":[{"count":1,"href":"https:\/\/15francoallemandeoccitanie.fr\/de\/wp-json\/wp\/v2\/tribe_events\/20091\/revisions"}],"predecessor-version":[{"id":20359,"href":"https:\/\/15francoallemandeoccitanie.fr\/de\/wp-json\/wp\/v2\/tribe_events\/20091\/revisions\/20359"}],"wp:attachment":[{"href":"https:\/\/15francoallemandeoccitanie.fr\/de\/wp-json\/wp\/v2\/media?parent=20091"}],"wp:term":[{"taxonomy":"post_tag","embeddable":true,"href":"https:\/\/15francoallemandeoccitanie.fr\/de\/wp-json\/wp\/v2\/tags?post=20091"},{"taxonomy":"tribe_events_cat","embeddable":true,"href":"https:\/\/15francoallemandeoccitanie.fr\/de\/wp-json\/wp\/v2\/tribe_events_cat?post=20091"}],"curies":[{"name":"wp","href":"https:\/\/api.w.org\/{rel}","templated":true}]}}