{"id":20111,"date":"2026-03-02T19:46:56","date_gmt":"2026-03-02T18:46:56","guid":{"rendered":"https:\/\/15francoallemandeoccitanie.fr\/evenement\/evenement-autour-de-lia-et-lethique-en-croisant-les-visions-du-specialiste-allemand-dr-christopher-koska-et-de-lexpert-toulousain-jerome-beranger-2\/"},"modified":"2026-04-02T21:25:47","modified_gmt":"2026-04-02T19:25:47","slug":"evenement-autour-de-lia-et-lethique-en-croisant-les-visions-du-specialiste-allemand-dr-christopher-koska-et-de-lexpert-toulousain-jerome-beranger-2","status":"publish","type":"tribe_events","link":"https:\/\/15francoallemandeoccitanie.fr\/de\/evenement\/evenement-autour-de-lia-et-lethique-en-croisant-les-visions-du-specialiste-allemand-dr-christopher-koska-et-de-lexpert-toulousain-jerome-beranger-2\/","title":{"rendered":"Intelligence artificielle et \u00e9thique : visions europ\u00e9ennes compar\u00e9es"},"content":{"rendered":"<p>Alors que l\u2019intelligence artificielle transforme en profondeur nos soci\u00e9t\u00e9s, les questions li\u00e9es \u00e0 l&#8217;\u00e9thique dans le d\u00e9veloppement de l&#8217;IA se font nombreuses.<br \/>\nDeux chercheurs et experts fran\u00e7ais et allemand, Christopher Koska et J\u00e9r\u00f4me B\u00e9ranger croiseront leurs regards sur les d\u00e9fis pos\u00e9s par ces technologies \u2013 transparence des algorithmes, protection des droits fondamentaux, responsabilit\u00e9 et gouvernance. Ce dialogue franco-allemands suivi d\u2019un \u00e9change avec le public vise \u00e0 contribuer \u00e0 la r\u00e9flexion sur une intelligence artificielle digne de confiance et conforme aux valeurs europ\u00e9ennes.<\/p>\n","protected":false},"excerpt":{"rendered":"<p>Alors que l\u2019intelligence artificielle transforme en profondeur nos soci\u00e9t\u00e9s, les questions li\u00e9es \u00e0 l&#8217;\u00e9thique dans le d\u00e9veloppement de l&#8217;IA se font nombreuses. Deux chercheurs et experts fran\u00e7ais et allemand, Christopher [&#8230;]\n","protected":false},"author":1,"featured_media":21340,"template":"","meta":{"_price":"","_stock":"","_tribe_ticket_header":"","_tribe_default_ticket_provider":"","_tribe_ticket_capacity":"0","_ticket_start_date":"","_ticket_end_date":"","_tribe_ticket_show_description":"","_tribe_ticket_show_not_going":false,"_tribe_ticket_use_global_stock":"","_tribe_ticket_global_stock_level":"","_global_stock_mode":"","_global_stock_cap":"","_tribe_rsvp_for_event":"","_tribe_ticket_going_count":"","_tribe_ticket_not_going_count":"","_tribe_tickets_list":"[]","_tribe_ticket_has_attendee_info_fields":false,"_tribe_events_status":"","_tribe_events_status_reason":"","_tribe_events_is_hybrid":"","_tribe_events_is_virtual":"","_tribe_events_virtual_video_source":"","_tribe_events_virtual_embed_video":"","_tribe_events_virtual_linked_button_text":"","_tribe_events_virtual_linked_button":"","_tribe_events_virtual_show_embed_at":"","_tribe_events_virtual_show_embed_to":[],"_tribe_events_virtual_show_on_event":"","_tribe_events_virtual_show_on_views":"","_tribe_events_virtual_url":"","footnotes":"","_tec_slr_enabled":"","_tec_slr_layout":""},"tags":[],"tribe_events_cat":[19,16,10,130,20,11,17],"class_list":["post-20111","tribe_events","type-tribe_events","status-publish","has-post-thumbnail","hentry","tribe_events_cat-citoyennete","tribe_events_cat-culture","tribe_events_cat-education","tribe_events_cat-education-jeunesse","tribe_events_cat-presentiel-citoyennete","tribe_events_cat-presentiel-education","tribe_events_cat-presentiel-culture","cat_citoyennete","cat_culture","cat_education","cat_education-jeunesse","cat_presentiel-citoyennete","cat_presentiel-education","cat_presentiel-culture"],"ticketed":false,"_links":{"self":[{"href":"https:\/\/15francoallemandeoccitanie.fr\/de\/wp-json\/wp\/v2\/tribe_events\/20111","targetHints":{"allow":["GET"]}}],"collection":[{"href":"https:\/\/15francoallemandeoccitanie.fr\/de\/wp-json\/wp\/v2\/tribe_events"}],"about":[{"href":"https:\/\/15francoallemandeoccitanie.fr\/de\/wp-json\/wp\/v2\/types\/tribe_events"}],"author":[{"embeddable":true,"href":"https:\/\/15francoallemandeoccitanie.fr\/de\/wp-json\/wp\/v2\/users\/1"}],"version-history":[{"count":3,"href":"https:\/\/15francoallemandeoccitanie.fr\/de\/wp-json\/wp\/v2\/tribe_events\/20111\/revisions"}],"predecessor-version":[{"id":20604,"href":"https:\/\/15francoallemandeoccitanie.fr\/de\/wp-json\/wp\/v2\/tribe_events\/20111\/revisions\/20604"}],"wp:featuredmedia":[{"embeddable":true,"href":"https:\/\/15francoallemandeoccitanie.fr\/de\/wp-json\/wp\/v2\/media\/21340"}],"wp:attachment":[{"href":"https:\/\/15francoallemandeoccitanie.fr\/de\/wp-json\/wp\/v2\/media?parent=20111"}],"wp:term":[{"taxonomy":"post_tag","embeddable":true,"href":"https:\/\/15francoallemandeoccitanie.fr\/de\/wp-json\/wp\/v2\/tags?post=20111"},{"taxonomy":"tribe_events_cat","embeddable":true,"href":"https:\/\/15francoallemandeoccitanie.fr\/de\/wp-json\/wp\/v2\/tribe_events_cat?post=20111"}],"curies":[{"name":"wp","href":"https:\/\/api.w.org\/{rel}","templated":true}]}}