{"id":20852,"date":"2026-03-22T20:08:25","date_gmt":"2026-03-22T19:08:25","guid":{"rendered":"https:\/\/15francoallemandeoccitanie.fr\/?post_type=tribe_events&#038;p=20852"},"modified":"2026-03-22T20:08:25","modified_gmt":"2026-03-22T19:08:25","slug":"formation-des-associations-franco-allemandes-3","status":"publish","type":"tribe_events","link":"https:\/\/15francoallemandeoccitanie.fr\/de\/evenement\/formation-des-associations-franco-allemandes-3\/","title":{"rendered":"Formation des associations franco-allemandes"},"content":{"rendered":"<div>Depuis de nombreuses ann\u00e9es, la Maison de Heidelberg accompagne les comit\u00e9s de jumelage et associations franco-allemandes dans la partie Est de l\u2019Occitanie. Des rencontres r\u00e9guli\u00e8res des responsables nous tiennent particuli\u00e8rement \u00e0 coeur afin de renforcer le r\u00e9seau, faire \u00e9merger de bonnes pratiques et des synergies entre les parties prenantes. C\u2019est pourquoi nous sommes fiers de pouvoir accueillir deux demi-journ\u00e9es de formation anim\u00e9es par Jean-Michel Prats, Pr\u00e9sident de la FAFA pour l\u2019Europe.<\/div>\n<div><\/div>\n<div>PROGRAMME 02\/04 &#8211; volet juridique et administratif<\/div>\n<div>14h00 \u00e0 15h15 \u00catre responsable d\u2019un jumelage\/d\u2019une association franco-allemande en 2026<\/div>\n<div>15h15 \u00e0 15h45 Pause caf\u00e9 \/ \u00e9changes<\/div>\n<div>15h45 \u00e0 17h00 De l\u2019id\u00e9e au projet \/ Les demandes de subventions<\/div>\n<div>LES OBJECTIFS DE LA FORMATION<\/div>\n<div>Rappeler les fondamentaux de la gestion d\u2019un jumelage (statuts, r\u00e8glement int\u00e9rieur, RGPD, d\u00e9claration pr\u00e9fecture, le serment d\u2019amiti\u00e9s, les activit\u00e9s avec ses partenaires\u2026)<\/div>\n<div>Rappeler les grandes \u00e9tapes de la gestion de projet<\/div>\n<div>Rappeler les diff\u00e9rents guichets de financement pour un jumelage franco-allemand (FCFA, OFAJ, FDVA, CERV, \u2026)<\/div>\n<div><\/div>\n<div>PROGRAMME 03\/04 &#8211; volet num\u00e9rique et intelligence artificielle<\/div>\n<div>09h30 \u00e0 11h00 Le num\u00e9rique au service des jumelages (o\u00f9 trouver les outils, google pour les associations, le travail collaboratif, Canva, Slack)<\/div>\n<div>11h00 \u00e0 11h30 Pause caf\u00e9 \/ \u00e9changes<\/div>\n<div>11h30 \u00e0 13h00 L\u2019intelligence artificielle au service des jumelages (R\u00e9diger \/ d\u00e9poser \/ r\u00e9aliser \/ g\u00e9rer une subvention avec de l\u2019IA (pr\u00e9requis : connaissance de l\u2019IA)<\/div>\n<div><\/div>\n<div>Toutes les informations: https:\/\/maison-de-heidelberg.org\/agenda\/formation-jumelages-fafa-1\/<\/div>\n","protected":false},"excerpt":{"rendered":"<p>Depuis de nombreuses ann\u00e9es, la Maison de Heidelberg accompagne les comit\u00e9s de jumelage et associations franco-allemandes dans la partie Est de l\u2019Occitanie. Des rencontres r\u00e9guli\u00e8res des responsables nous tiennent particuli\u00e8rement [&#8230;]\n","protected":false},"author":1,"featured_media":20848,"template":"","meta":{"_price":"","_stock":"","_tribe_ticket_header":"","_tribe_default_ticket_provider":"","_tribe_ticket_capacity":"0","_ticket_start_date":"","_ticket_end_date":"","_tribe_ticket_show_description":"","_tribe_ticket_show_not_going":false,"_tribe_ticket_use_global_stock":"","_tribe_ticket_global_stock_level":"","_global_stock_mode":"","_global_stock_cap":"","_tribe_rsvp_for_event":"","_tribe_ticket_going_count":"","_tribe_ticket_not_going_count":"","_tribe_tickets_list":"[]","_tribe_ticket_has_attendee_info_fields":false,"_tribe_events_status":"","_tribe_events_status_reason":"","_tribe_events_is_hybrid":"","_tribe_events_is_virtual":"","_tribe_events_virtual_video_source":"","_tribe_events_virtual_embed_video":"","_tribe_events_virtual_linked_button_text":"","_tribe_events_virtual_linked_button":"","_tribe_events_virtual_show_embed_at":"","_tribe_events_virtual_show_embed_to":[],"_tribe_events_virtual_show_on_event":"","_tribe_events_virtual_show_on_views":"","_tribe_events_virtual_url":"","footnotes":"","_tec_slr_enabled":"","_tec_slr_layout":""},"tags":[],"tribe_events_cat":[19,20],"class_list":["post-20852","tribe_events","type-tribe_events","status-publish","has-post-thumbnail","hentry","tribe_events_cat-citoyennete","tribe_events_cat-presentiel-citoyennete","cat_citoyennete","cat_presentiel-citoyennete"],"ticketed":false,"_links":{"self":[{"href":"https:\/\/15francoallemandeoccitanie.fr\/de\/wp-json\/wp\/v2\/tribe_events\/20852","targetHints":{"allow":["GET"]}}],"collection":[{"href":"https:\/\/15francoallemandeoccitanie.fr\/de\/wp-json\/wp\/v2\/tribe_events"}],"about":[{"href":"https:\/\/15francoallemandeoccitanie.fr\/de\/wp-json\/wp\/v2\/types\/tribe_events"}],"author":[{"embeddable":true,"href":"https:\/\/15francoallemandeoccitanie.fr\/de\/wp-json\/wp\/v2\/users\/1"}],"version-history":[{"count":1,"href":"https:\/\/15francoallemandeoccitanie.fr\/de\/wp-json\/wp\/v2\/tribe_events\/20852\/revisions"}],"predecessor-version":[{"id":20853,"href":"https:\/\/15francoallemandeoccitanie.fr\/de\/wp-json\/wp\/v2\/tribe_events\/20852\/revisions\/20853"}],"wp:featuredmedia":[{"embeddable":true,"href":"https:\/\/15francoallemandeoccitanie.fr\/de\/wp-json\/wp\/v2\/media\/20848"}],"wp:attachment":[{"href":"https:\/\/15francoallemandeoccitanie.fr\/de\/wp-json\/wp\/v2\/media?parent=20852"}],"wp:term":[{"taxonomy":"post_tag","embeddable":true,"href":"https:\/\/15francoallemandeoccitanie.fr\/de\/wp-json\/wp\/v2\/tags?post=20852"},{"taxonomy":"tribe_events_cat","embeddable":true,"href":"https:\/\/15francoallemandeoccitanie.fr\/de\/wp-json\/wp\/v2\/tribe_events_cat?post=20852"}],"curies":[{"name":"wp","href":"https:\/\/api.w.org\/{rel}","templated":true}]}}