{"id":21027,"date":"2026-03-26T18:05:49","date_gmt":"2026-03-26T17:05:49","guid":{"rendered":"https:\/\/15francoallemandeoccitanie.fr\/?post_type=tribe_events&#038;p=21027"},"modified":"2026-03-30T22:08:32","modified_gmt":"2026-03-30T20:08:32","slug":"conference-en-ligne-autour-de-paula-modersohn-becker-et-clara-westhoff-rilke","status":"publish","type":"tribe_events","link":"https:\/\/15francoallemandeoccitanie.fr\/de\/evenement\/conference-en-ligne-autour-de-paula-modersohn-becker-et-clara-westhoff-rilke\/","title":{"rendered":"Conf\u00e9rence en ligne autour de Paula Modersohn-Becker et Clara Westhoff-Rilke"},"content":{"rendered":"<p>L\u2019autrice bilingue Sabine Aussenac, professeure agr\u00e9g\u00e9e d\u2019allemand et doctorante, proposera une conf\u00e9rence en ligne autour de Paula Modersohn-Becker et Clara Westhoff-Rilke, deux cr\u00e9atrices de la colonie d\u2019artistes de Worpswede en Basse-Saxe.<\/p>\n<p>Dans le cadre de sa th\u00e8se en recherche-cr\u00e9ation \u00e0 l\u2019UT2J, Sabine Aussenac croise germanistique, histoire de l\u2019art et \u00e9tudes de genre et s\u2019int\u00e9resse plus particuli\u00e8rement \u00e0 l\u2019\u00e9mancipation par l\u2019art et \u00e0 l\u2019invisibilisation mus\u00e9ale des femmes artistes. Elle a particip\u00e9 r\u00e9cemment \u00e0 une \u00e9mission de France Culture autour de Paula Modersohn-Becker, figure majeure de l\u2019art allemand et pionni\u00e8re de la modernit\u00e9, et pr\u00e9sent\u00e9 le 19 mars des extraits de la pi\u00e8ce qui sera jou\u00e9e lors de sa soutenance de th\u00e8se sur la sc\u00e8ne de la Fabrique \u00e0 Toulouse.<\/p>\n<p>Tr\u00e8s engag\u00e9e dans le franco-allemand par de nombreux textes et diverses actions, l\u2019autrice se propose de faire d\u00e9couvrir deux magnifiques artistes encore trop m\u00e9connues en France. Paula Modersohn-Becker a \u00e9t\u00e9 la premi\u00e8re femme peintre \u00e0 avoir son propre mus\u00e9e et \u00e0 avoir peint un autoportrait de nu. Clara Westhoff-Rilke, immense sculptrice, vit encore aujourd\u2019hui dans l\u2019ombre de son tr\u00e8s c\u00e9l\u00e8bre \u00e9poux.<\/p>\n<p>Modalit\u00e9s\u00a0: inscriptions obligatoires \u00e0 l\u2019adresse suivante\u00a0: <a href=\"mailto:apfelkraut32@yahoo.fr\">apfelkraut32@yahoo.fr<\/a><\/p>\n<ul>\n<li><a href=\"https:\/\/creg.univ-tlse2.fr\/accueil\/membres-de-lequipe\/doctorants-et-docteurs\/sabine-aussenac\">https:\/\/creg.univ-tlse2.fr\/accueil\/membres-de-lequipe\/doctorants-et-docteurs\/sabine-aussenac<\/a><\/li>\n<li><a href=\"https:\/\/www.radiofrance.fr\/franceculture\/podcasts\/toute-une-vie\/paula-modersohn-becker-1876-1907-la-peinture-absolument-9049725\">https:\/\/www.radiofrance.fr\/franceculture\/podcasts\/toute-une-vie\/paula-modersohn-becker-1876-1907-la-peinture-absolument-9049725<\/a><\/li>\n<li><a href=\"https:\/\/www.youtube.com\/watch?v=7HHczyZBKF0&amp;t=3s\">https:\/\/www.youtube.com\/watch?v=7HHczyZBKF0&amp;t=3s<\/a><\/li>\n<li><a href=\"https:\/\/www.youtube.com\/watch?v=kteN6NXHils\">https:\/\/www.youtube.com\/watch?v=kteN6NXHils<\/a><\/li>\n<\/ul>\n<p>Et pour toutes celles et ceux qui souhaiteraient en apprendre plus et d\u00e9couvrir des tr\u00e9sors insoup\u00e7onn\u00e9s de cette riche culture allemande , n&#8217;h\u00e9sitez pas \u00e0 visiter le site de Sabine Aussenac en commen\u00e7ant par l&#8217;article consacr\u00e9 \u00e0 l&#8217;exceptionnel Mus\u00e9e de Duisburg:<\/p>\n<p><a href=\"https:\/\/sabineaussenac.blog\/2026\/02\/28\/cette-beaute-du-monde-le-lehmbruck-museum-de-duisbourg-musees-allemagne-francoallemand-art\/\">Cette beaut\u00e9 du monde: le Lehmbruck Museum de #Duisbourg #mus\u00e9es #Allemagne #francoallemand #art<br \/>\n<\/a><\/p>\n","protected":false},"excerpt":{"rendered":"<p>L\u2019autrice bilingue Sabine Aussenac, professeure agr\u00e9g\u00e9e d\u2019allemand et doctorante, proposera une conf\u00e9rence en ligne autour de Paula Modersohn-Becker et Clara Westhoff-Rilke, deux cr\u00e9atrices de la colonie d\u2019artistes de Worpswede en [&#8230;]\n","protected":false},"author":1,"featured_media":21028,"template":"","meta":{"_price":"","_stock":"","_tribe_ticket_header":"","_tribe_default_ticket_provider":"","_tribe_ticket_capacity":"0","_ticket_start_date":"","_ticket_end_date":"","_tribe_ticket_show_description":"","_tribe_ticket_show_not_going":false,"_tribe_ticket_use_global_stock":"","_tribe_ticket_global_stock_level":"","_global_stock_mode":"","_global_stock_cap":"","_tribe_rsvp_for_event":"","_tribe_ticket_going_count":"","_tribe_ticket_not_going_count":"","_tribe_tickets_list":"[]","_tribe_ticket_has_attendee_info_fields":false,"_tribe_events_status":"","_tribe_events_status_reason":"","_tribe_events_is_hybrid":"","_tribe_events_is_virtual":"","_tribe_events_virtual_video_source":"","_tribe_events_virtual_embed_video":"","_tribe_events_virtual_linked_button_text":"","_tribe_events_virtual_linked_button":"","_tribe_events_virtual_show_embed_at":"","_tribe_events_virtual_show_embed_to":[],"_tribe_events_virtual_show_on_event":"","_tribe_events_virtual_show_on_views":"","_tribe_events_virtual_url":"","footnotes":"","_tec_slr_enabled":"","_tec_slr_layout":""},"tags":[],"tribe_events_cat":[16,18],"class_list":["post-21027","tribe_events","type-tribe_events","status-publish","has-post-thumbnail","hentry","tribe_events_cat-culture","tribe_events_cat-distanciel-culture","cat_culture","cat_distanciel-culture"],"ticketed":false,"_links":{"self":[{"href":"https:\/\/15francoallemandeoccitanie.fr\/de\/wp-json\/wp\/v2\/tribe_events\/21027","targetHints":{"allow":["GET"]}}],"collection":[{"href":"https:\/\/15francoallemandeoccitanie.fr\/de\/wp-json\/wp\/v2\/tribe_events"}],"about":[{"href":"https:\/\/15francoallemandeoccitanie.fr\/de\/wp-json\/wp\/v2\/types\/tribe_events"}],"author":[{"embeddable":true,"href":"https:\/\/15francoallemandeoccitanie.fr\/de\/wp-json\/wp\/v2\/users\/1"}],"version-history":[{"count":6,"href":"https:\/\/15francoallemandeoccitanie.fr\/de\/wp-json\/wp\/v2\/tribe_events\/21027\/revisions"}],"predecessor-version":[{"id":21134,"href":"https:\/\/15francoallemandeoccitanie.fr\/de\/wp-json\/wp\/v2\/tribe_events\/21027\/revisions\/21134"}],"wp:featuredmedia":[{"embeddable":true,"href":"https:\/\/15francoallemandeoccitanie.fr\/de\/wp-json\/wp\/v2\/media\/21028"}],"wp:attachment":[{"href":"https:\/\/15francoallemandeoccitanie.fr\/de\/wp-json\/wp\/v2\/media?parent=21027"}],"wp:term":[{"taxonomy":"post_tag","embeddable":true,"href":"https:\/\/15francoallemandeoccitanie.fr\/de\/wp-json\/wp\/v2\/tags?post=21027"},{"taxonomy":"tribe_events_cat","embeddable":true,"href":"https:\/\/15francoallemandeoccitanie.fr\/de\/wp-json\/wp\/v2\/tribe_events_cat?post=21027"}],"curies":[{"name":"wp","href":"https:\/\/api.w.org\/{rel}","templated":true}]}}