{"id":21049,"date":"2026-03-27T09:33:49","date_gmt":"2026-03-27T08:33:49","guid":{"rendered":"https:\/\/15francoallemandeoccitanie.fr\/?post_type=tribe_events&#038;p=21049"},"modified":"2026-04-02T10:25:45","modified_gmt":"2026-04-02T08:25:45","slug":"lettre-a-un-ami-francais-hommage-a-an-manfred-flugge","status":"publish","type":"tribe_events","link":"https:\/\/15francoallemandeoccitanie.fr\/de\/evenement\/lettre-a-un-ami-francais-hommage-a-an-manfred-flugge\/","title":{"rendered":"\u00ab Lettre \u00e0 un ami fran\u00e7ais : Hommage \u00e0\/an Manfred Fl\u00fcgge \u00bb"},"content":{"rendered":"<p>Ce projet rend hommage \u00e0 l\u00b4\u00e9crivain Manfred Fl\u00fcgge, d\u00e9c\u00e9d\u00e9 en mars 2025, passeur de fronti\u00e8res culturelles (Prix Jean Monnet du dialogue europ\u00e9en en 2014), biographe d\u00b4auteur.e.s et artistes allemand.e.s s\u00b4\u00e9tant r\u00e9fugi\u00e9.e.s en France en 1933. Il mettra \u00e0 l\u00b4honneur l\u2019univers po\u00e9tique et litt\u00e9raire de Manfred Fl\u00fcgge au travers de la lecture du texte \u00ab Lettre \u00e0 un ami fran\u00e7ais \u00bb en langue fran\u00e7aise et allemande, \u00e9crit dans le contexte \u00e9lectoral de l\u00b4ann\u00e9e 2017, illustrant une des premi\u00e8res exp\u00e9riences d\u00b4\u00e9change franco-allemand. Le texte sera lu par Elsa Tulmets (enseignante-chercheuse, CMB, Univ. Viadrina) et M\u00e9lina Burlaud (professeure au Conservatoire \u00e0 Rayonnement R\u00e9gional de Toulouse), toutes deux franco-allemandes, et accompagn\u00e9s de moments musicaux. Il met en avant l\u00b4engagement litt\u00e9raire de l\u00b4auteur et propose un espace de r\u00e9silience au-del\u00e0 de la relation franco-allemande.<\/p>\n<p>Liens zoom \u00e0 demander \u00e0: elsa.tulmets@europa-uni.de et mburlaud@hotmail.com<\/p>\n<p>Info: <a href=\"https:\/\/semaineetudiant.univ-toulouse.fr\/engagement-associatif-citoyen\/turbine-universite-toulouse\/programmation-mois-turbine\">https:\/\/semaineetudiant.univ-toulouse.fr\/engagement-associatif-citoyen\/turbine-universite-toulouse\/programmation-mois-turbine<\/a><\/p>\n<p>13.00 &#8211; 14.00<\/p>\n<p>espace La Turbine &#8211; Cit\u00e9 Internationale Universitaire &#8211; 17 rue Sainte Catherine &#8211; 31400 Toulouse (M\u00b0 Palais de Justice)<\/p>\n<p>Illustration:<\/p>\n<ul>\n<li>Dr. habil Elsa Tulmets-Gerhardt \u2022 Europa Universit\u00e4t Viadrina \u00a9 Europa Universit\u00e4t Viadrina<\/li>\n<li>M\u00e9lina Burlaud<\/li>\n<\/ul>\n","protected":false},"excerpt":{"rendered":"<p>Ce projet rend hommage \u00e0 l\u00b4\u00e9crivain Manfred Fl\u00fcgge, d\u00e9c\u00e9d\u00e9 en mars 2025, passeur de fronti\u00e8res culturelles (Prix Jean Monnet du dialogue europ\u00e9en en 2014), biographe d\u00b4auteur.e.s et artistes allemand.e.s s\u00b4\u00e9tant [&#8230;]\n","protected":false},"author":1,"featured_media":21056,"template":"","meta":{"_price":"","_stock":"","_tribe_ticket_header":"","_tribe_default_ticket_provider":"","_tribe_ticket_capacity":"0","_ticket_start_date":"","_ticket_end_date":"","_tribe_ticket_show_description":"","_tribe_ticket_show_not_going":false,"_tribe_ticket_use_global_stock":"","_tribe_ticket_global_stock_level":"","_global_stock_mode":"","_global_stock_cap":"","_tribe_rsvp_for_event":"","_tribe_ticket_going_count":"","_tribe_ticket_not_going_count":"","_tribe_tickets_list":"[]","_tribe_ticket_has_attendee_info_fields":false,"_tribe_events_status":"","_tribe_events_status_reason":"","_tribe_events_is_hybrid":"","_tribe_events_is_virtual":"","_tribe_events_virtual_video_source":"","_tribe_events_virtual_embed_video":"","_tribe_events_virtual_linked_button_text":"","_tribe_events_virtual_linked_button":"","_tribe_events_virtual_show_embed_at":"","_tribe_events_virtual_show_embed_to":[],"_tribe_events_virtual_show_on_event":"","_tribe_events_virtual_show_on_views":"","_tribe_events_virtual_url":"","footnotes":"","_tec_slr_enabled":"","_tec_slr_layout":""},"tags":[],"tribe_events_cat":[19,16,10,126,127,20,11,17],"class_list":["post-21049","tribe_events","type-tribe_events","status-publish","has-post-thumbnail","hentry","tribe_events_cat-citoyennete","tribe_events_cat-culture","tribe_events_cat-education","tribe_events_cat-esr","tribe_events_cat-jeunesse","tribe_events_cat-presentiel-citoyennete","tribe_events_cat-presentiel-education","tribe_events_cat-presentiel-culture","cat_citoyennete","cat_culture","cat_education","cat_esr","cat_jeunesse","cat_presentiel-citoyennete","cat_presentiel-education","cat_presentiel-culture"],"ticketed":false,"_links":{"self":[{"href":"https:\/\/15francoallemandeoccitanie.fr\/de\/wp-json\/wp\/v2\/tribe_events\/21049","targetHints":{"allow":["GET"]}}],"collection":[{"href":"https:\/\/15francoallemandeoccitanie.fr\/de\/wp-json\/wp\/v2\/tribe_events"}],"about":[{"href":"https:\/\/15francoallemandeoccitanie.fr\/de\/wp-json\/wp\/v2\/types\/tribe_events"}],"author":[{"embeddable":true,"href":"https:\/\/15francoallemandeoccitanie.fr\/de\/wp-json\/wp\/v2\/users\/1"}],"version-history":[{"count":7,"href":"https:\/\/15francoallemandeoccitanie.fr\/de\/wp-json\/wp\/v2\/tribe_events\/21049\/revisions"}],"predecessor-version":[{"id":21217,"href":"https:\/\/15francoallemandeoccitanie.fr\/de\/wp-json\/wp\/v2\/tribe_events\/21049\/revisions\/21217"}],"wp:featuredmedia":[{"embeddable":true,"href":"https:\/\/15francoallemandeoccitanie.fr\/de\/wp-json\/wp\/v2\/media\/21056"}],"wp:attachment":[{"href":"https:\/\/15francoallemandeoccitanie.fr\/de\/wp-json\/wp\/v2\/media?parent=21049"}],"wp:term":[{"taxonomy":"post_tag","embeddable":true,"href":"https:\/\/15francoallemandeoccitanie.fr\/de\/wp-json\/wp\/v2\/tags?post=21049"},{"taxonomy":"tribe_events_cat","embeddable":true,"href":"https:\/\/15francoallemandeoccitanie.fr\/de\/wp-json\/wp\/v2\/tribe_events_cat?post=21049"}],"curies":[{"name":"wp","href":"https:\/\/api.w.org\/{rel}","templated":true}]}}