{"id":2687,"date":"2023-03-21T08:54:30","date_gmt":"2023-03-21T07:54:30","guid":{"rendered":"https:\/\/15francoallemandeoccitanie.fr\/?post_type=tribe_events&#038;p=2687"},"modified":"2023-03-21T08:54:30","modified_gmt":"2023-03-21T07:54:30","slug":"la-souverainete-numerique-sera-europeenne-ou-ne-sera-pas","status":"publish","type":"tribe_events","link":"https:\/\/15francoallemandeoccitanie.fr\/de\/evenement\/la-souverainete-numerique-sera-europeenne-ou-ne-sera-pas\/","title":{"rendered":"La souverainet\u00e9 num\u00e9rique sera europ\u00e9enne ou ne sera pas !"},"content":{"rendered":"<h3><span class=\"fontstyle0\">A l&#8217;occasion de la c\u00e9l\u00e9bration du 60\u00e8me anniversaire de la signature du Trait\u00e9 de Versailles, le Chancelier Olaf Scholz et le pr\u00e9sident Emmanuel Macron ont insist\u00e9 sur l\u2019importance de revoir notre politique commune en mati\u00e8re de souverainet\u00e9.<br \/>\n<\/span><\/h3>\n<h3><span class=\"fontstyle0\">En tant qu\u2019organisation repr\u00e9sentante des cr\u00e9ateurs et dirigeants d\u2019entreprise, il nous a paru opportun de profiter de la prochaine Quinzaine franco-allemande d\u2019Occitanie pour proposer un \u00e9v\u00e8nement autour de la souverainet\u00e9 num\u00e9rique. Qui, de notre point de vue ne pourra \u00eatre qu\u2019Europ\u00e9enne (compte tenu des enjeux politiques, des ressources, comp\u00e9tences et des besoins d\u2019investissement n\u00e9cessaires).<\/span><\/h3>\n<h3><span class=\"fontstyle2\">&#8211; Pourquoi <\/span><span class=\"fontstyle0\">les allemands s\u2019adressent en premier aux am\u00e9ricains (ou isra\u00e9liens en Cybers\u00e9curit\u00e9) quand ils ne trouvent pas de solutions technologiques satisfaisantes en Allemagne ? Alors qu\u2019ils pourraient trouver en France des partenaires comp\u00e9tents et fiables.<br \/>\n<\/span><span class=\"fontstyle2\">&#8211; Pourquoi <\/span><span class=\"fontstyle0\">les fran\u00e7ais se pr\u00e9cipitent en Chine quand ils ne trouvent pas de partenaires industriels satisfaisants en France ? Alors qu\u2019il existe en Allemagne (et en particulier dans les nouveaux Landers) des partenaires industriels fiables et fournissant des produits d\u2019une qualit\u00e9 sans appel.<\/span><\/h3>\n<p>&nbsp;<\/p>\n<h3><em>Le 05.04.2023, 17H00, une table ronde sera organis\u00e9e au Midi Libre sous la mod\u00e9ration de Oliver Biscaye, chef r\u00e9dacteur du Midi Libre.<\/em><\/h3>\n<h3><em>Ev\u00e9nement hybride en traduction simultan\u00e9e en allemand et fran\u00e7ais<\/em><\/h3>\n<p>&nbsp;<\/p>\n<h3><span class=\"fontstyle0\"><strong>Table ronde I<\/strong><br \/>\nRisques et impacts de la souverainet\u00e9 num\u00e9rique<br \/>\nLes normes internationales et europ\u00e9ennes<br \/>\nL\u2019European Data Act et ses limites<\/span><\/h3>\n<h3><span class=\"fontstyle0\"><br \/>\n<strong>Table ronde II<\/strong><br \/>\nDes solutions souveraines europ\u00e9ennes affranchies des<br \/>\nleaders mondiaux ?<\/span><\/h3>\n<h3>Place limit\u00e9e, inscription <a href=\"https:\/\/my.weezevent.com\/la-souverainete-numerique\">ici<\/a><\/h3>\n<p>&nbsp;<\/p>\n","protected":false},"excerpt":{"rendered":"<p>A l&#8217;occasion de la c\u00e9l\u00e9bration du 60\u00e8me anniversaire de la signature du Trait\u00e9 de Versailles, le Chancelier Olaf Scholz et le pr\u00e9sident Emmanuel Macron ont insist\u00e9 sur l\u2019importance de revoir [&#8230;]\n","protected":false},"author":5,"featured_media":2690,"template":"","meta":{"_price":"","_stock":"","_tribe_ticket_header":"","_tribe_default_ticket_provider":"","_tribe_ticket_capacity":"0","_ticket_start_date":"","_ticket_end_date":"","_tribe_ticket_show_description":"","_tribe_ticket_show_not_going":false,"_tribe_ticket_use_global_stock":"","_tribe_ticket_global_stock_level":"","_global_stock_mode":"","_global_stock_cap":"","_tribe_rsvp_for_event":"","_tribe_ticket_going_count":"","_tribe_ticket_not_going_count":"","_tribe_tickets_list":"[]","_tribe_ticket_has_attendee_info_fields":false,"_tribe_events_status":"","_tribe_events_status_reason":"","_tribe_events_is_hybrid":"","_tribe_events_is_virtual":"","_tribe_events_virtual_video_source":"","_tribe_events_virtual_embed_video":"","_tribe_events_virtual_linked_button_text":"","_tribe_events_virtual_linked_button":"","_tribe_events_virtual_show_embed_at":"","_tribe_events_virtual_show_embed_to":[],"_tribe_events_virtual_show_on_event":"","_tribe_events_virtual_show_on_views":"","_tribe_events_virtual_url":"","footnotes":"","_tec_slr_enabled":"","_tec_slr_layout":""},"tags":[],"tribe_events_cat":[15,13,14],"class_list":["post-2687","tribe_events","type-tribe_events","status-publish","has-post-thumbnail","hentry","tribe_events_cat-distanciel-economie","tribe_events_cat-economie","tribe_events_cat-presentiel-economie","cat_distanciel-economie","cat_economie","cat_presentiel-economie"],"ticketed":false,"_links":{"self":[{"href":"https:\/\/15francoallemandeoccitanie.fr\/de\/wp-json\/wp\/v2\/tribe_events\/2687","targetHints":{"allow":["GET"]}}],"collection":[{"href":"https:\/\/15francoallemandeoccitanie.fr\/de\/wp-json\/wp\/v2\/tribe_events"}],"about":[{"href":"https:\/\/15francoallemandeoccitanie.fr\/de\/wp-json\/wp\/v2\/types\/tribe_events"}],"author":[{"embeddable":true,"href":"https:\/\/15francoallemandeoccitanie.fr\/de\/wp-json\/wp\/v2\/users\/5"}],"version-history":[{"count":1,"href":"https:\/\/15francoallemandeoccitanie.fr\/de\/wp-json\/wp\/v2\/tribe_events\/2687\/revisions"}],"predecessor-version":[{"id":2692,"href":"https:\/\/15francoallemandeoccitanie.fr\/de\/wp-json\/wp\/v2\/tribe_events\/2687\/revisions\/2692"}],"wp:featuredmedia":[{"embeddable":true,"href":"https:\/\/15francoallemandeoccitanie.fr\/de\/wp-json\/wp\/v2\/media\/2690"}],"wp:attachment":[{"href":"https:\/\/15francoallemandeoccitanie.fr\/de\/wp-json\/wp\/v2\/media?parent=2687"}],"wp:term":[{"taxonomy":"post_tag","embeddable":true,"href":"https:\/\/15francoallemandeoccitanie.fr\/de\/wp-json\/wp\/v2\/tags?post=2687"},{"taxonomy":"tribe_events_cat","embeddable":true,"href":"https:\/\/15francoallemandeoccitanie.fr\/de\/wp-json\/wp\/v2\/tribe_events_cat?post=2687"}],"curies":[{"name":"wp","href":"https:\/\/api.w.org\/{rel}","templated":true}]}}