{"id":3482,"date":"2023-04-21T11:32:51","date_gmt":"2023-04-21T09:32:51","guid":{"rendered":"https:\/\/15francoallemandeoccitanie.fr\/?post_type=tribe_events&#038;p=3482"},"modified":"2023-04-21T11:32:51","modified_gmt":"2023-04-21T09:32:51","slug":"colere-wut-projection-du-film-de-danse-de-la-choregraphe-anouk-orignac-et-de-la-videaste-maylis-sanchez","status":"publish","type":"tribe_events","link":"https:\/\/15francoallemandeoccitanie.fr\/de\/evenement\/colere-wut-projection-du-film-de-danse-de-la-choregraphe-anouk-orignac-et-de-la-videaste-maylis-sanchez\/","title":{"rendered":"COLERE &#8211; WUT, projection du film de danse de la chor\u00e9graphe Anouk Orignac et de la vid\u00e9aste Maylis Sanchez,"},"content":{"rendered":"<p><span style=\"font-size: 130%;\">\u00ab S\u2018appropriant les corps, les rythmes, les sons, les mots et les voix de la col\u00e8re, cette vid\u00e9o-danse sign\u00e9e Anouk Orignac et Maylis Sanchez met en sc\u00e8ne une femme aux multiples visages. <\/span><\/p>\n<p><span style=\"font-size: 130%;\">Face \u00e0 l\u2019impossibilit\u00e9 de raconter lin\u00e9airement une crise personnelle, les d\u00e9buts d\u2019histoires s\u2019accumulent et laissent place \u00e0 un individu fragment\u00e9. Un \u00ab je \u00bb dont le corps r\u00e9siste, se soul\u00e8ve, h\u00e9site entre protestation et r\u00e9signation, entre f\u00eate et violence : m\u00e2choire et poings serr\u00e9s, sourcils fronc\u00e9s, peau qui s\u2019\u00e9chauffe, souffle qui s\u2019intensifie, cris, pleurs, r\u00e2les, chuchotements, neutralit\u00e9 brutale. \u00ab Col\u00e8re \u00bb est une tentative carnavalesque de composer avec la vie sans destin, la vie sans transcendance. Une invitation \u00e0 saisir la beaut\u00e9 condamn\u00e9e de l&#8217;\u00e9ph\u00e9m\u00e8re. Raconter pour sublimer, raconter pour r\u00e9sister.\u00bb<\/span><\/p>\n<p><span style=\"font-size: 130%;\">Chor\u00e9graphie et interpr\u00e9tation : Anouk Orignac<\/span><br \/>\n<span style=\"font-size: 130%;\">Conception vid\u00e9o : Maylis Sanchez<\/span><br \/>\n<span style=\"font-size: 130%;\">Conception lumi\u00e8re : Coraline Croas<\/span><br \/>\n<span style=\"font-size: 130%;\">Musique : Le cheval de Turin, Myhali Vig<\/span><\/p>\n<p>&nbsp;<\/p>\n<p><span style=\"font-size: 130%;\">3 Projections: <strong>19h30, 21h00, 22h30\u00a0<\/strong><\/span><\/p>\n<p><span style=\"font-size: 130%;\">Ce projet se poursuivra le 31.05.2023 \u00e0 la salle du S\u00e9n\u00e9chal de Toulouse et le 01.07.2023 lors de la &#8222;Grande F\u00eate Fran\u00e7aise&#8220;.\u00a0<\/span><\/p>\n<p>&nbsp;<\/p>\n<p>&nbsp;<\/p>\n<p><strong><em><span style=\"font-size: 130%;\">En partenariat avec : l\u2019association Danzon, le Conseil d\u00e9partemental Espace Roguet, l\u2019Institut Fran\u00e7ais D\u00fcsseldorf, la Mairie de D\u00fcsseldorf, Toulouse M\u00e9tropole, Zakk D\u00fcsseldorf<\/span><\/em><\/strong><\/p>\n<p>&nbsp;<\/p>\n<ul>\n<li><span style=\"font-size: 130%;\">\u00a0<\/span><\/li>\n<\/ul>\n","protected":false},"excerpt":{"rendered":"<p>\u00ab S\u2018appropriant les corps, les rythmes, les sons, les mots et les voix de la col\u00e8re, cette vid\u00e9o-danse sign\u00e9e Anouk Orignac et Maylis Sanchez met en sc\u00e8ne une femme aux [&#8230;]\n","protected":false},"author":5,"featured_media":3483,"template":"","meta":{"_price":"","_stock":"","_tribe_ticket_header":"","_tribe_default_ticket_provider":"","_tribe_ticket_capacity":"0","_ticket_start_date":"","_ticket_end_date":"","_tribe_ticket_show_description":"","_tribe_ticket_show_not_going":false,"_tribe_ticket_use_global_stock":"","_tribe_ticket_global_stock_level":"","_global_stock_mode":"","_global_stock_cap":"","_tribe_rsvp_for_event":"","_tribe_ticket_going_count":"","_tribe_ticket_not_going_count":"","_tribe_tickets_list":"[]","_tribe_ticket_has_attendee_info_fields":false,"_tribe_events_status":"","_tribe_events_status_reason":"","_tribe_events_is_hybrid":"","_tribe_events_is_virtual":"","_tribe_events_virtual_video_source":"","_tribe_events_virtual_embed_video":"","_tribe_events_virtual_linked_button_text":"","_tribe_events_virtual_linked_button":"","_tribe_events_virtual_show_embed_at":"","_tribe_events_virtual_show_embed_to":[],"_tribe_events_virtual_show_on_event":"","_tribe_events_virtual_show_on_views":"","_tribe_events_virtual_url":"","footnotes":"","_tec_slr_enabled":"","_tec_slr_layout":""},"tags":[],"tribe_events_cat":[16,17],"class_list":["post-3482","tribe_events","type-tribe_events","status-publish","has-post-thumbnail","hentry","tribe_events_cat-culture","tribe_events_cat-presentiel-culture","cat_culture","cat_presentiel-culture"],"ticketed":false,"_links":{"self":[{"href":"https:\/\/15francoallemandeoccitanie.fr\/de\/wp-json\/wp\/v2\/tribe_events\/3482","targetHints":{"allow":["GET"]}}],"collection":[{"href":"https:\/\/15francoallemandeoccitanie.fr\/de\/wp-json\/wp\/v2\/tribe_events"}],"about":[{"href":"https:\/\/15francoallemandeoccitanie.fr\/de\/wp-json\/wp\/v2\/types\/tribe_events"}],"author":[{"embeddable":true,"href":"https:\/\/15francoallemandeoccitanie.fr\/de\/wp-json\/wp\/v2\/users\/5"}],"version-history":[{"count":1,"href":"https:\/\/15francoallemandeoccitanie.fr\/de\/wp-json\/wp\/v2\/tribe_events\/3482\/revisions"}],"predecessor-version":[{"id":3485,"href":"https:\/\/15francoallemandeoccitanie.fr\/de\/wp-json\/wp\/v2\/tribe_events\/3482\/revisions\/3485"}],"wp:featuredmedia":[{"embeddable":true,"href":"https:\/\/15francoallemandeoccitanie.fr\/de\/wp-json\/wp\/v2\/media\/3483"}],"wp:attachment":[{"href":"https:\/\/15francoallemandeoccitanie.fr\/de\/wp-json\/wp\/v2\/media?parent=3482"}],"wp:term":[{"taxonomy":"post_tag","embeddable":true,"href":"https:\/\/15francoallemandeoccitanie.fr\/de\/wp-json\/wp\/v2\/tags?post=3482"},{"taxonomy":"tribe_events_cat","embeddable":true,"href":"https:\/\/15francoallemandeoccitanie.fr\/de\/wp-json\/wp\/v2\/tribe_events_cat?post=3482"}],"curies":[{"name":"wp","href":"https:\/\/api.w.org\/{rel}","templated":true}]}}