{"id":3916,"date":"2023-08-30T18:07:39","date_gmt":"2023-08-30T16:07:39","guid":{"rendered":"https:\/\/15francoallemandeoccitanie.fr\/?post_type=tribe_events&#038;p=3916"},"modified":"2023-08-30T18:22:19","modified_gmt":"2023-08-30T16:22:19","slug":"politiques-sociales-europeennes-differences-et-perspectives-a-partir-de-lexemple-de-lallemagne-et-de-la-france","status":"publish","type":"tribe_events","link":"https:\/\/15francoallemandeoccitanie.fr\/de\/evenement\/politiques-sociales-europeennes-differences-et-perspectives-a-partir-de-lexemple-de-lallemagne-et-de-la-france\/","title":{"rendered":"Politiques sociales europ\u00e9ennes : diff\u00e9rences et perspectives a\u0300 partir de l\u2019exemple de l\u2019Allemagne et de la France"},"content":{"rendered":"<p><span style=\"font-size: 115%; color: #000000;\">Au regard d\u2019une actualit\u00e9\u0301 pr\u00e9gnante aussi bien en France qu\u2019en Allemagne, la question des politiques sociales, de leur histoire et de leurs perspectives europ\u00e9ennes\u00a0fera l\u2019objet d\u2019un colloque universitaire franco- allemand le 30 septembre 2023 \u00e0 l\u2019universit\u00e9 Montpellier 3 dans une triple vis\u00e9e : nourrir la recherche universitaire, offrir des informations de r\u00e9f\u00e9rence au grand public et lui donner la possibilit\u00e9\u0301 d\u2019en d\u00e9battre, apporter des \u00e9l\u00e9ments de formation de haut niveau aux \u00e9tudiants. <\/span><\/p>\n<p><span style=\"font-size: 115%;\">Tout d\u2019abord, dans une perspective historique, la premi\u00e8re demi-journ\u00e9e sera consacr\u00e9e a\u0300 l\u2019analyse de l\u2019\u00e9volution des politiques sociales en Allemagne et en France, l\u2019objectif \u00e9tant de replacer les mod\u00e8les sociaux des deux pays dans leurs contextes nationaux et de mesurer le chemin parcouru depuis les d\u00e9buts de la construction europ\u00e9enne et le traite\u0301 de l\u2019\u00c9lys\u00e9e. <\/span><\/p>\n<p><span style=\"font-size: 115%;\">La seconde demi-journ\u00e9e \u00e9largira la th\u00e9matique a\u0300 l\u2019Europe tant sous l\u2019angle des \u00e9volutions juridiques que de l\u2019engagement social : une table ronde permettra de consid\u00e9rer l\u2019\u00e9tat actuel des relations sociales (r\u00e9glementation, relations entre partenaires sociaux, attribution de fonds), des projets et enjeux de d\u00e9veloppements envisageables a\u0300 moyen terme.<\/span><\/p>\n<p><span style=\"font-size: 110%;\">Pour consulter le programme, cliquez<a href=\"https:\/\/maison-de-heidelberg.org\/agenda\/politiques-sociales-europeennes\/\"> ici<\/a><\/span><\/p>\n<p>&nbsp;<\/p>\n<p><span style=\"font-size: 115%;\">**La manifestation s\u2019adresse a\u0300 un large public et vise a\u0300 favoriser l\u2019\u00e9change avec les intervenant\u00b7es. <\/span><span style=\"font-size: 115%;\">Parmi eux figurent des politologues, historien\u00b7ne\u00b7s, germanistes, \u00e9conomistes, juristes et parties prenantes des relations sociales en Allemagne et en France.<\/span><\/p>\n<p><span style=\"font-size: 110%;\">Porteurs de projet:<\/span> <span style=\"font-size: 115%;\"><em>Le Mouvement Europ\u00e9en de l\u2019H\u00e9rault (MEF34), le Centre de Recherches et d\u2019\u00c9tudes Germaniques de l\u2019Universit\u00e9 Paul-Val\u00e9ry (CREG), la Maison de l\u2019Europe de l\u2019H\u00e9rault, la Maison de Heidelberg, le R\u00e9seau d\u2019affaires franco-allemand (RAFAL)<\/em><\/span><\/p>\n","protected":false},"excerpt":{"rendered":"<p>Au regard d\u2019une actualit\u00e9\u0301 pr\u00e9gnante aussi bien en France qu\u2019en Allemagne, la question des politiques sociales, de leur histoire et de leurs perspectives europ\u00e9ennes\u00a0fera l\u2019objet d\u2019un colloque universitaire franco- allemand [&#8230;]\n","protected":false},"author":5,"featured_media":3917,"template":"","meta":{"_price":"","_stock":"","_tribe_ticket_header":"","_tribe_default_ticket_provider":"","_tribe_ticket_capacity":"0","_ticket_start_date":"","_ticket_end_date":"","_tribe_ticket_show_description":"","_tribe_ticket_show_not_going":false,"_tribe_ticket_use_global_stock":"","_tribe_ticket_global_stock_level":"","_global_stock_mode":"","_global_stock_cap":"","_tribe_rsvp_for_event":"","_tribe_ticket_going_count":"","_tribe_ticket_not_going_count":"","_tribe_tickets_list":"[]","_tribe_ticket_has_attendee_info_fields":false,"_tribe_events_status":"","_tribe_events_status_reason":"","_tribe_events_is_hybrid":"","_tribe_events_is_virtual":"","_tribe_events_virtual_video_source":"","_tribe_events_virtual_embed_video":"","_tribe_events_virtual_linked_button_text":"","_tribe_events_virtual_linked_button":"","_tribe_events_virtual_show_embed_at":"","_tribe_events_virtual_show_embed_to":[],"_tribe_events_virtual_show_on_event":"","_tribe_events_virtual_show_on_views":"","_tribe_events_virtual_url":"","footnotes":"","_tec_slr_enabled":"","_tec_slr_layout":""},"tags":[],"tribe_events_cat":[19,10,11,20],"class_list":["post-3916","tribe_events","type-tribe_events","status-publish","has-post-thumbnail","hentry","tribe_events_cat-citoyennete","tribe_events_cat-education","tribe_events_cat-presentiel-education","tribe_events_cat-presentiel-citoyennete","cat_citoyennete","cat_education","cat_presentiel-education","cat_presentiel-citoyennete"],"ticketed":false,"_links":{"self":[{"href":"https:\/\/15francoallemandeoccitanie.fr\/de\/wp-json\/wp\/v2\/tribe_events\/3916","targetHints":{"allow":["GET"]}}],"collection":[{"href":"https:\/\/15francoallemandeoccitanie.fr\/de\/wp-json\/wp\/v2\/tribe_events"}],"about":[{"href":"https:\/\/15francoallemandeoccitanie.fr\/de\/wp-json\/wp\/v2\/types\/tribe_events"}],"author":[{"embeddable":true,"href":"https:\/\/15francoallemandeoccitanie.fr\/de\/wp-json\/wp\/v2\/users\/5"}],"version-history":[{"count":7,"href":"https:\/\/15francoallemandeoccitanie.fr\/de\/wp-json\/wp\/v2\/tribe_events\/3916\/revisions"}],"predecessor-version":[{"id":3926,"href":"https:\/\/15francoallemandeoccitanie.fr\/de\/wp-json\/wp\/v2\/tribe_events\/3916\/revisions\/3926"}],"wp:featuredmedia":[{"embeddable":true,"href":"https:\/\/15francoallemandeoccitanie.fr\/de\/wp-json\/wp\/v2\/media\/3917"}],"wp:attachment":[{"href":"https:\/\/15francoallemandeoccitanie.fr\/de\/wp-json\/wp\/v2\/media?parent=3916"}],"wp:term":[{"taxonomy":"post_tag","embeddable":true,"href":"https:\/\/15francoallemandeoccitanie.fr\/de\/wp-json\/wp\/v2\/tags?post=3916"},{"taxonomy":"tribe_events_cat","embeddable":true,"href":"https:\/\/15francoallemandeoccitanie.fr\/de\/wp-json\/wp\/v2\/tribe_events_cat?post=3916"}],"curies":[{"name":"wp","href":"https:\/\/api.w.org\/{rel}","templated":true}]}}