{"id":4400,"date":"2024-02-18T22:08:07","date_gmt":"2024-02-18T21:08:07","guid":{"rendered":"https:\/\/15francoallemandeoccitanie.fr\/?post_type=tribe_events&#038;p=4400"},"modified":"2024-02-18T22:08:07","modified_gmt":"2024-02-18T21:08:07","slug":"le-developpement-durable-urbain-en-france-et-en-allemagne","status":"publish","type":"tribe_events","link":"https:\/\/15francoallemandeoccitanie.fr\/de\/evenement\/le-developpement-durable-urbain-en-france-et-en-allemagne\/","title":{"rendered":"Le d\u00e9veloppement durable urbain en France et en Allemagne"},"content":{"rendered":"<p>Le Forum pour l\u2019avenir franco-allemand \u2013 un nouvel instrument de la coop\u00e9ration franco-allemande<br \/>\nCe que les collectivit\u00e9s allemandes et fran\u00e7aises peuvent apprendre les unes des autres<\/p>\n<p>Une conf\u00e9rence par Prof. Frank Baasner<\/p>\n<p>La coop\u00e9ration franco-allemande atteint aujourd\u2019hui une intensit\u00e9 sans pr\u00e9c\u00e9dent : depuis 75 ans, l\u2019Allemagne et la France ont cr\u00e9\u00e9 un nombre record de structures de coop\u00e9ration, institutionnels et informels, \u00e0 tous les niveaux \u2013 f\u00e9d\u00e9ral, r\u00e9gional et communal, entre gouvernements, administrations, acteurs \u00e9conomiques, \u00e9lus et soci\u00e9t\u00e9 civile. Cette densit\u00e9 de structures de coop\u00e9ration et de contacts entre deux \u00c9tats est unique au monde.<\/p>\n<p>Un nouveau chapitre de la coop\u00e9ration franco-allemande s\u2019est ouvert avec la signature du trait\u00e9 d\u2019Aix-la-Chapelle en 2019. Effectivement, le trait\u00e9 instaure quelques instruments nouveaux qui soutiennent la coop\u00e9ration aux niveaux local et r\u00e9gional. Le Forum pour l\u2019avenir franco-allemand en fait partie.<\/p>\n<p>\u00ab Les parties prenantes et les acteurs int\u00e9ress\u00e9s des deux \u00c9tats sont r\u00e9unis au sein d\u2019un Forum pour l\u2019avenir franco-allemand afin de travailler sur les processus de transformation de leurs soci\u00e9t\u00e9s. \u00bb (Trait\u00e9 d\u2019Aix-la-Chapelle, article 22)<\/p>\n<p>Le Forum pour l\u2019avenir travaille chaque ann\u00e9e sur un sujet sp\u00e9cifique du grand panorama des transformations qui changent profond\u00e9ment nos soci\u00e9t\u00e9s et nos syst\u00e8mes \u00e9conomiques. En 2023, nous avons travaill\u00e9 sur le d\u00e9veloppement durable urbain. Les dialogues et discussions entre fran\u00e7ais et allemands, qui se sont \u00e9chelonn\u00e9s sur plusieurs mois, ont impliqu\u00e9 des repr\u00e9sentants de l\u2019administration, de la recherche, de l\u2019\u00e9conomie et de la soci\u00e9t\u00e9 civile.  Les r\u00e9sultats des \u00e9changes ont abouti \u00e0 des recommandations politiques.<\/p>\n<p>Les villes et les communes, que ce soit en Allemagne ou en France, se r\u00e9organisent pour rester des lieux de vie agr\u00e9ables et r\u00e9silients, aujourd\u2019hui et demain. Les collectivit\u00e9s sont et resteront le cadre de nos futurs modes de vie et de travail, qui devront tenir compte des imp\u00e9ratifs \u00e9cologiques. Avec nos recommandations politiques, nous sugg\u00e9rons comment les gouvernements nationaux et les L\u00e4nder allemands peuvent promouvoir des politiques de d\u00e9veloppement urbain orient\u00e9es vers l\u2019int\u00e9r\u00eat g\u00e9n\u00e9ral et le d\u00e9veloppement durable, dans l\u2019esprit de la Nouvelle Charte de Leipzig. Ces recommandations se basent sur la pratique et le v\u00e9cu des villes et des communes et sur un intense dialogue franco-allemand. Ces recommandations sont source d\u2019id\u00e9es et d\u2019inspiration mutuelle pour une politique fonci\u00e8re dynamique et une planification strat\u00e9gique de l\u2019utilisation des sols. Enfin, elles montrent qu\u2019une redistribution et une nouvelle utilisation de l\u2019espace urbain en faveur de la protection et de l\u2019adaptation au changement climatique sont possibles.<\/p>\n<p>Prof. Frank Baasner, n\u00e9 en 1957 a pass\u00e9 sa jeunesse en France, en Allemagne et en Belgique. Apr\u00e8s des \u00e9tudes de lettres et de psychologie aux universit\u00e9s de Bonn, T\u00fcbingen et Paris il passe son doctorat avec un travail sur les Lumi\u00e8res europ\u00e9ennes. Depuis 1995 il occupe une chaire de litt\u00e9ratures romanes \u00e0 l\u2019universit\u00e9 de Mannheim. Il a \u00e9t\u00e9 professeur invit\u00e9 en Autriche, en Espagne et en Su\u00e8de. En 2003, Frank Baasner est \u00e9lu membre de l\u2019acad\u00e9mie des sciences et de la litt\u00e9rature de Mayence. Depuis 2002 il est directeur de l\u2019Institut Franco-allemand de Ludwigsburg (dfi), qui est un centre de comp\u00e9tence en coop\u00e9ration franco-allemande, un institut de recherche et de conseil actif depuis 1948. En 2022 Frank Baasner prend la fonction de Co-directeur du Forum pour l\u2019avenir franco-allemand, une nouvelle structure de coop\u00e9ration franco-allemande cr\u00e9\u00e9e par le trait\u00e9 d\u2019Aix la Chapelle.<\/p>\n<p>En partenariat avec Montpellier M\u00e9diterran\u00e9e M\u00e9tropole. <\/p>\n","protected":false},"excerpt":{"rendered":"<p>Le Forum pour l\u2019avenir franco-allemand \u2013 un nouvel instrument de la coop\u00e9ration franco-allemande Ce que les collectivit\u00e9s allemandes et fran\u00e7aises peuvent apprendre les unes des autres Une conf\u00e9rence par Prof. [&#8230;]\n","protected":false},"author":229,"featured_media":4402,"template":"","meta":{"_price":"","_stock":"","_tribe_ticket_header":"","_tribe_default_ticket_provider":"","_tribe_ticket_capacity":"0","_ticket_start_date":"","_ticket_end_date":"","_tribe_ticket_show_description":"","_tribe_ticket_show_not_going":false,"_tribe_ticket_use_global_stock":"","_tribe_ticket_global_stock_level":"","_global_stock_mode":"","_global_stock_cap":"","_tribe_rsvp_for_event":"","_tribe_ticket_going_count":"","_tribe_ticket_not_going_count":"","_tribe_tickets_list":"[]","_tribe_ticket_has_attendee_info_fields":false,"_tribe_events_status":"","_tribe_events_status_reason":"","_tribe_events_is_hybrid":"","_tribe_events_is_virtual":"","_tribe_events_virtual_video_source":"","_tribe_events_virtual_embed_video":"","_tribe_events_virtual_linked_button_text":"","_tribe_events_virtual_linked_button":"","_tribe_events_virtual_show_embed_at":"","_tribe_events_virtual_show_embed_to":[],"_tribe_events_virtual_show_on_event":"","_tribe_events_virtual_show_on_views":"","_tribe_events_virtual_url":"","footnotes":"","_tec_slr_enabled":"","_tec_slr_layout":""},"tags":[],"tribe_events_cat":[20],"class_list":["post-4400","tribe_events","type-tribe_events","status-publish","has-post-thumbnail","hentry","tribe_events_cat-presentiel-citoyennete","cat_presentiel-citoyennete"],"ticketed":false,"_links":{"self":[{"href":"https:\/\/15francoallemandeoccitanie.fr\/de\/wp-json\/wp\/v2\/tribe_events\/4400","targetHints":{"allow":["GET"]}}],"collection":[{"href":"https:\/\/15francoallemandeoccitanie.fr\/de\/wp-json\/wp\/v2\/tribe_events"}],"about":[{"href":"https:\/\/15francoallemandeoccitanie.fr\/de\/wp-json\/wp\/v2\/types\/tribe_events"}],"author":[{"embeddable":true,"href":"https:\/\/15francoallemandeoccitanie.fr\/de\/wp-json\/wp\/v2\/users\/229"}],"version-history":[{"count":1,"href":"https:\/\/15francoallemandeoccitanie.fr\/de\/wp-json\/wp\/v2\/tribe_events\/4400\/revisions"}],"predecessor-version":[{"id":4626,"href":"https:\/\/15francoallemandeoccitanie.fr\/de\/wp-json\/wp\/v2\/tribe_events\/4400\/revisions\/4626"}],"wp:featuredmedia":[{"embeddable":true,"href":"https:\/\/15francoallemandeoccitanie.fr\/de\/wp-json\/wp\/v2\/media\/4402"}],"wp:attachment":[{"href":"https:\/\/15francoallemandeoccitanie.fr\/de\/wp-json\/wp\/v2\/media?parent=4400"}],"wp:term":[{"taxonomy":"post_tag","embeddable":true,"href":"https:\/\/15francoallemandeoccitanie.fr\/de\/wp-json\/wp\/v2\/tags?post=4400"},{"taxonomy":"tribe_events_cat","embeddable":true,"href":"https:\/\/15francoallemandeoccitanie.fr\/de\/wp-json\/wp\/v2\/tribe_events_cat?post=4400"}],"curies":[{"name":"wp","href":"https:\/\/api.w.org\/{rel}","templated":true}]}}