{"id":4739,"date":"2024-02-18T12:19:55","date_gmt":"2024-02-18T11:19:55","guid":{"rendered":"https:\/\/15francoallemandeoccitanie.fr\/?post_type=tribe_events&#038;p=4739"},"modified":"2024-02-18T12:23:40","modified_gmt":"2024-02-18T11:23:40","slug":"concert-de-musique-de-l-ecole-musique-theatre-conservatoire-de-laveyron-rodez","status":"publish","type":"tribe_events","link":"https:\/\/15francoallemandeoccitanie.fr\/de\/evenement\/concert-de-musique-de-l-ecole-musique-theatre-conservatoire-de-laveyron-rodez\/","title":{"rendered":"Concert de musique de l&#8216; \u00e9cole musique &#038; th\u00e9\u00e2tre &#8211; Conservatoire de l&#8217;Aveyron &#8211; RODEZ"},"content":{"rendered":"<p>Durant la Quinzaine franco-allemande d\u2019Occitanie, le Comit\u00e9 de jumelage Rodez Bamberg organise, comme l\u2019an pass\u00e9, plusieurs \u00e9v\u00e8nements. Dans le souci de faire toujours plus rayonner l\u2019amiti\u00e9 entre les deux pays et particuli\u00e8rement entre les deux villes jumelles Rodez et Bamberg, les \u00e9v\u00e8nements propos\u00e9s sont tout public, d\u2019acc\u00e8s libre et tourn\u00e9s vers la jeunesse.<\/p>\n<p>Mercredi 3 avril \u00e0 20h \u00e0 l\u2019auditorium du Conservatoire. En r\u00e9cital ou en ensemble, enseignants et \u00e9l\u00e8ves du CRD Antenne de Rodez c\u00e9l\u00e8breront l\u2019amiti\u00e9 franco-allemande en mettant \u00e0 l\u2019honneur les compositeurs des deux pays dans un r\u00e9pertoire allant du baroque \u00e0 nos jours. <\/p>\n<p>Entr\u00e9e libre.<\/p>\n","protected":false},"excerpt":{"rendered":"<p>Durant la Quinzaine franco-allemande d\u2019Occitanie, le Comit\u00e9 de jumelage Rodez Bamberg organise, comme l\u2019an pass\u00e9, plusieurs \u00e9v\u00e8nements. Dans le souci de faire toujours plus rayonner l\u2019amiti\u00e9 entre les deux pays [&#8230;]\n","protected":false},"author":1,"featured_media":4744,"template":"","meta":{"_price":"","_stock":"","_tribe_ticket_header":"","_tribe_default_ticket_provider":"","_tribe_ticket_capacity":"0","_ticket_start_date":"","_ticket_end_date":"","_tribe_ticket_show_description":"","_tribe_ticket_show_not_going":false,"_tribe_ticket_use_global_stock":"","_tribe_ticket_global_stock_level":"","_global_stock_mode":"","_global_stock_cap":"","_tribe_rsvp_for_event":"","_tribe_ticket_going_count":"","_tribe_ticket_not_going_count":"","_tribe_tickets_list":"[]","_tribe_ticket_has_attendee_info_fields":false,"_tribe_events_status":"","_tribe_events_status_reason":"","_tribe_events_is_hybrid":"","_tribe_events_is_virtual":"","_tribe_events_virtual_video_source":"","_tribe_events_virtual_embed_video":"","_tribe_events_virtual_linked_button_text":"","_tribe_events_virtual_linked_button":"","_tribe_events_virtual_show_embed_at":"","_tribe_events_virtual_show_embed_to":[],"_tribe_events_virtual_show_on_event":"","_tribe_events_virtual_show_on_views":"","_tribe_events_virtual_url":"","footnotes":"","_tec_slr_enabled":"","_tec_slr_layout":""},"tags":[],"tribe_events_cat":[16,17],"class_list":["post-4739","tribe_events","type-tribe_events","status-publish","has-post-thumbnail","hentry","tribe_events_cat-culture","tribe_events_cat-presentiel-culture","cat_culture","cat_presentiel-culture"],"ticketed":false,"_links":{"self":[{"href":"https:\/\/15francoallemandeoccitanie.fr\/de\/wp-json\/wp\/v2\/tribe_events\/4739","targetHints":{"allow":["GET"]}}],"collection":[{"href":"https:\/\/15francoallemandeoccitanie.fr\/de\/wp-json\/wp\/v2\/tribe_events"}],"about":[{"href":"https:\/\/15francoallemandeoccitanie.fr\/de\/wp-json\/wp\/v2\/types\/tribe_events"}],"author":[{"embeddable":true,"href":"https:\/\/15francoallemandeoccitanie.fr\/de\/wp-json\/wp\/v2\/users\/1"}],"version-history":[{"count":1,"href":"https:\/\/15francoallemandeoccitanie.fr\/de\/wp-json\/wp\/v2\/tribe_events\/4739\/revisions"}],"predecessor-version":[{"id":4743,"href":"https:\/\/15francoallemandeoccitanie.fr\/de\/wp-json\/wp\/v2\/tribe_events\/4739\/revisions\/4743"}],"wp:featuredmedia":[{"embeddable":true,"href":"https:\/\/15francoallemandeoccitanie.fr\/de\/wp-json\/wp\/v2\/media\/4744"}],"wp:attachment":[{"href":"https:\/\/15francoallemandeoccitanie.fr\/de\/wp-json\/wp\/v2\/media?parent=4739"}],"wp:term":[{"taxonomy":"post_tag","embeddable":true,"href":"https:\/\/15francoallemandeoccitanie.fr\/de\/wp-json\/wp\/v2\/tags?post=4739"},{"taxonomy":"tribe_events_cat","embeddable":true,"href":"https:\/\/15francoallemandeoccitanie.fr\/de\/wp-json\/wp\/v2\/tribe_events_cat?post=4739"}],"curies":[{"name":"wp","href":"https:\/\/api.w.org\/{rel}","templated":true}]}}