{"id":4896,"date":"2024-02-25T17:15:51","date_gmt":"2024-02-25T16:15:51","guid":{"rendered":"https:\/\/15francoallemandeoccitanie.fr\/?post_type=tribe_events&#038;p=4896"},"modified":"2024-02-25T17:15:51","modified_gmt":"2024-02-25T16:15:51","slug":"exposition-itinerante-spirou-in-berlin","status":"publish","type":"tribe_events","link":"https:\/\/15francoallemandeoccitanie.fr\/de\/evenement\/exposition-itinerante-spirou-in-berlin\/","title":{"rendered":"Exposition itin\u00e9rante \u00ab Spirou in Berlin \u00bb"},"content":{"rendered":"<p>Cette exposition d&#8217;affiches de BD autour de la BD Spirou \u00e0 Berlin montre des extraits des aventures de Spirou \u00e0 Berlin, alors divis\u00e9e en deux zones, dans les ann\u00e9es 80, et donne ainsi un aper\u00e7u passionnant de la vie en RDA. <\/p>\n<p>Le h\u00e9ros Spirou du grand classique de BD franco-belge \u00e9ponyme se retrouve en 1989 \u00e0 Berlin-Est dans l\u2019\u00e9dition sp\u00e9ciale Spirou \u00e0 Berlin, con\u00e7ue par le dessinateur allemand Flix en 2018.<br \/>\nDans ce tome, Spirou et les autres personnages de la bande dessin\u00e9e culte sont confront\u00e9s \u00e0 des \u00e9v\u00e9nements \u00e9tranges \u00e0 Berlin-Est dans les ann\u00e9es 80, r\u00e9solvent des affaires inhabituelles et entrent en contact avec une vieille connaissance.<\/p>\n<p>Ce sera l\u2019occasion pour tous les \u00e9l\u00e8ves du coll\u00e8ge d\u2019en apprendre plus sur cette p\u00e9riode et sur la ville de Berlin. Les germanistes feront \u00e9galement d\u00e9couvrir cette exposition \u00e0 plusieurs classes de CM2 du secteur lod\u00e9vois.<\/p>\n","protected":false},"excerpt":{"rendered":"<p>Cette exposition d&#8217;affiches de BD autour de la BD Spirou \u00e0 Berlin montre des extraits des aventures de Spirou \u00e0 Berlin, alors divis\u00e9e en deux zones, dans les ann\u00e9es 80, [&#8230;]\n","protected":false},"author":1,"featured_media":4897,"template":"","meta":{"_price":"","_stock":"","_tribe_ticket_header":"","_tribe_default_ticket_provider":"","_tribe_ticket_capacity":"0","_ticket_start_date":"","_ticket_end_date":"","_tribe_ticket_show_description":"","_tribe_ticket_show_not_going":false,"_tribe_ticket_use_global_stock":"","_tribe_ticket_global_stock_level":"","_global_stock_mode":"","_global_stock_cap":"","_tribe_rsvp_for_event":"","_tribe_ticket_going_count":"","_tribe_ticket_not_going_count":"","_tribe_tickets_list":"[]","_tribe_ticket_has_attendee_info_fields":false,"_tribe_events_status":"","_tribe_events_status_reason":"","_tribe_events_is_hybrid":"","_tribe_events_is_virtual":"","_tribe_events_virtual_video_source":"","_tribe_events_virtual_embed_video":"","_tribe_events_virtual_linked_button_text":"","_tribe_events_virtual_linked_button":"","_tribe_events_virtual_show_embed_at":"","_tribe_events_virtual_show_embed_to":[],"_tribe_events_virtual_show_on_event":"","_tribe_events_virtual_show_on_views":"","_tribe_events_virtual_url":"","footnotes":"","_tec_slr_enabled":"","_tec_slr_layout":""},"tags":[],"tribe_events_cat":[10,11],"class_list":["post-4896","tribe_events","type-tribe_events","status-publish","has-post-thumbnail","hentry","tribe_events_cat-education","tribe_events_cat-presentiel-education","cat_education","cat_presentiel-education"],"ticketed":false,"_links":{"self":[{"href":"https:\/\/15francoallemandeoccitanie.fr\/de\/wp-json\/wp\/v2\/tribe_events\/4896","targetHints":{"allow":["GET"]}}],"collection":[{"href":"https:\/\/15francoallemandeoccitanie.fr\/de\/wp-json\/wp\/v2\/tribe_events"}],"about":[{"href":"https:\/\/15francoallemandeoccitanie.fr\/de\/wp-json\/wp\/v2\/types\/tribe_events"}],"author":[{"embeddable":true,"href":"https:\/\/15francoallemandeoccitanie.fr\/de\/wp-json\/wp\/v2\/users\/1"}],"version-history":[{"count":1,"href":"https:\/\/15francoallemandeoccitanie.fr\/de\/wp-json\/wp\/v2\/tribe_events\/4896\/revisions"}],"predecessor-version":[{"id":4901,"href":"https:\/\/15francoallemandeoccitanie.fr\/de\/wp-json\/wp\/v2\/tribe_events\/4896\/revisions\/4901"}],"wp:featuredmedia":[{"embeddable":true,"href":"https:\/\/15francoallemandeoccitanie.fr\/de\/wp-json\/wp\/v2\/media\/4897"}],"wp:attachment":[{"href":"https:\/\/15francoallemandeoccitanie.fr\/de\/wp-json\/wp\/v2\/media?parent=4896"}],"wp:term":[{"taxonomy":"post_tag","embeddable":true,"href":"https:\/\/15francoallemandeoccitanie.fr\/de\/wp-json\/wp\/v2\/tags?post=4896"},{"taxonomy":"tribe_events_cat","embeddable":true,"href":"https:\/\/15francoallemandeoccitanie.fr\/de\/wp-json\/wp\/v2\/tribe_events_cat?post=4896"}],"curies":[{"name":"wp","href":"https:\/\/api.w.org\/{rel}","templated":true}]}}