{"id":4907,"date":"2024-02-25T17:50:36","date_gmt":"2024-02-25T16:50:36","guid":{"rendered":"https:\/\/15francoallemandeoccitanie.fr\/?post_type=tribe_events&#038;p=4907"},"modified":"2024-02-25T17:50:36","modified_gmt":"2024-02-25T16:50:36","slug":"echange-scolaire-rochefort-du-gard-wangen","status":"publish","type":"tribe_events","link":"https:\/\/15francoallemandeoccitanie.fr\/de\/evenement\/echange-scolaire-rochefort-du-gard-wangen\/","title":{"rendered":"\u00c9change scolaire Rochefort du Gard &#8211; Wangen"},"content":{"rendered":"<p>Du 3 au 12 mars, les \u00e9l\u00e8ves de 4e et 3e bilangue du coll\u00e8ge Claudie Haigner\u00e9 \u00e0 Rochefort du Gard accueilleront leurs 38 correspondants du Rupert-Ness-Gymnasium de Wangen (Bade-Wurtemberg).<\/p>\n<p>H\u00e9berg\u00e9s dans les familles de leurs correspondants fran\u00e7ais, les jeunes Allemands assisteront aux cours et d\u00e9couvriront la r\u00e9gion. Ils se rendront \u00e9galement \u00e0 l\u2019\u00e9cole du Vieux Moulin (o\u00f9 Mme Bonnel, professeur d\u2019allemand du coll\u00e8ge, intervient chaque semaine pour une initiation \u00e0 la langue allemande) pour rencontrer les \u00e9l\u00e8ves de CM2.<\/p>\n","protected":false},"excerpt":{"rendered":"<p>Du 3 au 12 mars, les \u00e9l\u00e8ves de 4e et 3e bilangue du coll\u00e8ge Claudie Haigner\u00e9 \u00e0 Rochefort du Gard accueilleront leurs 38 correspondants du Rupert-Ness-Gymnasium de Wangen (Bade-Wurtemberg). H\u00e9berg\u00e9s [&#8230;]\n","protected":false},"author":1,"featured_media":4908,"template":"","meta":{"_price":"","_stock":"","_tribe_ticket_header":"","_tribe_default_ticket_provider":"","_tribe_ticket_capacity":"0","_ticket_start_date":"","_ticket_end_date":"","_tribe_ticket_show_description":"","_tribe_ticket_show_not_going":false,"_tribe_ticket_use_global_stock":"","_tribe_ticket_global_stock_level":"","_global_stock_mode":"","_global_stock_cap":"","_tribe_rsvp_for_event":"","_tribe_ticket_going_count":"","_tribe_ticket_not_going_count":"","_tribe_tickets_list":"[]","_tribe_ticket_has_attendee_info_fields":false,"_tribe_events_status":"","_tribe_events_status_reason":"","_tribe_events_is_hybrid":"","_tribe_events_is_virtual":"","_tribe_events_virtual_video_source":"","_tribe_events_virtual_embed_video":"","_tribe_events_virtual_linked_button_text":"","_tribe_events_virtual_linked_button":"","_tribe_events_virtual_show_embed_at":"","_tribe_events_virtual_show_embed_to":[],"_tribe_events_virtual_show_on_event":"","_tribe_events_virtual_show_on_views":"","_tribe_events_virtual_url":"","footnotes":"","_tec_slr_enabled":"","_tec_slr_layout":""},"tags":[],"tribe_events_cat":[10,11],"class_list":["post-4907","tribe_events","type-tribe_events","status-publish","has-post-thumbnail","hentry","tribe_events_cat-education","tribe_events_cat-presentiel-education","cat_education","cat_presentiel-education"],"ticketed":false,"_links":{"self":[{"href":"https:\/\/15francoallemandeoccitanie.fr\/de\/wp-json\/wp\/v2\/tribe_events\/4907","targetHints":{"allow":["GET"]}}],"collection":[{"href":"https:\/\/15francoallemandeoccitanie.fr\/de\/wp-json\/wp\/v2\/tribe_events"}],"about":[{"href":"https:\/\/15francoallemandeoccitanie.fr\/de\/wp-json\/wp\/v2\/types\/tribe_events"}],"author":[{"embeddable":true,"href":"https:\/\/15francoallemandeoccitanie.fr\/de\/wp-json\/wp\/v2\/users\/1"}],"version-history":[{"count":1,"href":"https:\/\/15francoallemandeoccitanie.fr\/de\/wp-json\/wp\/v2\/tribe_events\/4907\/revisions"}],"predecessor-version":[{"id":4912,"href":"https:\/\/15francoallemandeoccitanie.fr\/de\/wp-json\/wp\/v2\/tribe_events\/4907\/revisions\/4912"}],"wp:featuredmedia":[{"embeddable":true,"href":"https:\/\/15francoallemandeoccitanie.fr\/de\/wp-json\/wp\/v2\/media\/4908"}],"wp:attachment":[{"href":"https:\/\/15francoallemandeoccitanie.fr\/de\/wp-json\/wp\/v2\/media?parent=4907"}],"wp:term":[{"taxonomy":"post_tag","embeddable":true,"href":"https:\/\/15francoallemandeoccitanie.fr\/de\/wp-json\/wp\/v2\/tags?post=4907"},{"taxonomy":"tribe_events_cat","embeddable":true,"href":"https:\/\/15francoallemandeoccitanie.fr\/de\/wp-json\/wp\/v2\/tribe_events_cat?post=4907"}],"curies":[{"name":"wp","href":"https:\/\/api.w.org\/{rel}","templated":true}]}}