{"id":5108,"date":"2024-03-02T22:04:20","date_gmt":"2024-03-02T21:04:20","guid":{"rendered":"https:\/\/15francoallemandeoccitanie.fr\/?post_type=tribe_events&#038;p=5108"},"modified":"2024-03-02T22:06:22","modified_gmt":"2024-03-02T21:06:22","slug":"echange-scolaire-lycee-jean-jaures-st-clement-de-riviere-ovm-gymnasium-munich","status":"publish","type":"tribe_events","link":"https:\/\/15francoallemandeoccitanie.fr\/de\/evenement\/echange-scolaire-lycee-jean-jaures-st-clement-de-riviere-ovm-gymnasium-munich\/","title":{"rendered":"\u00c9change scolaire lyc\u00e9e Jean jaur\u00e8s St Cl\u00e9ment de Rivi\u00e8re\u2013 OvM Gymnasium Munich"},"content":{"rendered":"<p>Accueil des correspondants allemands de l&#8217;OvM Gymnasium Munich du 13 au 21\/03 avant une venue des 28 Fran\u00e7ais du lyc\u00e9e Jean Jaur\u00e8s St Cl\u00e9ment de Rivi\u00e8re (\u00e9l\u00e8ves de 2de) du 10 au 17 juin. <\/p>\n<p>Un travail en amont a \u00e9t\u00e9 r\u00e9alis\u00e9 afin de permettre aux correspondants de se pr\u00e9senter \u00e0 travers la r\u00e9alisation de vid\u00e9os. <\/p>\n<p>Lors de la visite des Munichois sont pr\u00e9vus des vid\u00e9os, articles, interview\u2026<\/p>\n<p>Au programme:<br \/>\nSortie commune \u00e0 Montpellier, une balade et pique-nique \u00e0 la source du Lez, une visite du lyc\u00e9e par les \u00e9l\u00e8ves ainsi que des pr\u00e9sentations d&#8217;expos\u00e9s par les \u00e9l\u00e8ves partenaires sur diff\u00e9rents sujets propos\u00e9s (journ\u00e9e type d\u2019un lyc\u00e9en allemand, organisation du bac, mati\u00e8res enseign\u00e9es, les clubs, le sport, les \u0153uvres d\u2019art expressionniste, un inventeur ou une invention scientifique (Deutsches Museum), les grandes entreprises implant\u00e9es \u00e0 Munich&#8230;)<\/p>\n<p>Des vid\u00e9os et interviews (enseignants, familles\u2026) seront \u00e9galement r\u00e9alis\u00e9es par les \u00e9l\u00e8ves fran\u00e7ais lors de leur s\u00e9jour \u00e0 Munich.<\/p>\n","protected":false},"excerpt":{"rendered":"<p>Accueil des correspondants allemands de l&#8217;OvM Gymnasium Munich du 13 au 21\/03 avant une venue des 28 Fran\u00e7ais du lyc\u00e9e Jean Jaur\u00e8s St Cl\u00e9ment de Rivi\u00e8re (\u00e9l\u00e8ves de 2de) du [&#8230;]\n","protected":false},"author":1,"featured_media":5109,"template":"","meta":{"_price":"","_stock":"","_tribe_ticket_header":"","_tribe_default_ticket_provider":"","_tribe_ticket_capacity":"0","_ticket_start_date":"","_ticket_end_date":"","_tribe_ticket_show_description":"","_tribe_ticket_show_not_going":false,"_tribe_ticket_use_global_stock":"","_tribe_ticket_global_stock_level":"","_global_stock_mode":"","_global_stock_cap":"","_tribe_rsvp_for_event":"","_tribe_ticket_going_count":"","_tribe_ticket_not_going_count":"","_tribe_tickets_list":"[]","_tribe_ticket_has_attendee_info_fields":false,"_tribe_events_status":"","_tribe_events_status_reason":"","_tribe_events_is_hybrid":"","_tribe_events_is_virtual":"","_tribe_events_virtual_video_source":"","_tribe_events_virtual_embed_video":"","_tribe_events_virtual_linked_button_text":"","_tribe_events_virtual_linked_button":"","_tribe_events_virtual_show_embed_at":"","_tribe_events_virtual_show_embed_to":[],"_tribe_events_virtual_show_on_event":"","_tribe_events_virtual_show_on_views":"","_tribe_events_virtual_url":"","footnotes":"","_tec_slr_enabled":"","_tec_slr_layout":""},"tags":[],"tribe_events_cat":[10,11],"class_list":["post-5108","tribe_events","type-tribe_events","status-publish","has-post-thumbnail","hentry","tribe_events_cat-education","tribe_events_cat-presentiel-education","cat_education","cat_presentiel-education"],"ticketed":false,"_links":{"self":[{"href":"https:\/\/15francoallemandeoccitanie.fr\/de\/wp-json\/wp\/v2\/tribe_events\/5108","targetHints":{"allow":["GET"]}}],"collection":[{"href":"https:\/\/15francoallemandeoccitanie.fr\/de\/wp-json\/wp\/v2\/tribe_events"}],"about":[{"href":"https:\/\/15francoallemandeoccitanie.fr\/de\/wp-json\/wp\/v2\/types\/tribe_events"}],"author":[{"embeddable":true,"href":"https:\/\/15francoallemandeoccitanie.fr\/de\/wp-json\/wp\/v2\/users\/1"}],"version-history":[{"count":2,"href":"https:\/\/15francoallemandeoccitanie.fr\/de\/wp-json\/wp\/v2\/tribe_events\/5108\/revisions"}],"predecessor-version":[{"id":5114,"href":"https:\/\/15francoallemandeoccitanie.fr\/de\/wp-json\/wp\/v2\/tribe_events\/5108\/revisions\/5114"}],"wp:featuredmedia":[{"embeddable":true,"href":"https:\/\/15francoallemandeoccitanie.fr\/de\/wp-json\/wp\/v2\/media\/5109"}],"wp:attachment":[{"href":"https:\/\/15francoallemandeoccitanie.fr\/de\/wp-json\/wp\/v2\/media?parent=5108"}],"wp:term":[{"taxonomy":"post_tag","embeddable":true,"href":"https:\/\/15francoallemandeoccitanie.fr\/de\/wp-json\/wp\/v2\/tags?post=5108"},{"taxonomy":"tribe_events_cat","embeddable":true,"href":"https:\/\/15francoallemandeoccitanie.fr\/de\/wp-json\/wp\/v2\/tribe_events_cat?post=5108"}],"curies":[{"name":"wp","href":"https:\/\/api.w.org\/{rel}","templated":true}]}}