{"id":5119,"date":"2024-03-02T22:29:57","date_gmt":"2024-03-02T21:29:57","guid":{"rendered":"https:\/\/15francoallemandeoccitanie.fr\/?post_type=tribe_events&#038;p=5119"},"modified":"2024-03-02T22:29:57","modified_gmt":"2024-03-02T21:29:57","slug":"echange-linguistique-et-culturel-franco-allemand-lodeve-clermont-lherault-gauting","status":"publish","type":"tribe_events","link":"https:\/\/15francoallemandeoccitanie.fr\/de\/evenement\/echange-linguistique-et-culturel-franco-allemand-lodeve-clermont-lherault-gauting\/","title":{"rendered":"\u00c9change linguistique et culturel franco-allemand Lod\u00e8ve &#8211; Clermont-L&#8217;H\u00e9rault &#8211; Gauting"},"content":{"rendered":"<p>Accueil des correspondants allemands du jeudi 14\/03 au vendredi 22\/03\/24 par les \u00e9l\u00e8ves fran\u00e7ais (de la 4e \u00e0 la 1\u00e8re).<br \/>\nS\u00e9jour en Allemagne: du lundi 29\/04 au mardi 07\/05\/24 (Gauting en Bavi\u00e8re)<\/p>\n<p>Accueil d&#8217;un groupe de jeunes Allemands du Lyc\u00e9e Otto von Taube de Gauting, ville jumel\u00e9e avec Clermont l\u2019H\u00e9rault depuis plus de 50 ans.<br \/>\nLes \u00e9l\u00e8ves du Coll\u00e8ge Paul Dard\u00e9 de Lod\u00e8ve et du lyc\u00e9e Ren\u00e9 Gosse de Clermont l\u2019H\u00e9rault se r\u00e9jouissent \u00e0 l\u2019id\u00e9e de rencontrer leurs correspondants.<\/p>\n<p>Au programme :<br \/>\n&#8211; Journ\u00e9e \u00e0 Montpellier avec la visite d\u2019une exposition photo au Pavillon Populaire et un rallye en ville<br \/>\n&#8211; Journ\u00e9e \u00e0 Saint-Guilhem-le-D\u00e9sert avec la d\u00e9couverte de la grotte de Clamouse suivie d\u2019une visite guid\u00e9e organis\u00e9e par un professeur natif du village<br \/>\n&#8211; Une soir\u00e9e roller dance<br \/>\n&#8211; Des rencontres sportives&#8230;<\/p>\n<p>Les \u00e9l\u00e8ves auront \u00e9galement la chance de participer \u00e0 un atelier au Mus\u00e9e Paul Dard\u00e9 de Lod\u00e8ve ainsi qu\u2019\u00e0 un atelier \u00e0 la Manufacture de la Savonnerie de Lod\u00e8ve (symbole de l\u2019artisanat d\u2019art fran\u00e7ais d\u2019excellence). Ils travailleront aussi sur un projet commun qui sera finalis\u00e9 en Allemagne.<\/p>\n","protected":false},"excerpt":{"rendered":"<p>Accueil des correspondants allemands du jeudi 14\/03 au vendredi 22\/03\/24 par les \u00e9l\u00e8ves fran\u00e7ais (de la 4e \u00e0 la 1\u00e8re). S\u00e9jour en Allemagne: du lundi 29\/04 au mardi 07\/05\/24 (Gauting [&#8230;]\n","protected":false},"author":1,"featured_media":5120,"template":"","meta":{"_price":"","_stock":"","_tribe_ticket_header":"","_tribe_default_ticket_provider":"","_tribe_ticket_capacity":"0","_ticket_start_date":"","_ticket_end_date":"","_tribe_ticket_show_description":"","_tribe_ticket_show_not_going":false,"_tribe_ticket_use_global_stock":"","_tribe_ticket_global_stock_level":"","_global_stock_mode":"","_global_stock_cap":"","_tribe_rsvp_for_event":"","_tribe_ticket_going_count":"","_tribe_ticket_not_going_count":"","_tribe_tickets_list":"[]","_tribe_ticket_has_attendee_info_fields":false,"_tribe_events_status":"","_tribe_events_status_reason":"","_tribe_events_is_hybrid":"","_tribe_events_is_virtual":"","_tribe_events_virtual_video_source":"","_tribe_events_virtual_embed_video":"","_tribe_events_virtual_linked_button_text":"","_tribe_events_virtual_linked_button":"","_tribe_events_virtual_show_embed_at":"","_tribe_events_virtual_show_embed_to":[],"_tribe_events_virtual_show_on_event":"","_tribe_events_virtual_show_on_views":"","_tribe_events_virtual_url":"","footnotes":"","_tec_slr_enabled":"","_tec_slr_layout":""},"tags":[],"tribe_events_cat":[10,11],"class_list":["post-5119","tribe_events","type-tribe_events","status-publish","has-post-thumbnail","hentry","tribe_events_cat-education","tribe_events_cat-presentiel-education","cat_education","cat_presentiel-education"],"ticketed":false,"_links":{"self":[{"href":"https:\/\/15francoallemandeoccitanie.fr\/de\/wp-json\/wp\/v2\/tribe_events\/5119","targetHints":{"allow":["GET"]}}],"collection":[{"href":"https:\/\/15francoallemandeoccitanie.fr\/de\/wp-json\/wp\/v2\/tribe_events"}],"about":[{"href":"https:\/\/15francoallemandeoccitanie.fr\/de\/wp-json\/wp\/v2\/types\/tribe_events"}],"author":[{"embeddable":true,"href":"https:\/\/15francoallemandeoccitanie.fr\/de\/wp-json\/wp\/v2\/users\/1"}],"version-history":[{"count":1,"href":"https:\/\/15francoallemandeoccitanie.fr\/de\/wp-json\/wp\/v2\/tribe_events\/5119\/revisions"}],"predecessor-version":[{"id":5124,"href":"https:\/\/15francoallemandeoccitanie.fr\/de\/wp-json\/wp\/v2\/tribe_events\/5119\/revisions\/5124"}],"wp:featuredmedia":[{"embeddable":true,"href":"https:\/\/15francoallemandeoccitanie.fr\/de\/wp-json\/wp\/v2\/media\/5120"}],"wp:attachment":[{"href":"https:\/\/15francoallemandeoccitanie.fr\/de\/wp-json\/wp\/v2\/media?parent=5119"}],"wp:term":[{"taxonomy":"post_tag","embeddable":true,"href":"https:\/\/15francoallemandeoccitanie.fr\/de\/wp-json\/wp\/v2\/tags?post=5119"},{"taxonomy":"tribe_events_cat","embeddable":true,"href":"https:\/\/15francoallemandeoccitanie.fr\/de\/wp-json\/wp\/v2\/tribe_events_cat?post=5119"}],"curies":[{"name":"wp","href":"https:\/\/api.w.org\/{rel}","templated":true}]}}