{"id":5134,"date":"2024-03-02T22:58:04","date_gmt":"2024-03-02T21:58:04","guid":{"rendered":"https:\/\/15francoallemandeoccitanie.fr\/?post_type=tribe_events&#038;p=5134"},"modified":"2024-03-02T22:58:04","modified_gmt":"2024-03-02T21:58:04","slug":"matinee-allemande-a-la-maternelle-projet-elysee","status":"publish","type":"tribe_events","link":"https:\/\/15francoallemandeoccitanie.fr\/de\/evenement\/matinee-allemande-a-la-maternelle-projet-elysee\/","title":{"rendered":"MATINEE ALLEMANDE \u00e0 la maternelle (Projet Elys\u00e9e)"},"content":{"rendered":"<p>L\u2019\u00e9cole maternelle est dor\u00e9navant lab\u00e9lis\u00e9e Elys\u00e9e.  <\/p>\n<p>Ce projet, centr\u00e9 autour de la d\u00e9couverte de la langue allemande, a n\u00e9cessit\u00e9 deux demi-journ\u00e9es de formation en pr\u00e9paration pour tous les enseignants de la maternelle (fl\u00e9ch\u00e9s allemands et non fl\u00e9ch\u00e9s).<br \/>\nL&#8217;objectif de ce projet est d&#8217;immerger nos jeunes \u00e9l\u00e8ves (PS MS GS) dans la richesse de la culture allemande tout en mettant en lumi\u00e8re l&#8217;importance de l&#8217;apprentissage de la langue allemande d\u00e8s le plus jeune \u00e2ge.<\/p>\n<p>Ce jour-l\u00e0, tous les \u00e9l\u00e8ves de l&#8217;\u00e9cole maternelle seront mobilis\u00e9s pour participer \u00e0 une s\u00e9rie d&#8217;activit\u00e9s cr\u00e9atives et ludiques li\u00e9es \u00e0 la langue allemande. Pour rendre cette exp\u00e9rience encore plus m\u00e9morable, nos \u00e9l\u00e8ves collaboreront avec des classes de cycle 3, \u00e9tablissant ainsi des liens inter-\u00e2ges et favorisant un environnement d&#8217;apprentissage stimulant.<\/p>\n<p>Les activit\u00e9s auront lieu tout au long de la matin\u00e9e et consisteront en des ateliers vari\u00e9s, allant de jeux de vocabulaire et de chansons \u00e0 des projets artistiques en lien avec la culture allemande. Cette initiative vise \u00e0 susciter l&#8217;int\u00e9r\u00eat des enfants pour la langue allemande tout en renfor\u00e7ant les liens interg\u00e9n\u00e9rationnels au sein de notre \u00e9cole.<\/p>\n","protected":false},"excerpt":{"rendered":"<p>L\u2019\u00e9cole maternelle est dor\u00e9navant lab\u00e9lis\u00e9e Elys\u00e9e. Ce projet, centr\u00e9 autour de la d\u00e9couverte de la langue allemande, a n\u00e9cessit\u00e9 deux demi-journ\u00e9es de formation en pr\u00e9paration pour tous les enseignants de [&#8230;]\n","protected":false},"author":21,"featured_media":5132,"template":"","meta":{"_price":"","_stock":"","_tribe_ticket_header":"","_tribe_default_ticket_provider":"","_tribe_ticket_capacity":"0","_ticket_start_date":"","_ticket_end_date":"","_tribe_ticket_show_description":"","_tribe_ticket_show_not_going":false,"_tribe_ticket_use_global_stock":"","_tribe_ticket_global_stock_level":"","_global_stock_mode":"","_global_stock_cap":"","_tribe_rsvp_for_event":"","_tribe_ticket_going_count":"","_tribe_ticket_not_going_count":"","_tribe_tickets_list":"[]","_tribe_ticket_has_attendee_info_fields":false,"_tribe_events_status":"","_tribe_events_status_reason":"","_tribe_events_is_hybrid":"","_tribe_events_is_virtual":"","_tribe_events_virtual_video_source":"","_tribe_events_virtual_embed_video":"","_tribe_events_virtual_linked_button_text":"","_tribe_events_virtual_linked_button":"","_tribe_events_virtual_show_embed_at":"","_tribe_events_virtual_show_embed_to":[],"_tribe_events_virtual_show_on_event":"","_tribe_events_virtual_show_on_views":"","_tribe_events_virtual_url":"","footnotes":"","_tec_slr_enabled":"","_tec_slr_layout":""},"tags":[],"tribe_events_cat":[10,11],"class_list":["post-5134","tribe_events","type-tribe_events","status-publish","has-post-thumbnail","hentry","tribe_events_cat-education","tribe_events_cat-presentiel-education","cat_education","cat_presentiel-education"],"ticketed":false,"_links":{"self":[{"href":"https:\/\/15francoallemandeoccitanie.fr\/de\/wp-json\/wp\/v2\/tribe_events\/5134","targetHints":{"allow":["GET"]}}],"collection":[{"href":"https:\/\/15francoallemandeoccitanie.fr\/de\/wp-json\/wp\/v2\/tribe_events"}],"about":[{"href":"https:\/\/15francoallemandeoccitanie.fr\/de\/wp-json\/wp\/v2\/types\/tribe_events"}],"author":[{"embeddable":true,"href":"https:\/\/15francoallemandeoccitanie.fr\/de\/wp-json\/wp\/v2\/users\/21"}],"version-history":[{"count":1,"href":"https:\/\/15francoallemandeoccitanie.fr\/de\/wp-json\/wp\/v2\/tribe_events\/5134\/revisions"}],"predecessor-version":[{"id":5137,"href":"https:\/\/15francoallemandeoccitanie.fr\/de\/wp-json\/wp\/v2\/tribe_events\/5134\/revisions\/5137"}],"wp:featuredmedia":[{"embeddable":true,"href":"https:\/\/15francoallemandeoccitanie.fr\/de\/wp-json\/wp\/v2\/media\/5132"}],"wp:attachment":[{"href":"https:\/\/15francoallemandeoccitanie.fr\/de\/wp-json\/wp\/v2\/media?parent=5134"}],"wp:term":[{"taxonomy":"post_tag","embeddable":true,"href":"https:\/\/15francoallemandeoccitanie.fr\/de\/wp-json\/wp\/v2\/tags?post=5134"},{"taxonomy":"tribe_events_cat","embeddable":true,"href":"https:\/\/15francoallemandeoccitanie.fr\/de\/wp-json\/wp\/v2\/tribe_events_cat?post=5134"}],"curies":[{"name":"wp","href":"https:\/\/api.w.org\/{rel}","templated":true}]}}