{"id":5455,"date":"2024-03-16T18:03:29","date_gmt":"2024-03-16T17:03:29","guid":{"rendered":"https:\/\/15francoallemandeoccitanie.fr\/?post_type=tribe_events&#038;p=5455"},"modified":"2024-03-16T18:03:29","modified_gmt":"2024-03-16T17:03:29","slug":"projection-du-fim-derriere-le-mur-la-californie","status":"publish","type":"tribe_events","link":"https:\/\/15francoallemandeoccitanie.fr\/de\/evenement\/projection-du-fim-derriere-le-mur-la-californie\/","title":{"rendered":"Projection du fim Derri\u00e8re le Mur, la Californie"},"content":{"rendered":"<p>Dans le cadre du Festival Cin\u00e9ma d\u2019Al\u00e8s, projection du Docu-Fiction &#8222;Derri\u00e8re le mur, la Californie r\u00e9alis\u00e9 par Marten Persiel.<\/p>\n<p>&#8222;Alors qu\u2019une vieille bande d\u2019ami\u00b7es se r\u00e9unit suite au d\u00e9c\u00e8s de Dennis, plus connu sous le nom de \u00ab Panik \u00bb, ils se  rem\u00e9morent une \u00e9poque douce-am\u00e8re o\u00f9 ils bravaient les interdits de la RDA pour assouvir leur passion : le skateboard. Le film nous transporte dans le Berlin-Est des ann\u00e9es 70 \u00e0 la chute du Mur. Entre fantasme et r\u00e9alit\u00e9, Marten Persiel nous emm\u00e8ne non sans m\u00e9lancolie dans une \u00e9poque r\u00e9volue o\u00f9 chaque jour \u00e9tait une aventure. Un savant m\u00e9lange d\u2019archives, de reconstitution et d\u2019animation nous donne \u00e0 voir une ville et des personnages hauts en couleurs, d\u2019une complexit\u00e9 au moins \u00e9gale \u00e0 la situation politique de cette \u00e9poque. <\/p>\n<p>Finalement, c\u2019est la passion et cette soif de libert\u00e9 qui l\u2019emportent dans ce film qui fait preuve d\u2019une folie cr\u00e9ative, narrative et formelle unique et si enthousiasmante.<br \/>\nLes \u00e9l\u00e8ves germanistes du coll\u00e8ge Alphonse Daudet iront voir ce film avec leur professeur Sofie COZAR GARCIA, le lundi 25 mars.<br \/>\nEn classe, les \u00e9l\u00e8ves ont \u00e9t\u00e9 pr\u00e9par\u00e9s \u00e0 le voir au cours d&#8217;une s\u00e9quence sur la culture et l&#8217;histoire de Berlin.<\/p>\n","protected":false},"excerpt":{"rendered":"<p>Dans le cadre du Festival Cin\u00e9ma d\u2019Al\u00e8s, projection du Docu-Fiction &#8222;Derri\u00e8re le mur, la Californie r\u00e9alis\u00e9 par Marten Persiel. &#8222;Alors qu\u2019une vieille bande d\u2019ami\u00b7es se r\u00e9unit suite au d\u00e9c\u00e8s de [&#8230;]\n","protected":false},"author":1,"featured_media":5456,"template":"","meta":{"_price":"","_stock":"","_tribe_ticket_header":"","_tribe_default_ticket_provider":"","_tribe_ticket_capacity":"0","_ticket_start_date":"","_ticket_end_date":"","_tribe_ticket_show_description":"","_tribe_ticket_show_not_going":false,"_tribe_ticket_use_global_stock":"","_tribe_ticket_global_stock_level":"","_global_stock_mode":"","_global_stock_cap":"","_tribe_rsvp_for_event":"","_tribe_ticket_going_count":"","_tribe_ticket_not_going_count":"","_tribe_tickets_list":"[]","_tribe_ticket_has_attendee_info_fields":false,"_tribe_events_status":"","_tribe_events_status_reason":"","_tribe_events_is_hybrid":"","_tribe_events_is_virtual":"","_tribe_events_virtual_video_source":"","_tribe_events_virtual_embed_video":"","_tribe_events_virtual_linked_button_text":"","_tribe_events_virtual_linked_button":"","_tribe_events_virtual_show_embed_at":"","_tribe_events_virtual_show_embed_to":[],"_tribe_events_virtual_show_on_event":"","_tribe_events_virtual_show_on_views":"","_tribe_events_virtual_url":"","footnotes":"","_tec_slr_enabled":"","_tec_slr_layout":""},"tags":[],"tribe_events_cat":[10,11],"class_list":["post-5455","tribe_events","type-tribe_events","status-publish","has-post-thumbnail","hentry","tribe_events_cat-education","tribe_events_cat-presentiel-education","cat_education","cat_presentiel-education"],"ticketed":false,"_links":{"self":[{"href":"https:\/\/15francoallemandeoccitanie.fr\/de\/wp-json\/wp\/v2\/tribe_events\/5455","targetHints":{"allow":["GET"]}}],"collection":[{"href":"https:\/\/15francoallemandeoccitanie.fr\/de\/wp-json\/wp\/v2\/tribe_events"}],"about":[{"href":"https:\/\/15francoallemandeoccitanie.fr\/de\/wp-json\/wp\/v2\/types\/tribe_events"}],"author":[{"embeddable":true,"href":"https:\/\/15francoallemandeoccitanie.fr\/de\/wp-json\/wp\/v2\/users\/1"}],"version-history":[{"count":1,"href":"https:\/\/15francoallemandeoccitanie.fr\/de\/wp-json\/wp\/v2\/tribe_events\/5455\/revisions"}],"predecessor-version":[{"id":5460,"href":"https:\/\/15francoallemandeoccitanie.fr\/de\/wp-json\/wp\/v2\/tribe_events\/5455\/revisions\/5460"}],"wp:featuredmedia":[{"embeddable":true,"href":"https:\/\/15francoallemandeoccitanie.fr\/de\/wp-json\/wp\/v2\/media\/5456"}],"wp:attachment":[{"href":"https:\/\/15francoallemandeoccitanie.fr\/de\/wp-json\/wp\/v2\/media?parent=5455"}],"wp:term":[{"taxonomy":"post_tag","embeddable":true,"href":"https:\/\/15francoallemandeoccitanie.fr\/de\/wp-json\/wp\/v2\/tags?post=5455"},{"taxonomy":"tribe_events_cat","embeddable":true,"href":"https:\/\/15francoallemandeoccitanie.fr\/de\/wp-json\/wp\/v2\/tribe_events_cat?post=5455"}],"curies":[{"name":"wp","href":"https:\/\/api.w.org\/{rel}","templated":true}]}}