{"id":566,"date":"2022-03-23T14:16:48","date_gmt":"2022-03-23T13:16:48","guid":{"rendered":"https:\/\/15francoallemandeoccitanie.fr\/?post_type=tribe_events&#038;p=566"},"modified":"2022-04-05T15:30:16","modified_gmt":"2022-04-05T13:30:16","slug":"leducation-et-le-bilinguisme-comment-developper-le-bilinguisme-lever-les-freins-et-les-croyances","status":"publish","type":"tribe_events","link":"https:\/\/15francoallemandeoccitanie.fr\/de\/evenement\/leducation-et-le-bilinguisme-comment-developper-le-bilinguisme-lever-les-freins-et-les-croyances\/","title":{"rendered":"L\u2019\u00e9ducation et le bilinguisme\u00a0:  Comment d\u00e9velopper le bilinguisme, lever les freins et les croyances"},"content":{"rendered":"<p>Intervention de Madame Marianne Laclautre, Orthophoniste et Formatrice aupr\u00e8s des professionnels de l&#8217;enfance et de l&#8217;\u00e9ducation chez Ateliers Filliozat Lyon &#8211; Famille EquiLibre pour soutenir le bilinguisme<\/p>\n<p>Comment soutenir l\u2019acquisition des diff\u00e9rentes langues chez son enfant?<br \/>\nEnsemble nous ferons le point sur les m\u00e9thodes d\u2019accompagnement de l&#8217;enfant et les points forts du multiculturalisme.<br \/>\nNous enseignerons les attitudes parentales \u00e0 adopter en famille et les informations \u00e0 transmettre \u00e0 l\u2019entourage familial et scolaire, ainsi que les pi\u00e8ges \u00e0 \u00e9viter pour que chaque enfant puisse \u00eatre soutenu dans son processus d\u2019apprentissage individuel.<\/p>\n<p>&nbsp;<\/p>\n<p><b>Intervenants\u00a0: <\/b><\/p>\n<ul>\n<li>Hilkka Rouland, coach certifi\u00e9e &amp; co-fondatrice de Famille EquiLibre<\/li>\n<li>Silvia Loy Morel, coach certifi\u00e9e SLM<\/li>\n<li>Madame Marianne Laclautre, Orthophoniste et Formatrice aupr\u00e8s des professionnels de l&#8217;enfance et de l&#8217;\u00e9ducation chez Ateliers Filliozat<\/li>\n<\/ul>\n","protected":false},"excerpt":{"rendered":"<p>Intervention de Madame Marianne Laclautre, Orthophoniste et Formatrice aupr\u00e8s des professionnels de l&#8217;enfance et de l&#8217;\u00e9ducation chez Ateliers Filliozat Lyon &#8211; Famille EquiLibre pour soutenir le bilinguisme Comment soutenir l\u2019acquisition [&#8230;]\n","protected":false},"author":1,"featured_media":567,"template":"","meta":{"_price":"","_stock":"","_tribe_ticket_header":"","_tribe_default_ticket_provider":"","_tribe_ticket_capacity":"0","_ticket_start_date":"","_ticket_end_date":"","_tribe_ticket_show_description":"","_tribe_ticket_show_not_going":false,"_tribe_ticket_use_global_stock":"","_tribe_ticket_global_stock_level":"","_global_stock_mode":"","_global_stock_cap":"","_tribe_rsvp_for_event":"","_tribe_ticket_going_count":"","_tribe_ticket_not_going_count":"","_tribe_tickets_list":"[]","_tribe_ticket_has_attendee_info_fields":false,"_tribe_events_status":"","_tribe_events_status_reason":"","_tribe_events_is_hybrid":"","_tribe_events_is_virtual":"","_tribe_events_virtual_video_source":"","_tribe_events_virtual_embed_video":"","_tribe_events_virtual_linked_button_text":"","_tribe_events_virtual_linked_button":"","_tribe_events_virtual_show_embed_at":"","_tribe_events_virtual_show_embed_to":[],"_tribe_events_virtual_show_on_event":"","_tribe_events_virtual_show_on_views":"","_tribe_events_virtual_url":"","footnotes":"","_tec_slr_enabled":"","_tec_slr_layout":""},"tags":[],"tribe_events_cat":[],"class_list":["post-566","tribe_events","type-tribe_events","status-publish","has-post-thumbnail","hentry"],"ticketed":false,"_links":{"self":[{"href":"https:\/\/15francoallemandeoccitanie.fr\/de\/wp-json\/wp\/v2\/tribe_events\/566","targetHints":{"allow":["GET"]}}],"collection":[{"href":"https:\/\/15francoallemandeoccitanie.fr\/de\/wp-json\/wp\/v2\/tribe_events"}],"about":[{"href":"https:\/\/15francoallemandeoccitanie.fr\/de\/wp-json\/wp\/v2\/types\/tribe_events"}],"author":[{"embeddable":true,"href":"https:\/\/15francoallemandeoccitanie.fr\/de\/wp-json\/wp\/v2\/users\/1"}],"version-history":[{"count":2,"href":"https:\/\/15francoallemandeoccitanie.fr\/de\/wp-json\/wp\/v2\/tribe_events\/566\/revisions"}],"predecessor-version":[{"id":569,"href":"https:\/\/15francoallemandeoccitanie.fr\/de\/wp-json\/wp\/v2\/tribe_events\/566\/revisions\/569"}],"wp:featuredmedia":[{"embeddable":true,"href":"https:\/\/15francoallemandeoccitanie.fr\/de\/wp-json\/wp\/v2\/media\/567"}],"wp:attachment":[{"href":"https:\/\/15francoallemandeoccitanie.fr\/de\/wp-json\/wp\/v2\/media?parent=566"}],"wp:term":[{"taxonomy":"post_tag","embeddable":true,"href":"https:\/\/15francoallemandeoccitanie.fr\/de\/wp-json\/wp\/v2\/tags?post=566"},{"taxonomy":"tribe_events_cat","embeddable":true,"href":"https:\/\/15francoallemandeoccitanie.fr\/de\/wp-json\/wp\/v2\/tribe_events_cat?post=566"}],"curies":[{"name":"wp","href":"https:\/\/api.w.org\/{rel}","templated":true}]}}